{"id":470,"date":"2024-02-28T18:33:57","date_gmt":"2024-02-28T18:33:57","guid":{"rendered":"https:\/\/sitesa.com.br\/projetos\/modelos-wp\/2025\/mod15\/?page_id=470"},"modified":"2025-08-21T13:02:09","modified_gmt":"2025-08-21T13:02:09","slug":"links-uteis","status":"publish","type":"page","link":"https:\/\/sitesa.com.br\/projetos\/modelos-wp\/2025\/mod15\/links-uteis\/","title":{"rendered":"Links \u00dateis"},"content":{"rendered":"\t\t<div data-elementor-type=\"wp-page\" data-elementor-id=\"470\" class=\"elementor elementor-470\" data-elementor-post-type=\"page\">\n\t\t\t\t<div data-particle_enable=\"false\" data-particle-mobile-disabled=\"false\" class=\"elementor-element elementor-element-1278a21 e-flex e-con-boxed e-con e-parent\" data-id=\"1278a21\" data-element_type=\"container\" data-settings=\"{&quot;background_background&quot;:&quot;classic&quot;,&quot;shape_divider_bottom&quot;:&quot;curve&quot;,&quot;content_width&quot;:&quot;boxed&quot;,&quot;_ha_eqh_enable&quot;:false}\" data-core-v316-plus=\"true\">\n\t\t\t\t\t<div class=\"e-con-inner\">\n\t\t\t\t<div class=\"elementor-shape elementor-shape-bottom\" data-negative=\"false\">\n\t\t\t<svg xmlns=\"http:\/\/www.w3.org\/2000\/svg\" viewBox=\"0 0 1000 100\" preserveAspectRatio=\"none\">\n    <path class=\"elementor-shape-fill\" d=\"M1000,4.3V0H0v4.3C0.9,23.1,126.7,99.2,500,100S1000,22.7,1000,4.3z\"\/>\n<\/svg>\t\t<\/div>\n\t\t<div data-particle_enable=\"false\" data-particle-mobile-disabled=\"false\" class=\"elementor-element elementor-element-19245c6 e-con-full e-flex e-con e-child\" data-id=\"19245c6\" data-element_type=\"container\" data-settings=\"{&quot;content_width&quot;:&quot;full&quot;,&quot;_ha_eqh_enable&quot;:false}\">\n\t\t\t\t<div class=\"elementor-element elementor-element-cdadaf8 elementor-widget__width-inherit elementor-invisible elementor-widget elementor-widget-heading\" data-id=\"cdadaf8\" data-element_type=\"widget\" data-settings=\"{&quot;_animation&quot;:&quot;fadeInLeft&quot;}\" data-widget_type=\"heading.default\">\n\t\t\t\t<div class=\"elementor-widget-container\">\n\t\t\t<style>\/*! elementor - v3.19.0 - 26-02-2024 *\/\n.elementor-heading-title{padding:0;margin:0;line-height:1}.elementor-widget-heading .elementor-heading-title[class*=elementor-size-]>a{color:inherit;font-size:inherit;line-height:inherit}.elementor-widget-heading .elementor-heading-title.elementor-size-small{font-size:15px}.elementor-widget-heading .elementor-heading-title.elementor-size-medium{font-size:19px}.elementor-widget-heading .elementor-heading-title.elementor-size-large{font-size:29px}.elementor-widget-heading .elementor-heading-title.elementor-size-xl{font-size:39px}.elementor-widget-heading .elementor-heading-title.elementor-size-xxl{font-size:59px}<\/style><h1 class=\"elementor-heading-title elementor-size-default\">Tudo o que voc\u00ea precisa, a um clique de dist\u00e2ncia<\/h1>\t\t<\/div>\n\t\t\t\t<\/div>\n\t\t\t\t<\/div>\n\t\t<div data-particle_enable=\"false\" data-particle-mobile-disabled=\"false\" class=\"elementor-element elementor-element-1f4729a e-con-full e-flex elementor-invisible e-con e-child\" data-id=\"1f4729a\" data-element_type=\"container\" data-settings=\"{&quot;content_width&quot;:&quot;full&quot;,&quot;animation&quot;:&quot;fadeInRight&quot;,&quot;_ha_eqh_enable&quot;:false}\">\n\t\t\t\t<div class=\"elementor-element elementor-element-620b1f9 elementor-widget elementor-widget-image\" data-id=\"620b1f9\" data-element_type=\"widget\" data-widget_type=\"image.default\">\n\t\t\t\t<div class=\"elementor-widget-container\">\n\t\t\t<style>\/*! elementor - v3.19.0 - 26-02-2024 *\/\n.elementor-widget-image{text-align:center}.elementor-widget-image a{display:inline-block}.elementor-widget-image a img[src$=\".svg\"]{width:48px}.elementor-widget-image img{vertical-align:middle;display:inline-block}<\/style>\t\t\t\t\t\t\t\t\t\t<img fetchpriority=\"high\" decoding=\"async\" width=\"2560\" height=\"1707\" src=\"https:\/\/sitesa.com.br\/projetos\/modelos-wp\/2025\/mod15\/wp-content\/uploads\/2025\/08\/worker-reading-news-with-tablet-scaled.webp\" class=\"attachment-full size-full wp-image-738\" alt=\"\" srcset=\"https:\/\/sitesa.com.br\/projetos\/modelos-wp\/2025\/mod15\/wp-content\/uploads\/2025\/08\/worker-reading-news-with-tablet-scaled.webp 2560w, https:\/\/sitesa.com.br\/projetos\/modelos-wp\/2025\/mod15\/wp-content\/uploads\/2025\/08\/worker-reading-news-with-tablet-300x200.webp 300w, https:\/\/sitesa.com.br\/projetos\/modelos-wp\/2025\/mod15\/wp-content\/uploads\/2025\/08\/worker-reading-news-with-tablet-1024x683.webp 1024w, https:\/\/sitesa.com.br\/projetos\/modelos-wp\/2025\/mod15\/wp-content\/uploads\/2025\/08\/worker-reading-news-with-tablet-768x512.webp 768w, https:\/\/sitesa.com.br\/projetos\/modelos-wp\/2025\/mod15\/wp-content\/uploads\/2025\/08\/worker-reading-news-with-tablet-1536x1024.webp 1536w, https:\/\/sitesa.com.br\/projetos\/modelos-wp\/2025\/mod15\/wp-content\/uploads\/2025\/08\/worker-reading-news-with-tablet-2048x1365.webp 2048w\" sizes=\"(max-width: 2560px) 100vw, 2560px\" \/>\t\t\t\t\t\t\t\t\t\t\t\t\t<\/div>\n\t\t\t\t<\/div>\n\t\t\t\t<\/div>\n\t\t\t\t\t<\/div>\n\t\t\t\t<\/div>\n\t\t<div data-particle_enable=\"false\" data-particle-mobile-disabled=\"false\" class=\"elementor-element elementor-element-d8e661d e-con-full e-flex e-con e-parent\" data-id=\"d8e661d\" data-element_type=\"container\" data-settings=\"{&quot;content_width&quot;:&quot;full&quot;,&quot;_ha_eqh_enable&quot;:false}\" data-core-v316-plus=\"true\">\n\t\t\t\t<div class=\"elementor-element elementor-element-51e903a ha-align-center ha-align-left ha-layout-inline elementor-invisible elementor-widget elementor-widget-ha-advanced-heading happy-addon ha-advanced-heading happy-addon-pro\" data-id=\"51e903a\" data-element_type=\"widget\" data-settings=\"{&quot;_animation&quot;:&quot;fadeInUp&quot;}\" data-widget_type=\"ha-advanced-heading.default\">\n\t\t\t\t<div class=\"elementor-widget-container\">\n\t\t\t\n\t\t<h2 class=\"ha-advanced-heading-tag\">\n\t\t\t\t\t\t<div class=\"ha-advanced-heading-wrap\" data-background-text=\"\">\n\t\t\t\t<span class=\"ha-advanced-heading-before\">Links \u00dateis para<\/span>\n\t\t\t\t<span class=\"ha-advanced-heading-center\">facilitar<\/span>\n\t\t\t\t<span class=\"ha-advanced-heading-after\">sua vida<\/span>\n\t\t\t\t<span class=\"ha-advanced-heading-border\"><\/span>\n\t\t\t<\/div>\n\t\t\t\t\t<\/h2>\n\n\t\t\t\t<\/div>\n\t\t\t\t<\/div>\n\t\t\t\t<div class=\"elementor-element elementor-element-032218d elementor-invisible elementor-widget elementor-widget-image-box\" data-id=\"032218d\" data-element_type=\"widget\" data-settings=\"{&quot;_animation&quot;:&quot;fadeInUp&quot;}\" data-widget_type=\"image-box.default\">\n\t\t\t\t<div class=\"elementor-widget-container\">\n\t\t\t<style>\/*! elementor - v3.19.0 - 26-02-2024 *\/\n.elementor-widget-image-box .elementor-image-box-content{width:100%}@media (min-width:768px){.elementor-widget-image-box.elementor-position-left .elementor-image-box-wrapper,.elementor-widget-image-box.elementor-position-right .elementor-image-box-wrapper{display:flex}.elementor-widget-image-box.elementor-position-right .elementor-image-box-wrapper{text-align:right;flex-direction:row-reverse}.elementor-widget-image-box.elementor-position-left .elementor-image-box-wrapper{text-align:left;flex-direction:row}.elementor-widget-image-box.elementor-position-top .elementor-image-box-img{margin:auto}.elementor-widget-image-box.elementor-vertical-align-top .elementor-image-box-wrapper{align-items:flex-start}.elementor-widget-image-box.elementor-vertical-align-middle .elementor-image-box-wrapper{align-items:center}.elementor-widget-image-box.elementor-vertical-align-bottom .elementor-image-box-wrapper{align-items:flex-end}}@media (max-width:767px){.elementor-widget-image-box .elementor-image-box-img{margin-left:auto!important;margin-right:auto!important;margin-bottom:15px}}.elementor-widget-image-box .elementor-image-box-img{display:inline-block}.elementor-widget-image-box .elementor-image-box-title a{color:inherit}.elementor-widget-image-box .elementor-image-box-wrapper{text-align:center}.elementor-widget-image-box .elementor-image-box-description{margin:0}<\/style><div class=\"elementor-image-box-wrapper\"><div class=\"elementor-image-box-content\"><p class=\"elementor-image-box-description\">Reunimos em um s\u00f3 lugar os principais sites e ferramentas que voc\u00ea precisa para manter sua empresa em dia. \u00c9 r\u00e1pido, pr\u00e1tico e pensado para poupar o seu tempo \u2014 assim voc\u00ea encontra as informa\u00e7\u00f5es certas sem perder o foco no que realmente importa: o crescimento do seu neg\u00f3cio.<\/p><\/div><\/div>\t\t<\/div>\n\t\t\t\t<\/div>\n\t\t<div data-particle_enable=\"false\" data-particle-mobile-disabled=\"false\" class=\"elementor-element elementor-element-698b596 e-con-full e-flex e-con e-child\" data-id=\"698b596\" data-element_type=\"container\" data-settings=\"{&quot;content_width&quot;:&quot;full&quot;,&quot;_ha_eqh_enable&quot;:false}\">\n\t\t<div data-particle_enable=\"false\" data-particle-mobile-disabled=\"false\" class=\"elementor-element elementor-element-917f87f e-con-full e-flex elementor-invisible e-con e-child\" data-id=\"917f87f\" data-element_type=\"container\" data-settings=\"{&quot;content_width&quot;:&quot;full&quot;,&quot;animation&quot;:&quot;fadeInLeft&quot;,&quot;_ha_eqh_enable&quot;:false}\">\n\t\t\t\t<div class=\"elementor-element elementor-element-4f21e96 elementor-align-left elementor-widget elementor-widget-button\" data-id=\"4f21e96\" data-element_type=\"widget\" data-widget_type=\"button.default\">\n\t\t\t\t<div class=\"elementor-widget-container\">\n\t\t\t\t\t<div class=\"elementor-button-wrapper\">\n\t\t\t<a class=\"elementor-button elementor-button-link elementor-size-sm\" href=\"#\">\n\t\t\t\t\t\t<span class=\"elementor-button-content-wrapper\">\n\t\t\t\t\t\t<span class=\"elementor-button-text\">Agenda de Obriga\u00e7\u00f5es<\/span>\n\t\t<\/span>\n\t\t\t\t\t<\/a>\n\t\t<\/div>\n\t\t\t\t<\/div>\n\t\t\t\t<\/div>\n\t\t\t\t<div class=\"elementor-element elementor-element-5ea33f2 elementor-align-left elementor-widget elementor-widget-button\" data-id=\"5ea33f2\" data-element_type=\"widget\" data-widget_type=\"button.default\">\n\t\t\t\t<div class=\"elementor-widget-container\">\n\t\t\t\t\t<div class=\"elementor-button-wrapper\">\n\t\t\t<a class=\"elementor-button elementor-button-link elementor-size-sm\" href=\"#\">\n\t\t\t\t\t\t<span class=\"elementor-button-content-wrapper\">\n\t\t\t\t\t\t<span class=\"elementor-button-text\">Bolsas & Institui\u00e7\u00f5es Financeiras<\/span>\n\t\t<\/span>\n\t\t\t\t\t<\/a>\n\t\t<\/div>\n\t\t\t\t<\/div>\n\t\t\t\t<\/div>\n\t\t\t\t<div class=\"elementor-element elementor-element-400e3e1 elementor-align-left elementor-widget elementor-widget-button\" data-id=\"400e3e1\" data-element_type=\"widget\" data-widget_type=\"button.default\">\n\t\t\t\t<div class=\"elementor-widget-container\">\n\t\t\t\t\t<div class=\"elementor-button-wrapper\">\n\t\t\t<a class=\"elementor-button elementor-button-link elementor-size-sm\" href=\"#\">\n\t\t\t\t\t\t<span class=\"elementor-button-content-wrapper\">\n\t\t\t\t\t\t<span class=\"elementor-button-text\">Central de Downloads<\/span>\n\t\t<\/span>\n\t\t\t\t\t<\/a>\n\t\t<\/div>\n\t\t\t\t<\/div>\n\t\t\t\t<\/div>\n\t\t\t\t<div class=\"elementor-element elementor-element-bf33c20 elementor-align-left elementor-widget elementor-widget-button\" data-id=\"bf33c20\" data-element_type=\"widget\" data-widget_type=\"button.default\">\n\t\t\t\t<div class=\"elementor-widget-container\">\n\t\t\t\t\t<div class=\"elementor-button-wrapper\">\n\t\t\t<a class=\"elementor-button elementor-button-link elementor-size-sm\" href=\"#\">\n\t\t\t\t\t\t<span class=\"elementor-button-content-wrapper\">\n\t\t\t\t\t\t<span class=\"elementor-button-text\">Documentos Cont\u00e1beis<\/span>\n\t\t<\/span>\n\t\t\t\t\t<\/a>\n\t\t<\/div>\n\t\t\t\t<\/div>\n\t\t\t\t<\/div>\n\t\t\t\t<div class=\"elementor-element elementor-element-89d0511 elementor-align-left elementor-widget elementor-widget-button\" data-id=\"89d0511\" data-element_type=\"widget\" data-widget_type=\"button.default\">\n\t\t\t\t<div class=\"elementor-widget-container\">\n\t\t\t\t\t<div class=\"elementor-button-wrapper\">\n\t\t\t<a class=\"elementor-button elementor-button-link elementor-size-sm\" href=\"#\">\n\t\t\t\t\t\t<span class=\"elementor-button-content-wrapper\">\n\t\t\t\t\t\t<span class=\"elementor-button-text\">Indicadores Econ\u00f4micos<\/span>\n\t\t<\/span>\n\t\t\t\t\t<\/a>\n\t\t<\/div>\n\t\t\t\t<\/div>\n\t\t\t\t<\/div>\n\t\t\t\t<div class=\"elementor-element elementor-element-ad73f57 elementor-align-left elementor-widget elementor-widget-button\" data-id=\"ad73f57\" data-element_type=\"widget\" data-widget_type=\"button.default\">\n\t\t\t\t<div class=\"elementor-widget-container\">\n\t\t\t\t\t<div class=\"elementor-button-wrapper\">\n\t\t\t<a class=\"elementor-button elementor-button-link elementor-size-sm\" href=\"#\">\n\t\t\t\t\t\t<span class=\"elementor-button-content-wrapper\">\n\t\t\t\t\t\t<span class=\"elementor-button-text\">Links Cont\u00e1beis<\/span>\n\t\t<\/span>\n\t\t\t\t\t<\/a>\n\t\t<\/div>\n\t\t\t\t<\/div>\n\t\t\t\t<\/div>\n\t\t\t\t<div class=\"elementor-element elementor-element-1a9d17a elementor-align-left elementor-widget elementor-widget-button\" data-id=\"1a9d17a\" data-element_type=\"widget\" data-widget_type=\"button.default\">\n\t\t\t\t<div class=\"elementor-widget-container\">\n\t\t\t\t\t<div class=\"elementor-button-wrapper\">\n\t\t\t<a class=\"elementor-button elementor-button-link elementor-size-sm\" href=\"#\">\n\t\t\t\t\t\t<span class=\"elementor-button-content-wrapper\">\n\t\t\t\t\t\t<span class=\"elementor-button-text\">Sindicatos pelo Brasil<\/span>\n\t\t<\/span>\n\t\t\t\t\t<\/a>\n\t\t<\/div>\n\t\t\t\t<\/div>\n\t\t\t\t<\/div>\n\t\t\t\t<div class=\"elementor-element elementor-element-58722b0 elementor-align-left elementor-widget elementor-widget-button\" data-id=\"58722b0\" data-element_type=\"widget\" data-widget_type=\"button.default\">\n\t\t\t\t<div class=\"elementor-widget-container\">\n\t\t\t\t\t<div class=\"elementor-button-wrapper\">\n\t\t\t<a class=\"elementor-button elementor-button-link elementor-size-sm\" href=\"#\">\n\t\t\t\t\t\t<span class=\"elementor-button-content-wrapper\">\n\t\t\t\t\t\t<span class=\"elementor-button-text\">Ambiente Fiscal<\/span>\n\t\t<\/span>\n\t\t\t\t\t<\/a>\n\t\t<\/div>\n\t\t\t\t<\/div>\n\t\t\t\t<\/div>\n\t\t\t\t<div class=\"elementor-element elementor-element-e4baab6 elementor-align-left elementor-widget elementor-widget-button\" data-id=\"e4baab6\" data-element_type=\"widget\" data-widget_type=\"button.default\">\n\t\t\t\t<div class=\"elementor-widget-container\">\n\t\t\t\t\t<div class=\"elementor-button-wrapper\">\n\t\t\t<a class=\"elementor-button elementor-button-link elementor-size-sm\" href=\"#\">\n\t\t\t\t\t\t<span class=\"elementor-button-content-wrapper\">\n\t\t\t\t\t\t<span class=\"elementor-button-text\">C\u00e1lculos em Atraso<\/span>\n\t\t<\/span>\n\t\t\t\t\t<\/a>\n\t\t<\/div>\n\t\t\t\t<\/div>\n\t\t\t\t<\/div>\n\t\t\t\t<div class=\"elementor-element elementor-element-a17ae78 elementor-align-left elementor-widget elementor-widget-button\" data-id=\"a17ae78\" data-element_type=\"widget\" data-widget_type=\"button.default\">\n\t\t\t\t<div class=\"elementor-widget-container\">\n\t\t\t\t\t<div class=\"elementor-button-wrapper\">\n\t\t\t<a class=\"elementor-button elementor-button-link elementor-size-sm\" href=\"#\">\n\t\t\t\t\t\t<span class=\"elementor-button-content-wrapper\">\n\t\t\t\t\t\t<span class=\"elementor-button-text\">Consultas e Certid\u00f5es<\/span>\n\t\t<\/span>\n\t\t\t\t\t<\/a>\n\t\t<\/div>\n\t\t\t\t<\/div>\n\t\t\t\t<\/div>\n\t\t\t\t<div class=\"elementor-element elementor-element-6116ba4 elementor-align-left elementor-widget elementor-widget-button\" data-id=\"6116ba4\" data-element_type=\"widget\" data-widget_type=\"button.default\">\n\t\t\t\t<div class=\"elementor-widget-container\">\n\t\t\t\t\t<div class=\"elementor-button-wrapper\">\n\t\t\t<a class=\"elementor-button elementor-button-link elementor-size-sm\" href=\"#\">\n\t\t\t\t\t\t<span class=\"elementor-button-content-wrapper\">\n\t\t\t\t\t\t<span class=\"elementor-button-text\">Eventos e Palestras<\/span>\n\t\t<\/span>\n\t\t\t\t\t<\/a>\n\t\t<\/div>\n\t\t\t\t<\/div>\n\t\t\t\t<\/div>\n\t\t\t\t<\/div>\n\t\t<div data-particle_enable=\"false\" data-particle-mobile-disabled=\"false\" class=\"elementor-element elementor-element-6ce965a e-con-full e-flex elementor-invisible e-con e-child\" data-id=\"6ce965a\" data-element_type=\"container\" data-settings=\"{&quot;content_width&quot;:&quot;full&quot;,&quot;animation&quot;:&quot;fadeInRight&quot;,&quot;_ha_eqh_enable&quot;:false}\">\n\t\t\t\t<div class=\"elementor-element elementor-element-0b373cc elementor-align-left elementor-widget elementor-widget-button\" data-id=\"0b373cc\" data-element_type=\"widget\" data-widget_type=\"button.default\">\n\t\t\t\t<div class=\"elementor-widget-container\">\n\t\t\t\t\t<div class=\"elementor-button-wrapper\">\n\t\t\t<a class=\"elementor-button elementor-button-link elementor-size-sm\" href=\"#\">\n\t\t\t\t\t\t<span class=\"elementor-button-content-wrapper\">\n\t\t\t\t\t\t<span class=\"elementor-button-text\">Jornais<\/span>\n\t\t<\/span>\n\t\t\t\t\t<\/a>\n\t\t<\/div>\n\t\t\t\t<\/div>\n\t\t\t\t<\/div>\n\t\t\t\t<div class=\"elementor-element elementor-element-e79e3f9 elementor-align-left elementor-widget elementor-widget-button\" data-id=\"e79e3f9\" data-element_type=\"widget\" data-widget_type=\"button.default\">\n\t\t\t\t<div class=\"elementor-widget-container\">\n\t\t\t\t\t<div class=\"elementor-button-wrapper\">\n\t\t\t<a class=\"elementor-button elementor-button-link elementor-size-sm\" href=\"#\">\n\t\t\t\t\t\t<span class=\"elementor-button-content-wrapper\">\n\t\t\t\t\t\t<span class=\"elementor-button-text\">Manual de Emiss\u00e3o de Notas Fiscais<\/span>\n\t\t<\/span>\n\t\t\t\t\t<\/a>\n\t\t<\/div>\n\t\t\t\t<\/div>\n\t\t\t\t<\/div>\n\t\t\t\t<div class=\"elementor-element elementor-element-ffb3b0f elementor-align-left elementor-widget elementor-widget-button\" data-id=\"ffb3b0f\" data-element_type=\"widget\" data-widget_type=\"button.default\">\n\t\t\t\t<div class=\"elementor-widget-container\">\n\t\t\t\t\t<div class=\"elementor-button-wrapper\">\n\t\t\t<a class=\"elementor-button elementor-button-link elementor-size-sm\" href=\"#\">\n\t\t\t\t\t\t<span class=\"elementor-button-content-wrapper\">\n\t\t\t\t\t\t<span class=\"elementor-button-text\">Regulamentos<\/span>\n\t\t<\/span>\n\t\t\t\t\t<\/a>\n\t\t<\/div>\n\t\t\t\t<\/div>\n\t\t\t\t<\/div>\n\t\t\t\t<div class=\"elementor-element elementor-element-2e03ae6 elementor-align-left elementor-widget elementor-widget-button\" data-id=\"2e03ae6\" data-element_type=\"widget\" data-widget_type=\"button.default\">\n\t\t\t\t<div class=\"elementor-widget-container\">\n\t\t\t\t\t<div class=\"elementor-button-wrapper\">\n\t\t\t<a class=\"elementor-button elementor-button-link elementor-size-sm\" href=\"#\">\n\t\t\t\t\t\t<span class=\"elementor-button-content-wrapper\">\n\t\t\t\t\t\t<span class=\"elementor-button-text\">Tabelas Pr\u00e1ticas<\/span>\n\t\t<\/span>\n\t\t\t\t\t<\/a>\n\t\t<\/div>\n\t\t\t\t<\/div>\n\t\t\t\t<\/div>\n\t\t\t\t<div class=\"elementor-element elementor-element-8e1db8b elementor-align-left elementor-widget elementor-widget-button\" data-id=\"8e1db8b\" data-element_type=\"widget\" data-widget_type=\"button.default\">\n\t\t\t\t<div class=\"elementor-widget-container\">\n\t\t\t\t\t<div class=\"elementor-button-wrapper\">\n\t\t\t<a class=\"elementor-button elementor-button-link elementor-size-sm\" href=\"#\">\n\t\t\t\t\t\t<span class=\"elementor-button-content-wrapper\">\n\t\t\t\t\t\t<span class=\"elementor-button-text\">Ambiente Trabalhista<\/span>\n\t\t<\/span>\n\t\t\t\t\t<\/a>\n\t\t<\/div>\n\t\t\t\t<\/div>\n\t\t\t\t<\/div>\n\t\t\t\t<div class=\"elementor-element elementor-element-4af6edd elementor-align-left elementor-widget elementor-widget-button\" data-id=\"4af6edd\" data-element_type=\"widget\" data-widget_type=\"button.default\">\n\t\t\t\t<div class=\"elementor-widget-container\">\n\t\t\t\t\t<div class=\"elementor-button-wrapper\">\n\t\t\t<a class=\"elementor-button elementor-button-link elementor-size-sm\" href=\"#\">\n\t\t\t\t\t\t<span class=\"elementor-button-content-wrapper\">\n\t\t\t\t\t\t<span class=\"elementor-button-text\">Cart\u00f3rios 24h<\/span>\n\t\t<\/span>\n\t\t\t\t\t<\/a>\n\t\t<\/div>\n\t\t\t\t<\/div>\n\t\t\t\t<\/div>\n\t\t\t\t<div class=\"elementor-element elementor-element-c4248c0 elementor-align-left elementor-widget elementor-widget-button\" data-id=\"c4248c0\" data-element_type=\"widget\" data-widget_type=\"button.default\">\n\t\t\t\t<div class=\"elementor-widget-container\">\n\t\t\t\t\t<div class=\"elementor-button-wrapper\">\n\t\t\t<a class=\"elementor-button elementor-button-link elementor-size-sm\" href=\"#\">\n\t\t\t\t\t\t<span class=\"elementor-button-content-wrapper\">\n\t\t\t\t\t\t<span class=\"elementor-button-text\">CRC's e SESCON's<\/span>\n\t\t<\/span>\n\t\t\t\t\t<\/a>\n\t\t<\/div>\n\t\t\t\t<\/div>\n\t\t\t\t<\/div>\n\t\t\t\t<div class=\"elementor-element elementor-element-9149c43 elementor-align-left elementor-widget elementor-widget-button\" data-id=\"9149c43\" data-element_type=\"widget\" data-widget_type=\"button.default\">\n\t\t\t\t<div class=\"elementor-widget-container\">\n\t\t\t\t\t<div class=\"elementor-button-wrapper\">\n\t\t\t<a class=\"elementor-button elementor-button-link elementor-size-sm\" href=\"#\">\n\t\t\t\t\t\t<span class=\"elementor-button-content-wrapper\">\n\t\t\t\t\t\t<span class=\"elementor-button-text\">Gerador Online (GPS, DARF)<\/span>\n\t\t<\/span>\n\t\t\t\t\t<\/a>\n\t\t<\/div>\n\t\t\t\t<\/div>\n\t\t\t\t<\/div>\n\t\t\t\t<div class=\"elementor-element elementor-element-9cbdb1f elementor-align-left elementor-widget elementor-widget-button\" data-id=\"9cbdb1f\" data-element_type=\"widget\" data-widget_type=\"button.default\">\n\t\t\t\t<div class=\"elementor-widget-container\">\n\t\t\t\t\t<div class=\"elementor-button-wrapper\">\n\t\t\t<a class=\"elementor-button elementor-button-link elementor-size-sm\" href=\"#\">\n\t\t\t\t\t\t<span class=\"elementor-button-content-wrapper\">\n\t\t\t\t\t\t<span class=\"elementor-button-text\">Legisla\u00e7\u00e3o por Assunto<\/span>\n\t\t<\/span>\n\t\t\t\t\t<\/a>\n\t\t<\/div>\n\t\t\t\t<\/div>\n\t\t\t\t<\/div>\n\t\t\t\t<div class=\"elementor-element elementor-element-4c5e2db elementor-align-left elementor-widget elementor-widget-button\" data-id=\"4c5e2db\" data-element_type=\"widget\" data-widget_type=\"button.default\">\n\t\t\t\t<div class=\"elementor-widget-container\">\n\t\t\t\t\t<div class=\"elementor-button-wrapper\">\n\t\t\t<a class=\"elementor-button elementor-button-link elementor-size-sm\" href=\"#\">\n\t\t\t\t\t\t<span class=\"elementor-button-content-wrapper\">\n\t\t\t\t\t\t<span class=\"elementor-button-text\">Modelos de Contratos e Peti\u00e7\u00f5es<\/span>\n\t\t<\/span>\n\t\t\t\t\t<\/a>\n\t\t<\/div>\n\t\t\t\t<\/div>\n\t\t\t\t<\/div>\n\t\t\t\t<div class=\"elementor-element elementor-element-6390896 elementor-align-left elementor-widget elementor-widget-button\" data-id=\"6390896\" data-element_type=\"widget\" data-widget_type=\"button.default\">\n\t\t\t\t<div class=\"elementor-widget-container\">\n\t\t\t\t\t<div class=\"elementor-button-wrapper\">\n\t\t\t<a class=\"elementor-button elementor-button-link elementor-size-sm\" href=\"#\">\n\t\t\t\t\t\t<span class=\"elementor-button-content-wrapper\">\n\t\t\t\t\t\t<span class=\"elementor-button-text\">Siglas e Nomenclaturas<\/span>\n\t\t<\/span>\n\t\t\t\t\t<\/a>\n\t\t<\/div>\n\t\t\t\t<\/div>\n\t\t\t\t<\/div>\n\t\t\t\t<\/div>\n\t\t\t\t<\/div>\n\t\t\t\t<\/div>\n\t\t<div data-particle_enable=\"false\" data-particle-mobile-disabled=\"false\" class=\"elementor-element elementor-element-9ede350 e-con-full e-flex e-con e-parent\" data-id=\"9ede350\" data-element_type=\"container\" data-settings=\"{&quot;content_width&quot;:&quot;full&quot;,&quot;_ha_eqh_enable&quot;:false}\" data-core-v316-plus=\"true\">\n\t\t<div data-particle_enable=\"false\" data-particle-mobile-disabled=\"false\" class=\"elementor-element elementor-element-2baae15 e-con-full e-flex e-con e-child\" data-id=\"2baae15\" data-element_type=\"container\" data-settings=\"{&quot;content_width&quot;:&quot;full&quot;,&quot;background_background&quot;:&quot;classic&quot;,&quot;_ha_eqh_enable&quot;:false}\">\n\t\t<div data-particle_enable=\"false\" data-particle-mobile-disabled=\"false\" class=\"elementor-element elementor-element-4471a34 e-flex e-con-boxed e-con e-child\" data-id=\"4471a34\" data-element_type=\"container\" data-settings=\"{&quot;content_width&quot;:&quot;boxed&quot;,&quot;_ha_eqh_enable&quot;:false}\">\n\t\t\t\t\t<div class=\"e-con-inner\">\n\t\t\t\t<div class=\"elementor-element elementor-element-4066633 elementor-widget elementor-widget-shortcode\" data-id=\"4066633\" data-element_type=\"widget\" data-widget_type=\"shortcode.default\">\n\t\t\t\t<div class=\"elementor-widget-container\">\n\t\t\t\t\t<div class=\"elementor-shortcode\">\n\n<!-- CJT Shortcode Block (5) - imposto-do-dia - START -->\n\n\t\t\t\t\t\t<span id='csmi-0e1dae6a6f554cb5fee177e890616aba' class='csmi csmi-bid-5 csmi-imposto-do-dia'>\n\t\t\t\t\t\t\t\ufeff<div id=\"Imposto\">\n\t\n    \n\n    <div>00\/00\/ - 3&ordf; Feira<\/div><br \/>\n\n\n\n    <div><\/div>\n<\/div>\n\n\n\t\t\t\t\t\t<\/span>\n\n\t\t\t\t\t<!-- CJT Shortcode Block (5) - imposto-do-dia - END -->\n\n<\/div>\n\t\t\t\t<\/div>\n\t\t\t\t<\/div>\n\t\t\t\t\t<\/div>\n\t\t\t\t<\/div>\n\t\t<div data-particle_enable=\"false\" data-particle-mobile-disabled=\"false\" class=\"elementor-element elementor-element-6ced295 e-con-full e-flex e-con e-child\" data-id=\"6ced295\" data-element_type=\"container\" data-settings=\"{&quot;content_width&quot;:&quot;full&quot;,&quot;background_background&quot;:&quot;classic&quot;,&quot;_ha_eqh_enable&quot;:false}\">\n\t\t\t\t<div class=\"elementor-element elementor-element-c8d2a68 elementor-widget elementor-widget-shortcode\" data-id=\"c8d2a68\" data-element_type=\"widget\" data-widget_type=\"shortcode.default\">\n\t\t\t\t<div class=\"elementor-widget-container\">\n\t\t\t\t\t<div class=\"elementor-shortcode\">\n\n<!-- CJT Shortcode Block (1) - noticias-empresariais - START -->\n\n\t\t\t\t\t\t<span id='csmi-6db4ca3f799abfc5b2fe56a758e52be3' class='csmi csmi-bid-1 csmi-noticias-empresariais'>\n\t\t\t\t\t\t\t<link rel=\"stylesheet\" href=\"https:\/\/cdnjs.cloudflare.com\/ajax\/libs\/fancybox\/3.0.47\/jquery.fancybox.min.css\" \/>\n<script src=\"https:\/\/cdnjs.cloudflare.com\/ajax\/libs\/fancybox\/3.0.47\/jquery.fancybox.min.js\"><\/script>\n<div>27\/04\/2026 - <a data-fancybox data-src=\"#news12151\" href=\"javascript:;\" class=\"tool\" title=\"Especialistas veem IA como essencial para enxugar volume de processos\">Especialistas veem IA como essencial para enxugar volume de processos...<\/a><\/div> \n\t\t\t<div id=\"news12151\" style=\"display:none; position:relative; width:80%!important;  border-radius:5px; max-height:450px; overflow:auto; color:z-index:100000;\">\n\t\t\t\t<h2>Especialistas veem IA como essencial para enxugar volume de processos<\/h2><br \/><br \/>\n\t\t\t\t<p>A ado\u00e7\u00e3o de ferramentas de intelig\u00eancia artificial deixou de ser uma op\u00e7\u00e3o e se tornou essencial para garantir a sobreviv\u00eancia do sistema de Justi\u00e7a diante do imenso volume de a\u00e7\u00f5es em andamento no Brasil. Essa foi uma das principais considera\u00e7\u00f5es do IAJus 2026 (Encontro de Integra\u00e7\u00e3o em Intelig\u00eancia Artificial do Judici\u00e1rio), promovido pelo Conselho Nacional de Justi\u00e7a na sexta-feira (24\/4), em Bras\u00edlia.<div><br><\/div><div>O evento reuniu especialistas, magistrados e advogados para debater o compartilhamento de solu\u00e7\u00f5es tecnol\u00f3gicas entre os tribunais. Parte dos expositores defendeu a tese de que a inova\u00e7\u00e3o tecnol\u00f3gica \u00e9 a \u00fanica via poss\u00edvel para dar vaz\u00e3o aos mais de 80 milh\u00f5es de processos em tramita\u00e7\u00e3o no pa\u00eds, garantindo celeridade e efici\u00eancia na presta\u00e7\u00e3o jurisdicional.<\/div><div><br><\/div><div>R\u00f4mulo Serpa \/ CNJ<\/div><div>Especialistas veem IA como inevit\u00e1vel, mas ressaltam necessidade de controle humano<\/div><div><br><\/div><div>O desembargador Lu\u00eds Ot\u00e1vio Saboia Ribeiro, do Tribunal de Justi\u00e7a do Estado de Mato Grosso, destacou a despropor\u00e7\u00e3o entre a estrutura estatal e a demanda social. O magistrado apontou que, com apenas 18 mil ju\u00edzes em atua\u00e7\u00e3o para lidar com um volume de litigantes superior \u00e0 pr\u00f3pria popula\u00e7\u00e3o do pa\u00eds, o uso da tecnologia deixou de ser uma conveni\u00eancia e passou a representar a manuten\u00e7\u00e3o do funcionamento do sistema.<\/div><div><br><\/div><div>O ministro Alexandre Agra Belmonte, do Superior Tribunal de Justi\u00e7a, alertou que as cortes enfrentam acervos gigantescos e que a automa\u00e7\u00e3o \u00e9 crucial para otimizar os julgamentos e agrupar temas repetitivos. \u201cSe n\u00e3o houver essa interven\u00e7\u00e3o sobre as raz\u00f5es da litigiosidade, seja por meio da IA, seja por meio do processo civil, n\u00f3s vamos ficar simplesmente enxugando gelo\u201d, observou.<\/div><div><br><\/div><div><br><\/div><div>conjur_v3<\/div><div><br><\/div><div>A ministra Daniela Teixeira, do Superior Tribunal de Justi\u00e7a, endossou a urg\u00eancia da moderniza\u00e7\u00e3o. Ela relatou que seu gabinete precisa enfrentar milhares de novos casos diariamente. A magistrada indicou que, ao associar a triagem feita pela m\u00e1quina ao esfor\u00e7o de uma equipe de ju\u00edzes auxiliares, conseguiu reduzir o acervo de sua sess\u00e3o em mais de 25% em apenas seis meses, algo que seria humanamente imposs\u00edvel sem o amparo do sistema interno.<\/div><div><br><\/div><div>O diagn\u00f3stico sobre a crise de demanda tamb\u00e9m foi refor\u00e7ado pela ju\u00edza Luciana D\u00f3ria de Medeiros, auxiliar da Corregedoria Nacional de Justi\u00e7a. Ela ressaltou que a litigiosidade brasileira cresce em uma velocidade alarmante, o que exige a unifica\u00e7\u00e3o de ferramentas de automa\u00e7\u00e3o j\u00e1 existentes nos tribunais para reduzir o tempo morto de tramita\u00e7\u00e3o e entregar as respostas em um prazo razo\u00e1vel._  <\/div>  <\/p><br \/>\n\t\t\t\t<p><strong>Publicada em : <\/strong><em>27\/04\/2026<\/em>\n\t\t\t\t<\/p><br \/><p><strong>Fonte : <\/strong><em>Consultor Juridico<\/em><\/p>\n\t\t\t<\/div><div>27\/04\/2026 - <a data-fancybox data-src=\"#news12152\" href=\"javascript:;\" class=\"tool\" title=\"Acordo coletivo valida escala alternada entre 48h e 40h sem aval do governo\">Acordo coletivo valida escala alternada entre 48h e 40h sem aval do governo...<\/a><\/div> \n\t\t\t<div id=\"news12152\" style=\"display:none; position:relative; width:80%!important;  border-radius:5px; max-height:450px; overflow:auto; color:z-index:100000;\">\n\t\t\t\t<h2>Acordo coletivo valida escala alternada entre 48h e 40h sem aval do governo<\/h2><br \/><br \/>\n\t\t\t\t<p>A previs\u00e3o em norma coletiva legitima a ado\u00e7\u00e3o de regime de compensa\u00e7\u00e3o com semanas alternadas de 40 e 48 horas, a chamada \u201csemana espanhola\u201d, sem a necessidade de licen\u00e7a pr\u00e9via do Minist\u00e9rio do Trabalho, dada a preval\u00eancia do negociado sobre o legislado.<div><br><\/div><div>Essa foi a conclus\u00e3o da 3\u00aa Turma do Tribunal Regional do Trabalho da 3\u00aa Regi\u00e3o (MG) negou provimento a um recurso e manteve a rejei\u00e7\u00e3o do pedido de horas extras feito por um trabalhador contra uma empresa.<\/div><div><br><\/div><div>O autor da a\u00e7\u00e3o trabalhava na linha de produ\u00e7\u00e3o de uma f\u00e1brica de ferro fundido. Na a\u00e7\u00e3o, ele pediu o pagamento de horas extras sob o argumento de que a sua jornada seguia o regime conhecido como semana espanhola. Este modelo de compensa\u00e7\u00e3o consiste em uma escala na qual o empregado trabalha 48 horas em uma semana e 40 horas na semana seguinte, resultando em uma m\u00e9dia regular de 44 horas semanais e evitando o pagamento de horas excedentes.<\/div><div><br><\/div><div>O autor argumentou que a companhia n\u00e3o obteve a licen\u00e7a pr\u00e9via do governo para adotar esse sistema em uma atividade que seria considerada insalubre pelo contato com ru\u00eddo. Segundo ele, a falta de aval estatal invalidaria a escala, gerando o dever de pagar todo o tempo excedente.<\/div><div><br><\/div><div><br><\/div><div><br><\/div><div>Al\u00e9m disso, o oper\u00e1rio pediu diferen\u00e7as de adicional noturno, afirmando que a conven\u00e7\u00e3o da categoria n\u00e3o previa de forma expressa a compensa\u00e7\u00e3o da redu\u00e7\u00e3o ficta da hora noturna, e requereu adicional de insalubridade e equipara\u00e7\u00e3o salarial.<\/div><div><br><\/div><div>O ju\u00edzo de primeira inst\u00e2ncia julgou os pedidos improcedentes. Inconformado, o autor recorreu ao TRT-3, reiterando a invalidade da escala por falta de autoriza\u00e7\u00e3o estatal e a proced\u00eancia dos demais pedidos. A empresa contrap\u00f4s afirmando que a jornada estava prevista em Acordo Coletivo de Trabalho (ACT) e que o fornecimento regular de Equipamentos de Prote\u00e7\u00e3o Individual (EPIs) neutralizava qualquer risco \u00e0 sa\u00fade do trabalhador no ambiente de f\u00e1brica._  <\/div>  <\/p><br \/>\n\t\t\t\t<p><strong>Publicada em : <\/strong><em>27\/04\/2026<\/em>\n\t\t\t\t<\/p><br \/><p><strong>Fonte : <\/strong><em>Consultor Juridico<\/em><\/p>\n\t\t\t<\/div><div>24\/04\/2026 - <a data-fancybox data-src=\"#news12147\" href=\"javascript:;\" class=\"tool\" title=\"Escrit\u00f3rio Souza Neto e Tartarini Advogados anuncia dois novos s\u00f3cios\">Escrit\u00f3rio Souza Neto e Tartarini Advogados anuncia dois novos s\u00f3cios...<\/a><\/div> \n\t\t\t<div id=\"news12147\" style=\"display:none; position:relative; width:80%!important;  border-radius:5px; max-height:450px; overflow:auto; color:z-index:100000;\">\n\t\t\t\t<h2>Escrit\u00f3rio Souza Neto e Tartarini Advogados anuncia dois novos s\u00f3cios<\/h2><br \/><br \/>\n\t\t\t\t<p>O escrit\u00f3rio Souza Neto e Tartarini Advogados tem a satisfa\u00e7\u00e3o de anunciar o ingresso de Gustavo Machado Tavares e Lilian Oliveira de Azevedo Almeida em seu quadro societ\u00e1rio.<div><br><\/div><div>Divulga\u00e7\u00e3oGustavo Machado Tavares<\/div><div>O advogado Gustavo Machado Tavares<\/div><div><br><\/div><div>Gustavo e Lilian possuem s\u00f3lida trajet\u00f3ria na advocacia e destacada atua\u00e7\u00e3o institucional.<\/div><div><br><\/div><div>Gustavo \u00e9 procurador do munic\u00edpio do Recife e advogado. \u00c9 mestrando em Direito pelo PPGD\/UNICAP, especialista em Direito Tribut\u00e1rio (Ibet), especialista em Direitos Humanos (UNICAP) e especialista em Novas Quest\u00f5es do Direito Penal e Processo Penal (Faculdade Damas). Membro da Comiss\u00e3o Especial da Advocacia P\u00fablica Municipal do Conselho Federal da OAB (gest\u00e3o 2025-2028). No \u00e2mbito associativo, exerceu relevantes fun\u00e7\u00f5es, entre elas a Presid\u00eancia da Associa\u00e7\u00e3o Nacional das Procuradoras e dos Procuradores Municipais \u2014 ANPM (2021-2023) e a Presid\u00eancia da Associa\u00e7\u00e3o dos Procuradores do Munic\u00edpio do Recife \u2014 APMR (2015-2017 e 2019-2021). Foi ainda conselheiro do Instituto dos Advogados de Pernambuco \u2014 IAP (2020-2022 e 2022-2024), Conselheiro Seccional da OAB-PE (2019-2021) e procurador-chefe adjunto da Procuradoria da Fazenda Municipal.<\/div><div><br><\/div><div>Divulga\u00e7\u00e3oLilian Oliveira de Azevedo Almeida<\/div><div>A advogada Lilian Oliveira de Azevedo Almeida<\/div><div><br><\/div><div>Lilian Azevedo \u00e9 procuradora do munic\u00edpio de Salvador e advogada, especialista em Direito Municipal e Processual. Foi presidenta (2023-2025) e vice-presidenta (2021-2023) da Associa\u00e7\u00e3o Nacional das Procuradoras e dos Procuradores Municipais \u2014 ANPM, subsecret\u00e1ria de Promo\u00e7\u00e3o Social e Combate \u00e0 Pobreza de Salvador (2017-2019) e coordenadora das Representa\u00e7\u00f5es da Procuradoria-Geral do Munic\u00edpio de Salvador (2019-2023). Atualmente \u00e9 procuradora adjunta de G\u00eanero e Ra\u00e7a da OAB-BA (tri\u00eanio 2024-2026), vice-diretora da Escola Superior de Advocacia da OAB-BA e membro da Comiss\u00e3o Especial da Advocacia P\u00fablica Municipal do Conselho Federal da OAB (gest\u00e3o 2025-2028). Integra ainda a Comiss\u00e3o de Diversidade Racial do Instituto Brasileiro de Direito Administrativo \u2014 IBDA e as Comiss\u00f5es do Terceiro Setor da OAB-BA e da OAB-SP, com destacada atua\u00e7\u00e3o em<\/div><div>pol\u00edticas p\u00fablicas municipais, terceiro setor e promo\u00e7\u00e3o da igualdade racial.<\/div><div><br><\/div><div><br><\/div><div><br><\/div><div>Suas chegadas representam o fortalecimento da atua\u00e7\u00e3o, refor\u00e7ando o compromisso da banca com a excel\u00eancia t\u00e9cnica, a \u00e9tica profissional e a defesa qualificada do interesse p\u00fablico e privado.<\/div><div><br><\/div><div>O Souza Neto e Tartarini Advogados d\u00e1 as boas-vindas aos novos s\u00f3cios, certo de que suas experi\u00eancias e trajet\u00f3rias contribuir\u00e3o significativamente para o desenvolvimento e a expans\u00e3o das atividades do escrit\u00f3rio._  <\/div>  <\/p><br \/>\n\t\t\t\t<p><strong>Publicada em : <\/strong><em>24\/04\/2026<\/em>\n\t\t\t\t<\/p><br \/><p><strong>Fonte : <\/strong><em>Consultor Juridico<\/em><\/p>\n\t\t\t<\/div><div>24\/04\/2026 - <a data-fancybox data-src=\"#news12148\" href=\"javascript:;\" class=\"tool\" title=\"Recurso especial criminal no STJ \u00e9 21% mais efetivo para defesas do que HC e RHC, indica estudo\">Recurso especial criminal no STJ \u00e9 21% mais efetivo para defesas do que HC e RHC, indica estudo...<\/a><\/div> \n\t\t\t<div id=\"news12148\" style=\"display:none; position:relative; width:80%!important;  border-radius:5px; max-height:450px; overflow:auto; color:z-index:100000;\">\n\t\t\t\t<h2>Recurso especial criminal no STJ \u00e9 21% mais efetivo para defesas do que HC e RHC, indica estudo<\/h2><br \/><br \/>\n\t\t\t\t<p>Quando o recurso especial (REsp) em um caso criminal \u00e9 admitido ao Superior Tribunal de Justi\u00e7a, ele \u00e9 21% mais efetivo para a defesa do que o Habeas Corpus e o recurso em HC juntos.<div><br><\/div><div>Gustavo Lima\/STJSuperior Tribunal de Justi\u00e7a STJ pr\u00e9dio edif\u00edcio<\/div><div>Dados desmentem percep\u00e7\u00e3o de que turmas criminais do STJ d\u00e3o poucas decis\u00f5es favor\u00e1veis \u00e0s defesas em recurso especial<\/div><div><br><\/div><div>\u00c9 o que indicam os dados compilados pelo advogado e pesquisador David Metzker a partir de decis\u00f5es proferidas por ministros das turmas criminais do STJ.<\/div><div><br><\/div><div>Em 2025, o STJ registrou 104.723 decis\u00f5es terminativas em HC e RHC por esses ministros, sendo 16.444 concessivas da ordem ou provedoras do recurso. A taxa de efetividade \u00e9 de 15,7%.<\/div><div><br><\/div><div><br><\/div><div>Precisamos evitar que fac\u00e7\u00f5es tenham capital de giro, diz Gonet<\/div><div><br><\/div><div>J\u00e1 em recurso especial foram registradas 17.383 terminativas no ano, com 3.313 provimentos, que representam 19%.<\/div><div><br><\/div><div>A diferen\u00e7a de 3,3 pontos percentuais entre eles se traduz em um aumento relativo relevante: de 15,7% (HC e RHC) para 19% (REsp), a efetividade aumenta 21%.<\/div><div><br><\/div><div>Efetividade em casos criminais 2025<span style=\"white-space:pre\">  <\/span><\/div><div>Tipo de Processo<span style=\"white-space:pre\">  <\/span>Terminativas<span style=\"white-space:pre\">  <\/span>Concessivas<span style=\"white-space:pre\">  <\/span>%<\/div><div>HC<span style=\"white-space:pre\">  <\/span>82.660<span style=\"white-space:pre\">  <\/span>14.706<span style=\"white-space:pre\">  <\/span>17,7%<\/div><div>RHC<span style=\"white-space:pre\">  <\/span>22.063<span style=\"white-space:pre\">  <\/span>1.738<span style=\"white-space:pre\">  <\/span>7,8%<\/div><div>HC\/RHC<span style=\"white-space:pre\">  <\/span>104.723<span style=\"white-space:pre\">  <\/span>16.444<span style=\"white-space:pre\">  <\/span>15,7%<\/div><div>REsp<span style=\"white-space:pre\">  <\/span>17.383<span style=\"white-space:pre\">  <\/span>3.313<span style=\"white-space:pre\">  <\/span>19%<\/div><div>AREsp<span style=\"white-space:pre\">  <\/span>45.017<span style=\"white-space:pre\">  <\/span>3.322<span style=\"white-space:pre\">  <\/span>7,3%<\/div><div>powered by divee.ai<\/div><div>AI<\/div><div><br><\/div><div>O que voc\u00ea gos<\/div><div>\u27a4<\/div><div>Direito<\/div><div>Superior Tribunal de...<\/div><div>David Metzker<\/div><div><br><\/div><div>Percep\u00e7\u00e3o err\u00f4nea<\/div><div>Essa diferen\u00e7a \u00e9 importante porque confirma que \u00e9 err\u00f4nea a percep\u00e7\u00e3o cultivada de forma generalizada pela advocacia criminalista de que o STJ concede poucas decis\u00f5es favor\u00e1veis \u00e0s defesas em recurso especial.<\/div><div><br><\/div><div>Na pr\u00e1tica, n\u00e3o h\u00e1 qualquer tipo de embate entre o uso de HC\/RHC ou REsp, por se tratarem de instrumentos complementares, conforme explica Metzker.<\/div><div><br><\/div><div>Ele aponta que o HC continua como o principal canal de acesso \u00e0 jurisdi\u00e7\u00e3o criminal do STJ \u2014 a corte decidiu 82.660 vezes em Habeas Corpus em 2025, n\u00famero 4,7 vezes maior do que as terminativas em recurso especial (17.383).<\/div><div><br><\/div><div>\u00c9 um instrumento mais r\u00e1pido. \u00c9 impetrado diretamente no STJ, tendo como autoridade coatora o tribunal local que n\u00e3o atendeu ao pedido da defesa. Ele n\u00e3o demanda contrarraz\u00f5es e n\u00e3o permite produ\u00e7\u00e3o de provas.<\/div><div><br><\/div><div>J\u00e1 o recurso especial exige esgotamento das inst\u00e2ncias ordin\u00e1rias. Sua interposi\u00e7\u00e3o passa por exame de admissibilidade, cada vez mais criteriosa nos tribunais de apela\u00e7\u00e3o, com contrarraz\u00f5es do Minist\u00e9rio P\u00fablico, \u00e0 merc\u00ea de diversos \u00f3bices sumulares.<\/div><div><br><\/div><div>\u201cN\u00e3o se trata de instrumentos concorrentes, mas complementares: o HC garante capilaridade e resposta imediata, enquanto o REsp opera como via de corre\u00e7\u00e3o qualificada de ilegalidades\u201d, diz Metzker.<\/div><div><br><\/div><div>Efetividade<\/div><div>A an\u00e1lise da efetividade do HC engloba tamb\u00e9m o RHC, instrumento menos utilizado e tamb\u00e9m menos eficiente: foram 1.738 decis\u00f5es favor\u00e1veis \u00e0 defesa em 2025, que correspondem a 7,8% das 22.063 decis\u00f5es terminativas nesse tipo de recurso.<\/div><div><br><\/div><div><br><\/div><div>Eles s\u00e3o analisados em conjunto para efeitos de compara\u00e7\u00e3o com o recurso especial porque t\u00eam o mesmo escopo e s\u00e3o usados da mesma forma: para proteger a liberdade de locomo\u00e7\u00e3o do r\u00e9u. Ou seja, a ilegalidade apontada em um pode ser usada tamb\u00e9m no outro.<\/div><div><br><\/div><div>Historicamente, as defesas preferem o HC direto ao STJ porque o recurso ordin\u00e1rio tem tr\u00e2mite mais demorado, apesar de o RHC ser o meio mais adequado para impugnar uma denega\u00e7\u00e3o de ordem pelos tribunais.<\/div><div><br><\/div><div>Diferente \u00e9 a situa\u00e7\u00e3o do agravo em recurso especial (AREsp), recurso que visa contestar a decis\u00e3o do tribunal de segundo grau de n\u00e3o admitir o recurso ao STJ. A defesa precisa pugnar primeiro pela admiss\u00e3o do recurso, o que permitiria ir ao m\u00e9rito.<\/div><div><br><\/div><div>Os dados de 2025 levantados por Metzker mostram 45.017 decis\u00f5es terminativas em AREsp pelos ministros da 3\u00aa Se\u00e7\u00e3o, com 3.322 favor\u00e1veis \u00e0s defesas, taxa de 7,3% de provimento.<\/div><div><br><\/div><div>Efetividade do REsp criminal<\/div><div>Ministro<span style=\"white-space:pre\">  <\/span>Efetividade<\/div><div>Ribeiro Dantas<span style=\"white-space:pre\">  <\/span>29,5%<\/div><div>Reynaldo Soares da Fonseca<span style=\"white-space:pre\">  <\/span>25,7%<\/div><div>Ot\u00e1vio de Almeida Toledo<span style=\"white-space:pre\">  <\/span>25%<\/div><div>Rogerio Schietti<span style=\"white-space:pre\">  <\/span>23%<\/div><div>Og Fernandes<span style=\"white-space:pre\">  <\/span>21,5%<\/div><div>Daniela Teixeira<span style=\"white-space:pre\">  <\/span>19,5%<\/div><div>Saldanha Palheiro<span style=\"white-space:pre\">  <\/span>18,3%<\/div><div>Joel Ilan Paciornik<span style=\"white-space:pre\">  <\/span>17,1%<\/div><div>Sebasti\u00e3o Reis J\u00fanior<span style=\"white-space:pre\">  <\/span>16,9%<\/div><div>Carlos Cini Marchionatti<span style=\"white-space:pre\">  <\/span>14,4%<\/div><div>Messod Azulay<span style=\"white-space:pre\">  <\/span>13,6%<\/div><div>Marluce Caldas<span style=\"white-space:pre\">  <\/span>9,8%<\/div><div>Carlos Brand\u00e3o<span style=\"white-space:pre\">  <\/span>6,2%<\/div><div>Melhores usos<\/div><div>A complementariedade entre HC\/RHC e REsp \u00e9 exemplificada pela an\u00e1lise de Metzker sobre os melhores usos de um ou outro.<\/div><div><br><\/div><div>Os casos de Habeas Corpus que mais rendem concess\u00e3o da ordem s\u00e3o aqueles em que a liberdade do r\u00e9u est\u00e1 efetivamente amea\u00e7ada e os que envolvem nulidades prontamente afer\u00edveis, como invas\u00e3o de domic\u00edlio, reconhecimento pessoal ou quebra da cadeia de cust\u00f3dia.<\/div><div><br><\/div><div>J\u00e1 o recurso especial cabe melhor para os temas que envolvem uma an\u00e1lise mais apurada dos fatos e provas descritos no ac\u00f3rd\u00e3o recorrido, como casos de absolvi\u00e7\u00e3o ou desclassifica\u00e7\u00e3o.<\/div><div><br><\/div><div>Proporcionalmente (em rela\u00e7\u00e3o ao n\u00famero de decis\u00f5es terminativas), quem mais d\u00e1 provimento em REsp entre os ministros das turmas criminais \u00e9 Ribeiro Dantas, com taxa de 29,5%. Tamb\u00e9m decidem muito Reynaldo Soares da Fonseca (25,7%) e Rogerio Schietti (23%).<\/div><div><br><\/div><div><br><\/div><div>Eles est\u00e3o, tamb\u00e9m, entre os integrantes que mais concedem HC e RHC. Na outra ponta aparecem os ministros mais recentes da corte, empossados em agosto de 2025: Carlos Brand\u00e3o (6,2%) e Marluce Caldas (9,8%)._  <\/div>  <\/p><br \/>\n\t\t\t\t<p><strong>Publicada em : <\/strong><em>24\/04\/2026<\/em>\n\t\t\t\t<\/p><br \/><p><strong>Fonte : <\/strong><em>Consultor Juridico<\/em><\/p>\n\t\t\t<\/div><div>23\/04\/2026 - <a data-fancybox data-src=\"#news12142\" href=\"javascript:;\" class=\"tool\" title=\"Suprema Corte espanhola absolve Neymar de acusa\u00e7\u00f5es de corrup\u00e7\u00e3o e fraude\">Suprema Corte espanhola absolve Neymar de acusa\u00e7\u00f5es de corrup\u00e7\u00e3o e fraude...<\/a><\/div> \n\t\t\t<div id=\"news12142\" style=\"display:none; position:relative; width:80%!important;  border-radius:5px; max-height:450px; overflow:auto; color:z-index:100000;\">\n\t\t\t\t<h2>Suprema Corte espanhola absolve Neymar de acusa\u00e7\u00f5es de corrup\u00e7\u00e3o e fraude<\/h2><br \/><br \/>\n\t\t\t\t<p>O Tribunal Supremo \u2014 equivalente ao Supremo Tribunal Federal da Espanha \u2014 confirmou a absolvi\u00e7\u00e3o do jogador de futebol Neymar, dos seus representantes e de dirigentes do Barcelona das acusa\u00e7\u00f5es de fraude e corrup\u00e7\u00e3o entre particulares. A informa\u00e7\u00e3o \u00e9 do portal UOL.&nbsp;<div><br><\/div><div>\u00daltima Inst\u00e2ncia da Justi\u00e7a espanhola decisiu confirmar a absolvi\u00e7\u00e3o de Neymar, seu pai e dirigentes do Barcelona de acusa\u00e7\u00e3o de fraude<\/div><div>\u00daltima Inst\u00e2ncia da Justi\u00e7a espanhola decisiu confirmar a absolvi\u00e7\u00e3o de Neymar, seu pai e dirigentes do Barcelona de acusa\u00e7\u00e3o de fraude<\/div><div><br><\/div><div>A decis\u00e3o foi proferida nesta quarta-feira (22\/4) e encerra um processo que j\u00e1 durava uma d\u00e9cada na Justi\u00e7a espanhola. A origem da demanda remonta a \u00e9poca em que Neymar ainda atuava pelo Santos em 2009. Na \u00e9poca, a empresa DIS adquiriu 40% dos direitos econ\u00f4micos do jogador, pagando R$ 5 milh\u00f5es.&nbsp;<\/div><div><br><\/div><div>O acordo previa a participa\u00e7\u00e3o em uma futura transfer\u00eancia do jogador. O Barcelona firmou um acordo com o jogador para garantir a prefer\u00eancia na contrata\u00e7\u00e3o do craque brasileiro. O time catal\u00e3o decidiu antecipar a contrata\u00e7\u00e3o de Neymar e negociou diretamente com o Santos, formalizando a transfer\u00eancia por 17,1 milh\u00f5es de euros. Na ocasi\u00e3o, a empresa DIS recebeu 40% desse valor.<\/div><div><br><\/div><div>Posteriormente, a DIS acionou o Judici\u00e1rio para receber o que entendia que era seu. Com base nisso, apresentou acusa\u00e7\u00e3o por corrup\u00e7\u00e3o entre particulares e fraude.<\/div><div><br><\/div><div><br><\/div><div>Responsabiliza\u00e7\u00e3o das plataformas pode inspirar conven\u00e7\u00e3o internacional, diz Gilmar<\/div><div><br><\/div><div>Em meio a crise provocada pela transfer\u00eancia, o presidente do Barcelona, Sandro Rosell, decidiu renunciar ao cargo. Tanto Neymar como seu pai tiveram que prestar depoimento ao Judici\u00e1rio espanhol.&nbsp;<\/div><div><br><\/div><div>Em 2022, a primeira inst\u00e2ncia da Justi\u00e7a espanhola absolveu todos os envolvidos, j\u00e1 que n\u00e3o havia ind\u00edcios de fraude nem de simula\u00e7\u00e3o contratual._  <\/div>  <\/p><br \/>\n\t\t\t\t<p><strong>Publicada em : <\/strong><em>23\/04\/2026<\/em>\n\t\t\t\t<\/p><br \/><p><strong>Fonte : <\/strong><em>Consultor Juridico<\/em><\/p>\n\t\t\t<\/div><div>23\/04\/2026 - <a data-fancybox data-src=\"#news12143\" href=\"javascript:;\" class=\"tool\" title=\"Juiz pode requisitar dados para viabilizar repara\u00e7\u00e3o fluida aos consumidores\">Juiz pode requisitar dados para viabilizar repara\u00e7\u00e3o fluida aos consumidores...<\/a><\/div> \n\t\t\t<div id=\"news12143\" style=\"display:none; position:relative; width:80%!important;  border-radius:5px; max-height:450px; overflow:auto; color:z-index:100000;\">\n\t\t\t\t<h2>Juiz pode requisitar dados para viabilizar repara\u00e7\u00e3o fluida aos consumidores<\/h2><br \/><br \/>\n\t\t\t\t<p>Na liquida\u00e7\u00e3o da senten\u00e7a coletiva, o juiz pode requisitar informa\u00e7\u00f5es de bancos de dados dispon\u00edveis para arbitrar o valor da indeniza\u00e7\u00e3o e viabilizar a repara\u00e7\u00e3o fluida prevista no artigo 100 do C\u00f3digo de Defesa do Consumidor.<div><br><\/div><div>Freepik<\/div><div>Juiz requisitou dados contra a varejista em fontes como o site Reclame Aqui! para viabilizar a repara\u00e7\u00e3o fluida<\/div><div><br><\/div><div>A conclus\u00e3o \u00e9 da 3\u00aa Turma do Superior Tribunal de Justi\u00e7a, que negou provimento ao recurso especial de uma grande rede varejista que foi condenada em a\u00e7\u00e3o civil p\u00fablica por condutas il\u00edcitas na venda de produtos pela internet.<\/div><div><br><\/div><div>A senten\u00e7a imp\u00f4s uma s\u00e9rie de obriga\u00e7\u00f5es e tamb\u00e9m condenou a r\u00e9 a pagar R$ 1 mil por cada ocorr\u00eancia de atraso na entrega de produtos aos consumidores, determinando que o valor seja recolhido ao Fundo de Reconstitui\u00e7\u00e3o de Bens Lesados.<\/div><div><br><\/div><div><br><\/div><div><br><\/div><div>Passado um ano do tr\u00e2nsito em julgado da decis\u00e3o, por\u00e9m, nenhum consumidor se apresentou para executar o t\u00edtulo judicial. Isso abriu a hip\u00f3tese de o Minist\u00e9rio P\u00fablico do Rio de Janeiro, autor da a\u00e7\u00e3o, buscar a repara\u00e7\u00e3o fluida (fluid recovery).<\/div><div><br><\/div><div>N\u00e3o sendo poss\u00edvel apurar com exatid\u00e3o o preju\u00edzo individual de cada consumidor, nem o n\u00famero exato de benefici\u00e1rios da senten\u00e7a, cabe ao juiz da liquida\u00e7\u00e3o mensurar esse montante para fixar o valor a ser pago.<\/div><div><br><\/div><div>Repara\u00e7\u00e3o fluida em andamento<\/div><div>A l\u00f3gica da repara\u00e7\u00e3o fluida, como prevista no CDC, \u00e9 impedir o enriquecimento sem causa do fornecedor que atentou contra a lei, prejudicando os consumidores.<\/div><div><br><\/div><div>No caso em quest\u00e3o, o magistrado pediu ao MP-RJ para apresentar todas as reclama\u00e7\u00f5es recebidas nos canais competentes (Procon, Reclame Aqui, Ouvidoria do MP) no prazo de cinco anos anteriores ao ajuizamento da demanda.<\/div><div><br><\/div><div>Ele tamb\u00e9m oficiou a rede varejista condenada para que fornecesse os dados relativos ao n\u00famero de contratos de compra feitos no per\u00edodo pelo seu site. Com esses dados, seria poss\u00edvel definir o valor para a indeniza\u00e7\u00e3o.<\/div><div><br><\/div><div>A empresa r\u00e9 se insurgiu por entender que o juiz estava criando par\u00e2metros para a liquida\u00e7\u00e3o. E defendeu que a repara\u00e7\u00e3o fluida n\u00e3o pode ser calculada com base em elementos estranhos \u00e0 senten\u00e7a, devendo se ater aos fatos nela descritos.<\/div><div><br><\/div><div>Dever de coopera\u00e7\u00e3o<\/div><div>Por unanimidade de votos, a 3\u00aa Turma do STJ negou provimento ao recurso especial. Relatora, a ministra Nancy Andrighi destacou que o pedido de informa\u00e7\u00f5es pelo juiz \u00e9 autorizado pelo princ\u00edpio da coopera\u00e7\u00e3o, insculpido no artigo 6\u00ba do C\u00f3digo de Processo Civil.<\/div><div><br><\/div><div>\u201cN\u00e3o se trata de introdu\u00e7\u00e3o de fatos novos ou estranhos \u00e0 senten\u00e7a, mas de convoca\u00e7\u00e3o das partes \u00e0 ado\u00e7\u00e3o de provid\u00eancias necess\u00e1rias ao cumprimento da obriga\u00e7\u00e3o estabelecida no pr\u00f3prio t\u00edtulo executivo judicial\u201d, disse a ministra.<\/div><div><br><\/div><div><br><\/div><div>Ela destacou que admitir que o executado se oponha \u00e0 execu\u00e7\u00e3o coletiva fundada no artigo 100 do CDC com o argumento exclusivo da inexist\u00eancia de prova individualizada dos preju\u00edzos significaria esvaziar a pr\u00f3pria raz\u00e3o de ser da repara\u00e7\u00e3o fluida.<\/div><div><br><\/div><div>O procedimento eleito na liquida\u00e7\u00e3o \u00e9 leg\u00edtimo inclusive porque preserva o contradit\u00f3rio, j\u00e1 que assegurou a possibilidade de impugna\u00e7\u00e3o dos dados utilizados no arbitramento por parte da rede varejista. A vota\u00e7\u00e3o foi un\u00e2nime._  <\/div>  <\/p><br \/>\n\t\t\t\t<p><strong>Publicada em : <\/strong><em>23\/04\/2026<\/em>\n\t\t\t\t<\/p><br \/><p><strong>Fonte : <\/strong><em>Consultor Juridico<\/em><\/p>\n\t\t\t<\/div><div>23\/04\/2026 - <a data-fancybox data-src=\"#news12144\" href=\"javascript:;\" class=\"tool\" title=\"Escola \u00e9 condenada por bullying racial sofrido por aluna de 10 anos\">Escola \u00e9 condenada por bullying racial sofrido por aluna de 10 anos...<\/a><\/div> \n\t\t\t<div id=\"news12144\" style=\"display:none; position:relative; width:80%!important;  border-radius:5px; max-height:450px; overflow:auto; color:z-index:100000;\">\n\t\t\t\t<h2>Escola \u00e9 condenada por bullying racial sofrido por aluna de 10 anos<\/h2><br \/><br \/>\n\t\t\t\t<p>A discrimina\u00e7\u00e3o cometida por alunos contra colega de classe, sem que a escola adote medidas eficazes para prevenir e coibir a repeti\u00e7\u00e3o do epis\u00f3dio, revela falha do estabelecimento de ensino diante da pr\u00e1tica de bullying e lhe imp\u00f5e o dever de indenizar a v\u00edtima da viol\u00eancia, a t\u00edtulo de danos morais.<div><br><\/div><div>Freepikescola col\u00e9gio professor professora aluno aluna rede de ensino<\/div><div>Crian\u00e7a foi v\u00edtima do racismo cometido por colegas de classe mais de uma vez&nbsp;<\/div><div><br><\/div><div>Esse foi o entendimento da 34\u00aa C\u00e2mara de Direito Privado do Tribunal de Justi\u00e7a de S\u00e3o Paulo ao reformar decis\u00e3o de primeiro grau que havia julgado a a\u00e7\u00e3o improcedente. A autora da a\u00e7\u00e3o alega ter sofrido bullying racial na escola e dever\u00e1 ser indenizada em R$ 7 mil.<\/div><div><br><\/div><div>\u201cN\u00e3o se trata de uma simples \u2018brincadeira\u2019 ou \u2018mal-entendido\u2019 praticado pelos colegas de classe e sim de pr\u00e1tica de bullying e discrimina\u00e7\u00e3o, vez que a aluna foi submetida a situa\u00e7\u00e3o constrangedora e vexat\u00f3ria no interior da institui\u00e7\u00e3o de ensino, que tinha o dever de vigil\u00e2ncia\u201d, destacou o desembargador Issa Ahmed, relator do recurso.<\/div><div><br><\/div><div>A \u201ctenra idade\u201d da estudante e as omiss\u00f5es do col\u00e9gio evidenciam a culpa do r\u00e9u ao n\u00e3o vigiar de forma segura e ostensiva seus alunos durante o per\u00edodo escolar, segundo o magistrado. Consta dos autos que a autora, no primeiro trimestre de 2022, quando tinha dez anos, foi submetida a situa\u00e7\u00e3o constrangedora e vexat\u00f3ria em sala de aula.<\/div><div><br><\/div><div><br><\/div><div><br><\/div><div>Benefici\u00e1ria de bolsa de estudo parcial, ela foi chamada de \u201cpreta feia e suja\u201d, \u201cfeijoada\u201d e \u201cmenina feia e pobre\u201d, entre outras express\u00f5es discriminat\u00f3rias e pejorativas. Os alunos apontados como os respons\u00e1veis pelo bullying tamb\u00e9m compuseram uma m\u00fasica que denominaram de \u201cfunk da macacada\u201d.<\/div><div><br><\/div><div>Naquela ocasi\u00e3o, a m\u00e3e da garota denunciou os fatos em reuni\u00e3o de pais e mestres, sendo o caso registrado em caderno de ocorr\u00eancias. A escola iniciou um projeto de conscientiza\u00e7\u00e3o sobre a diversidade, mas o epis\u00f3dio se repetiu em abril e maio de 2023, ensejando a implementa\u00e7\u00e3o de projeto pedag\u00f3gico mais amplo contra o racismo.<\/div><div><br><\/div><div>Fundamenta\u00e7\u00e3o legal<\/div><div>O relator considerou incontroversa a falha na presta\u00e7\u00e3o de servi\u00e7os educacionais, nos termos dos artigos 17 e 18 do Estatuto da Crian\u00e7a e do Adolescente (ECA), porque a institui\u00e7\u00e3o de ensino foi ineficiente para assegurar \u00e0 autora incolumidade ps\u00edquica e moral no ambiente escolar.<\/div><div><br><\/div><div>Issa Ahmed tamb\u00e9m citou o artigo 5\u00ba da Lei 13.185\/2015, que instituiu o Programa de Combate \u00e0 Intimida\u00e7\u00e3o Sistem\u00e1tica. Diz a regra que \u201c\u00e9 dever do estabelecimento de ensino, dos clubes e das agremia\u00e7\u00f5es recreativas assegurar medidas de conscientiza\u00e7\u00e3o, preven\u00e7\u00e3o, diagnose e combate \u00e0 viol\u00eancia e \u00e0 intimida\u00e7\u00e3o sistem\u00e1tica (bullying)\u201d._  <\/div>  <\/p><br \/>\n\t\t\t\t<p><strong>Publicada em : <\/strong><em>23\/04\/2026<\/em>\n\t\t\t\t<\/p><br \/><p><strong>Fonte : <\/strong><em>Consultor Juridico<\/em><\/p>\n\t\t\t<\/div><div>22\/04\/2026 - <a data-fancybox data-src=\"#news12138\" href=\"javascript:;\" class=\"tool\" title=\"Justi\u00e7a especializada deve julgar inj\u00faria racial contra adolescente, decide STJ\">Justi\u00e7a especializada deve julgar inj\u00faria racial contra adolescente, decide STJ...<\/a><\/div> \n\t\t\t<div id=\"news12138\" style=\"display:none; position:relative; width:80%!important;  border-radius:5px; max-height:450px; overflow:auto; color:z-index:100000;\">\n\t\t\t\t<h2>Justi\u00e7a especializada deve julgar inj\u00faria racial contra adolescente, decide STJ<\/h2><br \/><br \/>\n\t\t\t\t<p>\u00c9 da compet\u00eancia da vara especializada em crimes contra crian\u00e7as e adolescentes \u2014 e n\u00e3o da Justi\u00e7a Criminal comum \u2014 o julgamento de crime de inj\u00faria racial supostamente praticado contra um adolescente, de acordo com a 6\u00aa Turma do Superior Tribunal de Justi\u00e7a.<div><br><\/div><div>Freepikcrian\u00e7a negra chorando na escola<\/div><div>STJ entende que vara especializada deve julgar inj\u00faria racial contra menor<\/div><div><br><\/div><div>O colegiado destacou que as varas especializadas integram o sistema de garantias de direitos da popula\u00e7\u00e3o infantojuvenil, o que n\u00e3o pode ser afastado por ato normativo de tribunal local.<\/div><div><br><\/div><div>Na origem do caso, o Tribunal de Justi\u00e7a de Minas Gerais entendeu que o crime de inj\u00faria racial n\u00e3o estava previsto na resolu\u00e7\u00e3o que regula a compet\u00eancia da vara especializada em crimes contra crian\u00e7as e adolescentes da comarca de Belo Horizonte, raz\u00e3o pela qual declarou a compet\u00eancia da Justi\u00e7a comum.<\/div><div><br><\/div><div>No recurso ao STJ, o Minist\u00e9rio P\u00fablico alegou que a legisla\u00e7\u00e3o federal assegura direitos espec\u00edficos a crian\u00e7as e adolescentes v\u00edtimas de viol\u00eancia e previu a cria\u00e7\u00e3o de varas especializadas justamente para conferir efetividade a essas garantias, sendo inadequada a interpreta\u00e7\u00e3o restritiva da resolu\u00e7\u00e3o que instituiu o \u00f3rg\u00e3o no \u00e2mbito do Judici\u00e1rio mineiro.<\/div><div><br><\/div><div><br><\/div><div><br><\/div><div>Todos os crimes<\/div><div>O relator do recurso, ministro Sebasti\u00e3o Reis J\u00fanior, afirmou que a Lei 13.431\/2017, que trata da cria\u00e7\u00e3o das varas especializadas, deve ser interpretada \u00e0 luz do princ\u00edpio da m\u00e1xima efetividade dos direitos fundamentais, corol\u00e1rio da dignidade da pessoa humana. Sob essa perspectiva, a compet\u00eancia da Justi\u00e7a especializada em crimes contra v\u00edtimas infantojuvenis deve abranger todos os delitos praticados contra esse p\u00fablico, de modo a garantir prote\u00e7\u00e3o integral e especializada.<\/div><div><br><\/div><div>\u201cA compet\u00eancia da vara especializada em crimes contra a crian\u00e7a e o adolescente deve ser interpretada de forma ampla, abrangendo todos os crimes praticados contra v\u00edtimas infantojuvenis, independentemente da tipifica\u00e7\u00e3o penal espec\u00edfica\u201d, declarou o magistrado.<\/div><div><br><\/div><div>De acordo com ele, a resolu\u00e7\u00e3o do TJ-MG, como norma local de organiza\u00e7\u00e3o judici\u00e1ria, n\u00e3o pode restringir o \u00e2mbito de prote\u00e7\u00e3o estabelecido pela legisla\u00e7\u00e3o federal, sob pena de viola\u00e7\u00e3o do princ\u00edpio da hierarquia normativa e dos compromissos internacionais assumidos pelo Estado brasileiro.<\/div><div><br><\/div><div>\u201cA exist\u00eancia de tal \u00f3rg\u00e3o jurisdicional especializado, dotado de estrutura t\u00e9cnica adequada e profissionais capacitados, constitui conquista civilizat\u00f3ria que n\u00e3o pode ser mitigada por interpreta\u00e7\u00e3o restritiva de ato normativo local\u201d, afirmou o relator._  <\/div>  <\/p><br \/>\n\t\t\t\t<p><strong>Publicada em : <\/strong><em>22\/04\/2026<\/em>\n\t\t\t\t<\/p><br \/><p><strong>Fonte : <\/strong><em>Consultor Juridico<\/em><\/p>\n\t\t\t<\/div>\n\n\n\n\t\t\t\t\t\t<\/span>\n\n\t\t\t\t\t<!-- CJT Shortcode Block (1) - noticias-empresariais - END -->\n\n<\/div>\n\t\t\t\t<\/div>\n\t\t\t\t<\/div>\n\t\t\t\t<\/div>\n\t\t<div data-particle_enable=\"false\" data-particle-mobile-disabled=\"false\" class=\"elementor-element elementor-element-fe6cea3 e-flex e-con-boxed e-con e-child\" data-id=\"fe6cea3\" data-element_type=\"container\" data-settings=\"{&quot;content_width&quot;:&quot;boxed&quot;,&quot;_ha_eqh_enable&quot;:false}\">\n\t\t\t\t\t<div class=\"e-con-inner\">\n\t\t\t\t<div class=\"elementor-element elementor-element-e86ab44 elementor-widget elementor-widget-shortcode\" data-id=\"e86ab44\" data-element_type=\"widget\" data-widget_type=\"shortcode.default\">\n\t\t\t\t<div class=\"elementor-widget-container\">\n\t\t\t\t\t<div class=\"elementor-shortcode\">\n\n<!-- CJT Shortcode Block (3) - calendario-federal - START -->\n\n\t\t\t\t\t\t<span id='csmi-ce4f466c0d971e22beccd4b7d731b004' class='csmi csmi-bid-3 csmi-calendario-federal'>\n\t\t\t\t\t\t\t\ufeff<form name=\"frm\" id=\"frm\" action=\"javascript:void(0)\" method=\"post\" autocomplete=\"off\">\n<table cellpadding=\"0\" cellspacing=\"0\" class=\"grid\"><thead><tr class=\"headings\"><th><a href=\"javascript:void(0)\" onclick=\"window.location.href='?Mes=3&Ano=2026'\">&lt;<\/a><\/th><th colspan=\"5\">ABR\/2026<\/th><th><a href=\"javascript:void(0)\" onclick=\"window.location.href='?Mes=5&Ano=2026'\">&gt;<\/a><\/th><\/tr><tr class=\"headings gradiente\"><th width=\"14%\" style=\"border-left:1px solid #DADFE0;\"><a><span>D<\/span><\/a><\/th><th width=\"14%\"><span><a>S<\/span><\/a><\/th><th width=\"14%\"><span><a>T<\/span><\/a><\/th><th width=\"14%\"><span><a>Q<\/span><\/a><\/th><th width=\"14%\"><span><a>Q<\/span><\/a><\/th><th width=\"14%\"><span><a>S<\/span><\/a><\/th><th width=\"14%\"><span><a>S<\/a><\/span><\/th><\/tr><\/thead><tbody><tr class=\"calendar-row calendar\"><td class=\"calendar-day-np\" style=\"border-left:0px;\">&nbsp;<\/td><td class=\"calendar-day-np\" style=\"border-left:0px;\">&nbsp;<\/td><td class=\"calendar-day-np\" style=\"border-left:0px;\">&nbsp;<\/td><td id=\"2026-04-01\" class=\"calendarDay\">\n\t\t\t\t<div class=\"dayNumber\">\n\t\t\t\t\t<a href=\"javascript:;\" data-fancybox data-src=\"#vis1\">01<\/a>\n\t\t\t\t<\/div><\/td><td id=\"2026-04-02\" class=\"calendarDay\">\n\t\t\t\t<div class=\"dayNumber\">\n\t\t\t\t\t<a href=\"javascript:;\" data-fancybox data-src=\"#vis2\">02<\/a>\n\t\t\t\t<\/div><\/td><td id=\"2026-04-03\" class=\"calendarDay\">\n\t\t\t\t<div class=\"dayNumber\">\n\t\t\t\t\t<a href=\"javascript:;\" data-fancybox data-src=\"#vis3\">03<\/a>\n\t\t\t\t<\/div><\/td><td id=\"2026-04-04\" class=\"calendarDay\" style=\"border-right:1px solid #DADFE0;\">\n\t\t\t\t<div class=\"dayNumber\">\n\t\t\t\t\t<a href=\"javascript:;\" data-fancybox data-src=\"#vis4\">04<\/a>\n\t\t\t\t<\/div><\/td><\/tr><tr class=\"calendar-row calendar\"><td id=\"2026-04-05\" class=\"domingo\">\n\t\t\t\t<div class=\"dayNumber\">\n\t\t\t\t\t<a href=\"javascript:;\" data-fancybox data-src=\"#vis5\">05<\/a>\n\t\t\t\t<\/div><\/td><td id=\"2026-04-06\" class=\"calendarDay\">\n\t\t\t\t<div class=\"dayNumber\">\n\t\t\t\t\t<a href=\"javascript:;\" data-fancybox data-src=\"#vis6\">06<\/a>\n\t\t\t\t<\/div><\/td><td id=\"2026-04-07\" class=\"calendarDay\">\n\t\t\t\t<div class=\"dayNumber\">\n\t\t\t\t\t<a href=\"javascript:;\" data-fancybox data-src=\"#vis7\">07<\/a>\n\t\t\t\t<\/div><\/td><td id=\"2026-04-08\" class=\"calendarDay\">\n\t\t\t\t<div class=\"dayNumber\">\n\t\t\t\t\t<a href=\"javascript:;\" data-fancybox data-src=\"#vis8\">08<\/a>\n\t\t\t\t<\/div><\/td><td id=\"2026-04-09\" class=\"calendarDay\">\n\t\t\t\t<div class=\"dayNumber\">\n\t\t\t\t\t<a href=\"javascript:;\" data-fancybox data-src=\"#vis9\">09<\/a>\n\t\t\t\t<\/div><\/td><td id=\"2026-04-10\" class=\"calendarDay\">\n\t\t\t\t<div class=\"dayNumber\">\n\t\t\t\t\t<a href=\"javascript:;\" data-fancybox data-src=\"#vis10\">10<\/a>\n\t\t\t\t<\/div><\/td><td id=\"2026-04-11\" class=\"calendarDay\" style=\"border-right:1px solid #DADFE0;\">\n\t\t\t\t<div class=\"dayNumber\">\n\t\t\t\t\t<a href=\"javascript:;\" data-fancybox data-src=\"#vis11\">11<\/a>\n\t\t\t\t<\/div><\/td><\/tr><tr class=\"calendar-row calendar\"><td id=\"2026-04-12\" class=\"domingo\">\n\t\t\t\t<div class=\"dayNumber\">\n\t\t\t\t\t<a href=\"javascript:;\" data-fancybox data-src=\"#vis12\">12<\/a>\n\t\t\t\t<\/div><\/td><td id=\"2026-04-13\" class=\"calendarDay\">\n\t\t\t\t<div class=\"dayNumber\">\n\t\t\t\t\t<a href=\"javascript:;\" data-fancybox data-src=\"#vis13\">13<\/a>\n\t\t\t\t<\/div><\/td><td id=\"2026-04-14\" class=\"calendarDay\">\n\t\t\t\t<div class=\"dayNumber\">\n\t\t\t\t\t<a href=\"javascript:;\" data-fancybox data-src=\"#vis14\">14<\/a>\n\t\t\t\t<\/div><\/td><td id=\"2026-04-15\" class=\"calendarDay\">\n\t\t\t\t<div class=\"dayNumber\">\n\t\t\t\t\t<a href=\"javascript:;\" data-fancybox data-src=\"#vis15\">15<\/a>\n\t\t\t\t<\/div><\/td><td id=\"2026-04-16\" class=\"calendarDay\">\n\t\t\t\t<div class=\"dayNumber\">\n\t\t\t\t\t<a href=\"javascript:;\" data-fancybox data-src=\"#vis16\">16<\/a>\n\t\t\t\t<\/div><\/td><td id=\"2026-04-17\" class=\"calendarDay\">\n\t\t\t\t<div class=\"dayNumber\">\n\t\t\t\t\t<a href=\"javascript:;\" data-fancybox data-src=\"#vis17\">17<\/a>\n\t\t\t\t<\/div><\/td><td id=\"2026-04-18\" class=\"calendarDay\" style=\"border-right:1px solid #DADFE0;\">\n\t\t\t\t<div class=\"dayNumber\">\n\t\t\t\t\t<a href=\"javascript:;\" data-fancybox data-src=\"#vis18\">18<\/a>\n\t\t\t\t<\/div><\/td><\/tr><tr class=\"calendar-row calendar\"><td id=\"2026-04-19\" class=\"domingo\">\n\t\t\t\t<div class=\"dayNumber\">\n\t\t\t\t\t<a href=\"javascript:;\" data-fancybox data-src=\"#vis19\">19<\/a>\n\t\t\t\t<\/div><\/td><td id=\"2026-04-20\" class=\"calendarDay\">\n\t\t\t\t<div class=\"dayNumber\">\n\t\t\t\t\t<a href=\"javascript:;\" data-fancybox data-src=\"#vis20\">20<\/a>\n\t\t\t\t<\/div><\/td><td id=\"2026-04-21\" class=\"calendarDay\">\n\t\t\t\t<div class=\"dayNumber\">\n\t\t\t\t\t<a href=\"javascript:;\" data-fancybox data-src=\"#vis21\">21<\/a>\n\t\t\t\t<\/div><\/td><td id=\"2026-04-22\" class=\"calendarDay\">\n\t\t\t\t<div class=\"dayNumber\">\n\t\t\t\t\t<a href=\"javascript:;\" data-fancybox data-src=\"#vis22\">22<\/a>\n\t\t\t\t<\/div><\/td><td id=\"2026-04-23\" class=\"calendarDay\">\n\t\t\t\t<div class=\"dayNumber\">\n\t\t\t\t\t<a href=\"javascript:;\" data-fancybox data-src=\"#vis23\">23<\/a>\n\t\t\t\t<\/div><\/td><td id=\"2026-04-24\" class=\"calendarDay\">\n\t\t\t\t<div class=\"dayNumber\">\n\t\t\t\t\t<a href=\"javascript:;\" data-fancybox data-src=\"#vis24\">24<\/a>\n\t\t\t\t<\/div><\/td><td id=\"2026-04-25\" class=\"calendarDay\" style=\"border-right:1px solid #DADFE0;\">\n\t\t\t\t<div class=\"dayNumber\">\n\t\t\t\t\t<a href=\"javascript:;\" data-fancybox data-src=\"#vis25\">25<\/a>\n\t\t\t\t<\/div><\/td><\/tr><tr class=\"calendar-row calendar\"><td id=\"2026-04-26\" class=\"domingo\">\n\t\t\t\t<div class=\"dayNumber\">\n\t\t\t\t\t<a href=\"javascript:;\" data-fancybox data-src=\"#vis26\">26<\/a>\n\t\t\t\t<\/div><\/td><td id=\"2026-04-27\" class=\"calendarDay\">\n\t\t\t\t<div class=\"dayNumber\">\n\t\t\t\t\t<a href=\"javascript:;\" data-fancybox data-src=\"#vis27\">27<\/a>\n\t\t\t\t<\/div><\/td><td id=\"2026-04-28\" class=\"calendarDay\">\n\t\t\t\t<div class=\"dayNumber\">\n\t\t\t\t\t<a href=\"javascript:;\" data-fancybox data-src=\"#vis28\">28<\/a>\n\t\t\t\t<\/div><\/td><td id=\"2026-04-29\" class=\"calendarDay\">\n\t\t\t\t<div class=\"dayNumber\">\n\t\t\t\t\t<a href=\"javascript:;\" data-fancybox data-src=\"#vis29\">29<\/a>\n\t\t\t\t<\/div><\/td><td id=\"2026-04-30\" class=\"calendarDay\">\n\t\t\t\t<div class=\"dayNumber\">\n\t\t\t\t\t<a href=\"javascript:;\" data-fancybox data-src=\"#vis30\">30<\/a>\n\t\t\t\t<\/div><\/td><td class=\"calendar-day-np\"><\/td><td class=\"calendar-day-np\"><\/td><\/tr><\/tbody><\/table> \n<\/form>\n\n\t\t\t\t\t\t<\/span>\n\n\t\t\t\t\t<!-- CJT Shortcode Block (3) - calendario-federal - END -->\n\n<\/div>\n\t\t\t\t<\/div>\n\t\t\t\t<\/div>\n\t\t\t\t\t<\/div>\n\t\t\t\t<\/div>\n\t\t\t\t<\/div>\n\t\t\t\t<\/div>\n\t\t\t\t<\/div>\n\t\t","protected":false},"excerpt":{"rendered":"<p>Tudo o que voc\u00ea precisa, a um clique de dist\u00e2ncia Links \u00dateis para facilitar sua vida Reunimos em um s\u00f3 lugar os principais sites e ferramentas que voc\u00ea precisa para manter sua empresa em dia. \u00c9 r\u00e1pido, pr\u00e1tico e pensado para poupar o seu tempo \u2014 assim voc\u00ea encontra as informa\u00e7\u00f5es certas sem perder o [&hellip;]<\/p>\n","protected":false},"author":1,"featured_media":0,"parent":0,"menu_order":0,"comment_status":"closed","ping_status":"closed","template":"elementor_header_footer","meta":{"footnotes":""},"class_list":["post-470","page","type-page","status-publish","hentry"],"_links":{"self":[{"href":"https:\/\/sitesa.com.br\/projetos\/modelos-wp\/2025\/mod15\/wp-json\/wp\/v2\/pages\/470","targetHints":{"allow":["GET"]}}],"collection":[{"href":"https:\/\/sitesa.com.br\/projetos\/modelos-wp\/2025\/mod15\/wp-json\/wp\/v2\/pages"}],"about":[{"href":"https:\/\/sitesa.com.br\/projetos\/modelos-wp\/2025\/mod15\/wp-json\/wp\/v2\/types\/page"}],"author":[{"embeddable":true,"href":"https:\/\/sitesa.com.br\/projetos\/modelos-wp\/2025\/mod15\/wp-json\/wp\/v2\/users\/1"}],"replies":[{"embeddable":true,"href":"https:\/\/sitesa.com.br\/projetos\/modelos-wp\/2025\/mod15\/wp-json\/wp\/v2\/comments?post=470"}],"version-history":[{"count":107,"href":"https:\/\/sitesa.com.br\/projetos\/modelos-wp\/2025\/mod15\/wp-json\/wp\/v2\/pages\/470\/revisions"}],"predecessor-version":[{"id":873,"href":"https:\/\/sitesa.com.br\/projetos\/modelos-wp\/2025\/mod15\/wp-json\/wp\/v2\/pages\/470\/revisions\/873"}],"wp:attachment":[{"href":"https:\/\/sitesa.com.br\/projetos\/modelos-wp\/2025\/mod15\/wp-json\/wp\/v2\/media?parent=470"}],"curies":[{"name":"wp","href":"https:\/\/api.w.org\/{rel}","templated":true}]}}