{"id":55,"date":"2020-01-02T06:21:26","date_gmt":"2020-01-02T06:21:26","guid":{"rendered":"https:\/\/sitesa.com.br\/projetos\/modelos-wp\/mod05-22\/index.php\/home\/"},"modified":"2022-11-10T14:17:12","modified_gmt":"2022-11-10T14:17:12","slug":"home","status":"publish","type":"page","link":"https:\/\/sitesa.com.br\/projetos\/modelos-wp\/mod05-22\/","title":{"rendered":"Home"},"content":{"rendered":"\t\t<div data-elementor-type=\"wp-page\" data-elementor-id=\"55\" class=\"elementor elementor-55\">\n\t\t\t\t\t\t<div class=\"elementor-inner\">\n\t\t\t\t<div class=\"elementor-section-wrap\">\n\t\t\t\t\t\t\t\t\t<section class=\"elementor-section elementor-top-section elementor-element elementor-element-6f11a2b elementor-section-boxed elementor-section-height-default elementor-section-height-default\" data-id=\"6f11a2b\" data-element_type=\"section\" data-settings=\"{&quot;background_background&quot;:&quot;classic&quot;}\">\n\t\t\t\t\t\t<div class=\"elementor-container elementor-column-gap-default\">\n\t\t\t\t\t\t\t<div class=\"elementor-row\">\n\t\t\t\t\t<div class=\"aux-parallax-section elementor-column elementor-col-100 elementor-top-column elementor-element elementor-element-608a314\" data-id=\"608a314\" data-element_type=\"column\">\n\t\t\t<div class=\"elementor-column-wrap elementor-element-populated\">\n\t\t\t\t\t\t\t<div class=\"elementor-widget-wrap\">\n\t\t\t\t\t\t<div class=\"elementor-element elementor-element-ba11166 aux-appear-watch-animation aux-slide-from-bot elementor-widget elementor-widget-aux_modern_heading\" data-id=\"ba11166\" data-element_type=\"widget\" data-widget_type=\"aux_modern_heading.default\">\n\t\t\t\t<div class=\"elementor-widget-container\">\n\t\t\t<section class=\"aux-widget-modern-heading\">\n            <div class=\"aux-widget-inner\"><h1 class=\"aux-modern-heading-primary\">A parceria que voc\u00ea precisa para sua empresa decolar!<\/h1><div class=\"aux-modern-heading-description\"><p>Solu\u00e7\u00f5es corporativas, din\u00e2micas e modernas como o mercado exige.<\/p><\/div><\/div>\n        <\/section>\t\t<\/div>\n\t\t\t\t<\/div>\n\t\t\t\t<div class=\"aux-scroll-anim elementor-element elementor-element-e77a388 elementor-widget__width-auto aux-shpe-type-circle elementor-widget elementor-widget-aux_simple_shape\" data-move-in=\"fade\" data-move-out=\"moveVertical\" data-axis-x=\"200\" data-axis-y=\"-50\" data-rotate=\"90\" data-scale=\"1\" data-vp-top=\"0.5\" data-vp-bot=\"0.5\" data-el-top=\"0.2\" data-scroll-animation-off=\"1024\" data-id=\"e77a388\" data-element_type=\"widget\" data-widget_type=\"aux_simple_shape.default\">\n\t\t\t\t<div class=\"elementor-widget-container\">\n\t\t\t    <div class=\"aux-widget-container aux-simple-shape-container\">\n        <div class=\"aux-widget-container-inner\">\n            <div class=\"aux-the-shape\"><\/div>\n        <\/div>\n    <\/div>\n    \t\t<\/div>\n\t\t\t\t<\/div>\n\t\t\t\t<div class=\"aux-scroll-anim elementor-element elementor-element-0aa853b elementor-widget__width-auto elementor-widget elementor-widget-aux_simple_svg\" data-move-in=\"\" data-move-out=\"moveVertical\" data-axis-x=\"200\" data-axis-y=\"-100\" data-rotate=\"90\" data-scale=\"1\" data-vp-top=\"0.5\" data-vp-bot=\"0.5\" data-el-top=\"0.2\" data-scroll-animation-off=\"1024\" data-id=\"0aa853b\" data-element_type=\"widget\" data-widget_type=\"aux_simple_svg.default\">\n\t\t\t\t<div class=\"elementor-widget-container\">\n\t\t\t    <div class=\"aux-widget-container aux-simple-svg-container\">\n        <div class=\"aux-widget-container-inner\">\n            <div class=\"aux-the-svg\"><svg xmlns=\"http:\/\/www.w3.org\/2000\/svg\" width=\"485.107\" height=\"499.809\"><path d=\"M422.303 222.764a35.017 35.017 0 011.816 35.01l-68.556 134.138a35.017 35.017 0 01-29.295 19.03l-150.423 8.107a35.017 35.017 0 01-31.25-15.89L62.832 277.29a35.017 35.017 0 01-1.816-35.01l68.557-134.137a35.017 35.017 0 0129.295-19.03l150.423-8.108a35.017 35.017 0 0131.25 15.89z\" fill=\"var(--e-global-color-primary)\" \/><\/svg><\/div>\n        <\/div>\n    <\/div>\n    \t\t<\/div>\n\t\t\t\t<\/div>\n\t\t\t\t<div class=\"aux-scroll-anim elementor-element elementor-element-cf2fd2f elementor-widget__width-auto elementor-hidden-phone aux-shpe-type-circle elementor-widget elementor-widget-aux_simple_shape\" data-move-in=\"\" data-move-out=\"moveVertical\" data-axis-x=\"200\" data-axis-y=\"50\" data-rotate=\"90\" data-scale=\"1\" data-vp-top=\"0.5\" data-vp-bot=\"0.5\" data-el-top=\"0.2\" data-scroll-animation-off=\"1024\" data-id=\"cf2fd2f\" data-element_type=\"widget\" data-widget_type=\"aux_simple_shape.default\">\n\t\t\t\t<div class=\"elementor-widget-container\">\n\t\t\t    <div class=\"aux-widget-container aux-simple-shape-container\">\n        <div class=\"aux-widget-container-inner\">\n            <div class=\"aux-the-shape\"><\/div>\n        <\/div>\n    <\/div>\n    \t\t<\/div>\n\t\t\t\t<\/div>\n\t\t\t\t<div class=\"aux-scroll-anim elementor-element elementor-element-22d4e8e elementor-widget__width-auto elementor-hidden-tablet elementor-hidden-phone aux-shpe-type-circle elementor-widget elementor-widget-aux_simple_shape\" data-move-in=\"fadeLeft\" data-move-out=\"moveHorizontal\" data-axis-x=\"-80\" data-axis-y=\"-50\" data-rotate=\"90\" data-scale=\"1\" data-vp-top=\"0.5\" data-vp-bot=\"0.5\" data-el-top=\"0.2\" data-scroll-animation-off=\"1024\" data-id=\"22d4e8e\" data-element_type=\"widget\" data-widget_type=\"aux_simple_shape.default\">\n\t\t\t\t<div class=\"elementor-widget-container\">\n\t\t\t    <div class=\"aux-widget-container aux-simple-shape-container\">\n        <div class=\"aux-widget-container-inner\">\n            <div class=\"aux-the-shape\"><\/div>\n        <\/div>\n    <\/div>\n    \t\t<\/div>\n\t\t\t\t<\/div>\n\t\t\t\t<div class=\"aux-scroll-anim elementor-element elementor-element-4b0cc21 elementor-widget__width-auto elementor-widget elementor-widget-aux_simple_svg\" data-move-in=\"\" data-move-out=\"moveVertical\" data-axis-x=\"200\" data-axis-y=\"90\" data-rotate=\"90\" data-scale=\"1\" data-vp-top=\"0.5\" data-vp-bot=\"0.5\" data-el-top=\"0.2\" data-scroll-animation-off=\"1024\" data-id=\"4b0cc21\" data-element_type=\"widget\" data-widget_type=\"aux_simple_svg.default\">\n\t\t\t\t<div class=\"elementor-widget-container\">\n\t\t\t    <div class=\"aux-widget-container aux-simple-svg-container\">\n        <div class=\"aux-widget-container-inner\">\n            <div class=\"aux-the-svg\"><svg xmlns=\"http:\/\/www.w3.org\/2000\/svg\" width=\"192.106\" height=\"197.987\"><path d=\"M163.712 82.893a25.012 25.012 0 011.304 24.994l-21.258 41.657a25.012 25.012 0 01-20.948 13.607l-46.7 2.488a25.012 25.012 0 01-22.307-11.35L28.406 115.19a25.012 25.012 0 01-1.304-24.994l21.257-41.66a25.012 25.012 0 0120.947-13.606l46.7-2.489a25.012 25.012 0 0122.309 11.354z\" fill=\"var(--e-global-color-64ad9b3d)\" \/><\/svg><\/div>\n        <\/div>\n    <\/div>\n    \t\t<\/div>\n\t\t\t\t<\/div>\n\t\t\t\t<div class=\"elementor-element elementor-element-64f36a8 aux-appear-watch-animation aux-scale-down elementor-widget elementor-widget-aux_image\" data-id=\"64f36a8\" data-element_type=\"widget\" data-widget_type=\"aux_image.default\">\n\t\t\t\t<div class=\"elementor-widget-container\">\n\t\t\t<section class=\"widget-container aux-widget-image aux-alignnone aux-parent-au3daafd5e\">\n    <div class=\"aux-media-hint-frame \">\n        <div class=\"aux-media-image \" >\n        \n            \n\n            \n            <img loading=\"lazy\" decoding=\"async\" width=\"1720\" height=\"1080\" src=\"image\/gif;base64,R0lGODlhAQABAIAAAAAAAP\/\/\/yH5BAEAAAAALAAAAAABAAEAAAIBRAA7\" class=\"aux-attachment aux-featured-image aux-attachment-id-67 aux-preload aux-blank\" alt=\"Dashboard\" data-ratio=\"1.59\" data-original-w=\"1720\" data-src=\"https:\/\/sitesa.com.br\/projetos\/modelos-wp\/mod05-22\/wp-content\/uploads\/2022\/11\/1dashboard.png\" \/>            \n                <\/div>\n    <\/div>\n\n<\/section><!-- widget-container -->\t\t<\/div>\n\t\t\t\t<\/div>\n\t\t\t\t\t\t<\/div>\n\t\t\t\t\t<\/div>\n\t\t<\/div>\n\t\t\t\t\t\t\t\t<\/div>\n\t\t\t\t\t<\/div>\n\t\t<\/section>\n\t\t\t\t<section class=\"elementor-section elementor-top-section elementor-element elementor-element-ebe217b elementor-hidden-phone elementor-section-boxed elementor-section-height-default elementor-section-height-default\" data-id=\"ebe217b\" data-element_type=\"section\" data-settings=\"{&quot;background_background&quot;:&quot;classic&quot;,&quot;shape_divider_top&quot;:&quot;curve&quot;}\">\n\t\t\t\t\t<div class=\"elementor-shape elementor-shape-top\" data-negative=\"false\">\n\t\t\t<svg xmlns=\"http:\/\/www.w3.org\/2000\/svg\" viewBox=\"0 0 1000 100\" preserveAspectRatio=\"none\">\n    <path class=\"elementor-shape-fill\" d=\"M1000,4.3V0H0v4.3C0.9,23.1,126.7,99.2,500,100S1000,22.7,1000,4.3z\"\/>\n<\/svg>\t\t<\/div>\n\t\t\t\t\t<div class=\"elementor-container elementor-column-gap-default\">\n\t\t\t\t\t\t\t<div class=\"elementor-row\">\n\t\t\t\t\t<div class=\"aux-parallax-section elementor-column elementor-col-100 elementor-top-column elementor-element elementor-element-1c386cd\" data-id=\"1c386cd\" data-element_type=\"column\">\n\t\t\t<div class=\"elementor-column-wrap elementor-element-populated\">\n\t\t\t\t\t\t\t<div class=\"elementor-widget-wrap\">\n\t\t\t\t\t\t<div class=\"aux-scroll-anim elementor-element elementor-element-30ce017 elementor-widget__width-auto elementor-widget elementor-widget-aux_simple_svg\" data-move-in=\"fadeRight\" data-move-out=\"moveHorizontal\" data-axis-x=\"100\" data-axis-y=\"60\" data-rotate=\"90\" data-scale=\"1\" data-vp-top=\"0.5\" data-vp-bot=\"0.5\" data-el-top=\"0.2\" data-scroll-animation-off=\"1024\" data-id=\"30ce017\" data-element_type=\"widget\" data-widget_type=\"aux_simple_svg.default\">\n\t\t\t\t<div class=\"elementor-widget-container\">\n\t\t\t    <div class=\"aux-widget-container aux-simple-svg-container\">\n        <div class=\"aux-widget-container-inner\">\n            <div class=\"aux-the-svg\"><svg xmlns=\"http:\/\/www.w3.org\/2000\/svg\" width=\"302.684\" height=\"311.505\"><path d=\"M259.42 132.106a35.017 35.017 0 011.778 35.083l-36.1 70.233a35.017 35.017 0 01-29.178 18.954l-78.843 4.432a35.017 35.017 0 01-31.33-15.887l-42.464-65.37a35.017 35.017 0 01-1.779-35.082l36.1-70.233a35.017 35.017 0 0129.178-18.954l78.843-4.432a35.017 35.017 0 0131.33 15.887z\" fill=\"var(--e-global-color-secondary)\" \/><\/svg><\/div>\n        <\/div>\n    <\/div>\n    \t\t<\/div>\n\t\t\t\t<\/div>\n\t\t\t\t<div class=\"aux-scroll-anim elementor-element elementor-element-83ddfe5 elementor-widget__width-auto aux-shpe-type-circle elementor-widget elementor-widget-aux_simple_shape\" data-move-in=\"fade\" data-move-out=\"moveVertical\" data-axis-x=\"50\" data-axis-y=\"50\" data-rotate=\"90\" data-scale=\"1\" data-vp-top=\"0.5\" data-vp-bot=\"0.5\" data-el-top=\"0.2\" data-scroll-animation-off=\"1024\" data-id=\"83ddfe5\" data-element_type=\"widget\" data-widget_type=\"aux_simple_shape.default\">\n\t\t\t\t<div class=\"elementor-widget-container\">\n\t\t\t    <div class=\"aux-widget-container aux-simple-shape-container\">\n        <div class=\"aux-widget-container-inner\">\n            <div class=\"aux-the-shape\"><\/div>\n        <\/div>\n    <\/div>\n    \t\t<\/div>\n\t\t\t\t<\/div>\n\t\t\t\t\t\t<\/div>\n\t\t\t\t\t<\/div>\n\t\t<\/div>\n\t\t\t\t\t\t\t\t<\/div>\n\t\t\t\t\t<\/div>\n\t\t<\/section>\n\t\t\t\t<section class=\"elementor-section elementor-top-section elementor-element elementor-element-31ae23b elementor-section-boxed elementor-section-height-default elementor-section-height-default\" data-id=\"31ae23b\" data-element_type=\"section\">\n\t\t\t\t\t\t<div class=\"elementor-container elementor-column-gap-default\">\n\t\t\t\t\t\t\t<div class=\"elementor-row\">\n\t\t\t\t\t<div class=\"aux-parallax-section elementor-column elementor-col-100 elementor-top-column elementor-element elementor-element-4917ea3\" data-id=\"4917ea3\" data-element_type=\"column\">\n\t\t\t<div class=\"elementor-column-wrap elementor-element-populated\">\n\t\t\t\t\t\t\t<div class=\"elementor-widget-wrap\">\n\t\t\t\t\t\t<div class=\"elementor-element elementor-element-af42218 aux-appear-watch-animation aux-fade-in-up-1 elementor-widget elementor-widget-aux_modern_heading\" data-id=\"af42218\" data-element_type=\"widget\" data-widget_type=\"aux_modern_heading.default\">\n\t\t\t\t<div class=\"elementor-widget-container\">\n\t\t\t<section class=\"aux-widget-modern-heading\">\n            <div class=\"aux-widget-inner\"><h2 class=\"aux-modern-heading-primary\">SOLU\u00c7\u00d5ES<\/h2><div class=\"aux-modern-heading-description\"><p>Com nossa equipe especializada, moderna e com anos de experi\u00eancia de mercado, estamos prontos para lhe atender.<\/p><\/div><\/div>\n        <\/section>\t\t<\/div>\n\t\t\t\t<\/div>\n\t\t\t\t<div class=\"aux-scroll-anim elementor-element elementor-element-b1b1e06 elementor-widget__width-auto aux-shpe-type-circle elementor-widget elementor-widget-aux_simple_shape\" data-move-in=\"fadeBottom\" data-move-out=\"moveVertical\" data-axis-x=\"200\" data-axis-y=\"-50\" data-rotate=\"90\" data-scale=\"1\" data-vp-top=\"0.5\" data-vp-bot=\"0.5\" data-el-top=\"0.2\" data-scroll-animation-off=\"1024\" data-id=\"b1b1e06\" data-element_type=\"widget\" data-widget_type=\"aux_simple_shape.default\">\n\t\t\t\t<div class=\"elementor-widget-container\">\n\t\t\t    <div class=\"aux-widget-container aux-simple-shape-container\">\n        <div class=\"aux-widget-container-inner\">\n            <div class=\"aux-the-shape\"><\/div>\n        <\/div>\n    <\/div>\n    \t\t<\/div>\n\t\t\t\t<\/div>\n\t\t\t\t<div class=\"aux-scroll-anim elementor-element elementor-element-63bdb2f elementor-widget__width-auto aux-shpe-type-circle elementor-widget elementor-widget-aux_simple_shape\" data-move-in=\"fade\" data-move-out=\"moveHorizontal\" data-axis-x=\"-50\" data-axis-y=\"50\" data-rotate=\"90\" data-scale=\"1\" data-vp-top=\"0.5\" data-vp-bot=\"0.5\" data-el-top=\"0.2\" data-scroll-animation-off=\"1024\" data-id=\"63bdb2f\" data-element_type=\"widget\" data-widget_type=\"aux_simple_shape.default\">\n\t\t\t\t<div class=\"elementor-widget-container\">\n\t\t\t    <div class=\"aux-widget-container aux-simple-shape-container\">\n        <div class=\"aux-widget-container-inner\">\n            <div class=\"aux-the-shape\"><\/div>\n        <\/div>\n    <\/div>\n    \t\t<\/div>\n\t\t\t\t<\/div>\n\t\t\t\t<div class=\"aux-scroll-anim elementor-element elementor-element-83d6ac1 elementor-widget__width-auto elementor-widget elementor-widget-aux_simple_svg\" data-move-in=\"fade\" data-move-out=\"moveVertical\" data-axis-x=\"200\" data-axis-y=\"100\" data-rotate=\"90\" data-scale=\"1\" data-vp-top=\"0.5\" data-vp-bot=\"0.5\" data-el-top=\"0.2\" data-scroll-animation-off=\"1024\" data-id=\"83d6ac1\" data-element_type=\"widget\" data-widget_type=\"aux_simple_svg.default\">\n\t\t\t\t<div class=\"elementor-widget-container\">\n\t\t\t    <div class=\"aux-widget-container aux-simple-svg-container\">\n        <div class=\"aux-widget-container-inner\">\n            <div class=\"aux-the-svg\"><svg xmlns=\"http:\/\/www.w3.org\/2000\/svg\" width=\"570.685\" height=\"587.775\"><path d=\"M498.796 264.777a35.017 35.017 0 011.804 35.033l-84.052 164.162a35.017 35.017 0 01-29.26 19.006l-184.144 10.054a35.017 35.017 0 01-31.275-15.889l-99.945-153.86a35.017 35.017 0 01-1.802-35.031l84.046-164.159a35.017 35.017 0 0129.26-19.006l184.15-10.058a35.017 35.017 0 0131.273 15.887z\" fill=\"var(--e-global-color-b79d8b6)\" \/><\/svg><\/div>\n        <\/div>\n    <\/div>\n    \t\t<\/div>\n\t\t\t\t<\/div>\n\t\t\t\t<div class=\"aux-scroll-anim elementor-element elementor-element-0daf83e elementor-widget__width-auto elementor-widget elementor-widget-aux_simple_svg\" data-move-in=\"fadeRight\" data-move-out=\"moveHorizontal\" data-axis-x=\"80\" data-axis-y=\"-80\" data-rotate=\"90\" data-scale=\"1\" data-vp-top=\"0.5\" data-vp-bot=\"0.5\" data-el-top=\"0.2\" data-scroll-animation-off=\"1024\" data-id=\"0daf83e\" data-element_type=\"widget\" data-widget_type=\"aux_simple_svg.default\">\n\t\t\t\t<div class=\"elementor-widget-container\">\n\t\t\t    <div class=\"aux-widget-container aux-simple-svg-container\">\n        <div class=\"aux-widget-container-inner\">\n            <div class=\"aux-the-svg\"><svg xmlns=\"http:\/\/www.w3.org\/2000\/svg\" width=\"570.685\" height=\"587.775\"><path d=\"M498.796 264.777a35.017 35.017 0 011.804 35.033l-84.052 164.162a35.017 35.017 0 01-29.26 19.006l-184.144 10.054a35.017 35.017 0 01-31.275-15.889l-99.945-153.86a35.017 35.017 0 01-1.802-35.031l84.046-164.159a35.017 35.017 0 0129.26-19.006l184.15-10.058a35.017 35.017 0 0131.273 15.887z\" fill=\"var(--e-global-color-b79d8b6)\" \/><\/svg><\/div>\n        <\/div>\n    <\/div>\n    \t\t<\/div>\n\t\t\t\t<\/div>\n\t\t\t\t<section class=\"elementor-section elementor-inner-section elementor-element elementor-element-1e5706c elementor-section-boxed elementor-section-height-default elementor-section-height-default\" data-id=\"1e5706c\" data-element_type=\"section\">\n\t\t\t\t\t\t<div class=\"elementor-container elementor-column-gap-wide\">\n\t\t\t\t\t\t\t<div class=\"elementor-row\">\n\t\t\t\t\t<div class=\"aux-parallax-section elementor-column elementor-col-33 elementor-inner-column elementor-element elementor-element-9c3db96\" data-id=\"9c3db96\" data-element_type=\"column\">\n\t\t\t<div class=\"elementor-column-wrap elementor-element-populated\">\n\t\t\t\t\t\t\t<div class=\"elementor-widget-wrap\">\n\t\t\t\t\t\t<div class=\"elementor-element elementor-element-f4037e3 bdt-icon-type-icon elementor-widget elementor-widget-bdt-fancy-card\" data-id=\"f4037e3\" data-element_type=\"widget\" data-widget_type=\"bdt-fancy-card.default\">\n\t\t\t\t<div class=\"elementor-widget-container\">\n\t\t\t\t\t<div class=\"bdt-ep-fancy-card bdt-ep-fancy-card-default bdt-ep-fancy-card-icon-default\">\n\t\t\t\n\t\t\t\n\t\t\t\t\t<div class=\"bdt-ep-fancy-card-icon\" data-label=\"CONTABILIDADE\" >\n\t\t\t\t<span class=\"bdt-ep-fancy-card-icon-inner\">\n\t\t\t\t\t\n\t\t\t\t\t\t<i aria-hidden=\"true\" class=\"auxicon auxicon-calculator-3\"><\/i>\n\t\t\t\t\t\t\t\t\t<\/span>\n\t\t\t<\/div>\n\t\t\t\t\t\n\t\t\t<div class=\"bdt-ep-fancy-card-content\">\n\t\t\t\t\n\t\t\t\t\t<h3 class=\"bdt-ep-fancy-card-title\">\n\t\t\t\t<span >\n\t\t\t\t\tCONTABILIDADE\t\t\t\t<\/span>\n\t\t\t<\/h3>\n\t\t\n\t\t\t\t\t\t\t\t\t\t\t<div class=\"bdt-ep-fancy-card-text\">\n\t\t\t\tAssessoria cont\u00e1bil para empresas de micro, pequeno, m\u00e9dio e grande portes, com apresenta\u00e7\u00e3o mensal de relat\u00f3rios oficiais, devidamente conciliados e confrontados com os controles internos da empresa, seguindo as normas de servi\u00e7os com os documentos cont\u00e1beis.\t\t\t<\/div>\n\t\t\n\t\t\t\t\t\t\t\t\t\t\t\t\t\t<a class=\"bdt-ep-fancy-card-readmore bdt-display-inline-block\">\n\t\t\t\t\t\t\t\t\t\t\t<\/a>\n\t\t\t\t\t\t\t\t<\/div>\n\t\t<\/div>\n\n\t\t\t\t\n\t\t\t\t<\/div>\n\t\t\t\t<\/div>\n\t\t\t\t\t\t<\/div>\n\t\t\t\t\t<\/div>\n\t\t<\/div>\n\t\t\t\t<div class=\"aux-parallax-section elementor-column elementor-col-33 elementor-inner-column elementor-element elementor-element-8f2c16b\" data-id=\"8f2c16b\" data-element_type=\"column\">\n\t\t\t<div class=\"elementor-column-wrap elementor-element-populated\">\n\t\t\t\t\t\t\t<div class=\"elementor-widget-wrap\">\n\t\t\t\t\t\t<div class=\"elementor-element elementor-element-25481b5 bdt-icon-type-icon elementor-widget elementor-widget-bdt-fancy-card\" data-id=\"25481b5\" data-element_type=\"widget\" data-widget_type=\"bdt-fancy-card.default\">\n\t\t\t\t<div class=\"elementor-widget-container\">\n\t\t\t\t\t<div class=\"bdt-ep-fancy-card bdt-ep-fancy-card-default bdt-ep-fancy-card-icon-default\">\n\t\t\t\n\t\t\t\n\t\t\t\t\t<div class=\"bdt-ep-fancy-card-icon\" data-label=\"ADMINISTRA\u00c7\u00c3O EMPRESARIAL\" >\n\t\t\t\t<span class=\"bdt-ep-fancy-card-icon-inner\">\n\t\t\t\t\t\n\t\t\t\t\t\t<i aria-hidden=\"true\" class=\"fas fa-business-time\"><\/i>\n\t\t\t\t\t\t\t\t\t<\/span>\n\t\t\t<\/div>\n\t\t\t\t\t\n\t\t\t<div class=\"bdt-ep-fancy-card-content\">\n\t\t\t\t\n\t\t\t\t\t<h3 class=\"bdt-ep-fancy-card-title\">\n\t\t\t\t<span >\n\t\t\t\t\tADMINISTRA\u00c7\u00c3O EMPRESARIAL\t\t\t\t<\/span>\n\t\t\t<\/h3>\n\t\t\n\t\t\t\t\t\t\t\t\t\t\t<div class=\"bdt-ep-fancy-card-text\">\n\t\t\t\tAbertura de empresas (ind\u00fastria, com\u00e9rcio e servi\u00e7os), altera\u00e7\u00f5es contratuais, encerramento de atividades, regulariza\u00e7\u00e3o perante Jucesp, SRF, Sefaz, Prefeituras, Cetesb, MTB, INSS.<br><br>\t\t\t<\/div>\n\t\t\n\t\t\t\t\t\t\t\t\t\t\t\t\t\t<a class=\"bdt-ep-fancy-card-readmore bdt-display-inline-block\">\n\t\t\t\t\t\t\t\t\t\t\t<\/a>\n\t\t\t\t\t\t\t\t<\/div>\n\t\t<\/div>\n\n\t\t\t\t\n\t\t\t\t<\/div>\n\t\t\t\t<\/div>\n\t\t\t\t\t\t<\/div>\n\t\t\t\t\t<\/div>\n\t\t<\/div>\n\t\t\t\t<div class=\"aux-parallax-section elementor-column elementor-col-33 elementor-inner-column elementor-element elementor-element-31191f6\" data-id=\"31191f6\" data-element_type=\"column\">\n\t\t\t<div class=\"elementor-column-wrap elementor-element-populated\">\n\t\t\t\t\t\t\t<div class=\"elementor-widget-wrap\">\n\t\t\t\t\t\t<div class=\"elementor-element elementor-element-d8b141d bdt-icon-type-icon elementor-widget elementor-widget-bdt-fancy-card\" data-id=\"d8b141d\" data-element_type=\"widget\" data-widget_type=\"bdt-fancy-card.default\">\n\t\t\t\t<div class=\"elementor-widget-container\">\n\t\t\t\t\t<div class=\"bdt-ep-fancy-card bdt-ep-fancy-card-default bdt-ep-fancy-card-icon-default\">\n\t\t\t\n\t\t\t\n\t\t\t\t\t<div class=\"bdt-ep-fancy-card-icon\" data-label=\"RECURSOS HUMANOS\" >\n\t\t\t\t<span class=\"bdt-ep-fancy-card-icon-inner\">\n\t\t\t\t\t\n\t\t\t\t\t\t<i aria-hidden=\"true\" class=\"fas fa-users\"><\/i>\n\t\t\t\t\t\t\t\t\t<\/span>\n\t\t\t<\/div>\n\t\t\t\t\t\n\t\t\t<div class=\"bdt-ep-fancy-card-content\">\n\t\t\t\t\n\t\t\t\t\t<h3 class=\"bdt-ep-fancy-card-title\">\n\t\t\t\t<span >\n\t\t\t\t\tRECURSOS HUMANOS\t\t\t\t<\/span>\n\t\t\t<\/h3>\n\t\t\n\t\t\t\t\t\t\t\t\t\t\t<div class=\"bdt-ep-fancy-card-text\">\n\t\t\t\tCoordena\u00e7\u00e3o de toda a \u00e1rea de departamento pessoal: admiss\u00e3o, rescis\u00e3o, f\u00e9rias, diss\u00eddio coletivo. Emiss\u00e3o de todos os relat\u00f3rios e guias pertinentes ao departamento. Cumprimento de todas as exig\u00eancias legais: Dirf, DCTF, Informes de Rendimentos, Caged, FGTS, entre outros.\t\t\t<\/div>\n\t\t\n\t\t\t\t\t\t\t\t\t\t\t\t\t\t<a class=\"bdt-ep-fancy-card-readmore bdt-display-inline-block\">\n\t\t\t\t\t\t\t\t\t\t\t<\/a>\n\t\t\t\t\t\t\t\t<\/div>\n\t\t<\/div>\n\n\t\t\t\t\n\t\t\t\t<\/div>\n\t\t\t\t<\/div>\n\t\t\t\t\t\t<\/div>\n\t\t\t\t\t<\/div>\n\t\t<\/div>\n\t\t\t\t\t\t\t\t<\/div>\n\t\t\t\t\t<\/div>\n\t\t<\/section>\n\t\t\t\t\t\t<\/div>\n\t\t\t\t\t<\/div>\n\t\t<\/div>\n\t\t\t\t\t\t\t\t<\/div>\n\t\t\t\t\t<\/div>\n\t\t<\/section>\n\t\t\t\t<section class=\"elementor-section elementor-top-section elementor-element elementor-element-05f9496 elementor-section-content-middle elementor-section-boxed elementor-section-height-default elementor-section-height-default\" data-id=\"05f9496\" data-element_type=\"section\">\n\t\t\t\t\t\t<div class=\"elementor-container elementor-column-gap-default\">\n\t\t\t\t\t\t\t<div class=\"elementor-row\">\n\t\t\t\t\t<div class=\"aux-parallax-section elementor-column elementor-col-33 elementor-top-column elementor-element elementor-element-f66ddb0\" data-id=\"f66ddb0\" data-element_type=\"column\">\n\t\t\t<div class=\"elementor-column-wrap elementor-element-populated\">\n\t\t\t\t\t\t\t<div class=\"elementor-widget-wrap\">\n\t\t\t\t\t\t<div class=\"elementor-element elementor-element-764df50 aux-appear-watch-animation aux-fade-in-up elementor-widget elementor-widget-aux_modern_heading\" data-id=\"764df50\" data-element_type=\"widget\" data-widget_type=\"aux_modern_heading.default\">\n\t\t\t\t<div class=\"elementor-widget-container\">\n\t\t\t<section class=\"aux-widget-modern-heading\">\n            <div class=\"aux-widget-inner\"><h2 class=\"aux-modern-heading-primary\">Quer trocar a sua contabilidade?<br>Vamos calcular!<\/h2><div class=\"aux-modern-heading-description\"><p>Informe os dados em nossa calculadora exclusiva e saiba na hora qual ser\u00e1 o valor da sua mensalidade conosco. Com certeza ser\u00e1 um neg\u00f3cio vantajoso e voc\u00ea ir\u00e1 mudar sua contabilidade para ter a expertise da CONT\u00c1BIL DEMONSTRA\u00c7\u00c3O!<\/p><\/div><\/div>\n        <\/section>\t\t<\/div>\n\t\t\t\t<\/div>\n\t\t\t\t<div class=\"aux-scroll-anim elementor-element elementor-element-de8c36b elementor-widget__width-auto aux-shpe-type-circle elementor-widget elementor-widget-aux_simple_shape\" data-move-in=\"fadeBottom\" data-move-out=\"moveVertical\" data-axis-x=\"200\" data-axis-y=\"-30\" data-rotate=\"90\" data-scale=\"1\" data-vp-top=\"0.5\" data-vp-bot=\"0.5\" data-el-top=\"0.2\" data-scroll-animation-off=\"1024\" data-id=\"de8c36b\" data-element_type=\"widget\" data-widget_type=\"aux_simple_shape.default\">\n\t\t\t\t<div class=\"elementor-widget-container\">\n\t\t\t    <div class=\"aux-widget-container aux-simple-shape-container\">\n        <div class=\"aux-widget-container-inner\">\n            <div class=\"aux-the-shape\"><\/div>\n        <\/div>\n    <\/div>\n    \t\t<\/div>\n\t\t\t\t<\/div>\n\t\t\t\t<div class=\"aux-scroll-anim elementor-element elementor-element-1048af7 elementor-widget__width-auto aux-shpe-type-circle elementor-widget elementor-widget-aux_simple_shape\" data-move-in=\"fadeTop\" data-move-out=\"moveVertical\" data-axis-x=\"200\" data-axis-y=\"60\" data-rotate=\"90\" data-scale=\"1\" data-vp-top=\"0.5\" data-vp-bot=\"0.5\" data-el-top=\"0.2\" data-scroll-animation-off=\"1024\" data-id=\"1048af7\" data-element_type=\"widget\" data-widget_type=\"aux_simple_shape.default\">\n\t\t\t\t<div class=\"elementor-widget-container\">\n\t\t\t    <div class=\"aux-widget-container aux-simple-shape-container\">\n        <div class=\"aux-widget-container-inner\">\n            <div class=\"aux-the-shape\"><\/div>\n        <\/div>\n    <\/div>\n    \t\t<\/div>\n\t\t\t\t<\/div>\n\t\t\t\t\t\t<\/div>\n\t\t\t\t\t<\/div>\n\t\t<\/div>\n\t\t\t\t<div class=\"aux-parallax-section elementor-column elementor-col-33 elementor-top-column elementor-element elementor-element-3aaf61e aux-appear-watch-animation aux-fade-in-right-1\" data-id=\"3aaf61e\" data-element_type=\"column\" data-settings=\"{&quot;background_background&quot;:&quot;classic&quot;}\">\n\t\t\t<div class=\"elementor-column-wrap elementor-element-populated\">\n\t\t\t\t\t\t\t<div class=\"elementor-widget-wrap\">\n\t\t\t\t\t\t<div class=\"elementor-element elementor-element-0260888 elementor-widget elementor-widget-image\" data-id=\"0260888\" data-element_type=\"widget\" data-widget_type=\"image.default\">\n\t\t\t\t<div class=\"elementor-widget-container\">\n\t\t\t\t\t\t\t\t<div class=\"elementor-image\">\n\t\t\t\t\t\t\t\t\t\t\t\t<img loading=\"lazy\" decoding=\"async\" width=\"400\" height=\"691\" src=\"https:\/\/sitesa.com.br\/projetos\/modelos-wp\/mod05-22\/wp-content\/uploads\/2022\/11\/point.png\" class=\"attachment-large size-large\" alt=\"\" \/>\t\t\t\t\t\t\t\t\t\t\t\t\t\t<\/div>\n\t\t\t\t\t\t<\/div>\n\t\t\t\t<\/div>\n\t\t\t\t\t\t<\/div>\n\t\t\t\t\t<\/div>\n\t\t<\/div>\n\t\t\t\t<div class=\"aux-parallax-section elementor-column elementor-col-33 elementor-top-column elementor-element elementor-element-62878dc aux-appear-watch-animation aux-scale-down-1\" data-id=\"62878dc\" data-element_type=\"column\" data-settings=\"{&quot;background_background&quot;:&quot;classic&quot;}\">\n\t\t\t<div class=\"elementor-column-wrap elementor-element-populated\">\n\t\t\t\t\t\t\t<div class=\"elementor-widget-wrap\">\n\t\t\t\t\t\t<div class=\"elementor-element elementor-element-bc1b725 elementor-widget elementor-widget-heading\" data-id=\"bc1b725\" data-element_type=\"widget\" data-widget_type=\"heading.default\">\n\t\t\t\t<div class=\"elementor-widget-container\">\n\t\t\t<h2 class=\"elementor-heading-title elementor-size-default\">Aqui voc\u00ea faz um excelente neg\u00f3cio, veja na pr\u00e1tica!<\/h2>\t\t<\/div>\n\t\t\t\t<\/div>\n\t\t\t\t<div class=\"elementor-element elementor-element-edcd29c elementor-button-align-stretch elementor-widget elementor-widget-bdt-advanced-calculator\" data-id=\"edcd29c\" data-element_type=\"widget\" data-widget_type=\"bdt-advanced-calculator.default\">\n\t\t\t\t<div class=\"elementor-widget-container\">\n\t\t\t\t\t<div class=\"bdt-ep-advanced-calculator\" id=\"bdt-ep-advanced-calculator-edcd29c\" data-settings=\"{&quot;id&quot;:&quot;#bdt-ep-advanced-calculator-edcd29c&quot;,&quot;formula&quot;:&quot;formula:&#039;SUM(f1 * f2 +(f3 * 20) * f4)&#039;&quot;,&quot;resultShow&quot;:&quot;submit&quot;}\">\n\t\t\t<div class=\"bdt-ep-advanced-calculator-wrapper\">\n\t\t\t\t<form class=\"bdt-ep-advanced-calculator-form bdt-flex bdt-flex-wrap\">\n\t\t\t\t\t\t\t\t\t\t\t\t\t\t\t\t<div class=\"bdt-ep-advanced-calculator-field-wrap bdt-field-group bdt-width-1-1 bdt-first-column elementor-repeater-item-3c67323\">\n\n\t\t\t\t\t\t\t\t\t\t\t\t<label for=\"edcd29c-1\" class=\"bdt-form-label bdt-display-block bdt-margin-small-bottom\">\n\t\t\t\tQual \u00e9 o seu regime tribut\u00e1rio atual?\t\t\t<\/label>\n\t\t\t\t<div class=\"\">\n\t\t\t<select name=\"form_fields[edcd29c-1]\" id=\"edcd29c-1\" class=\"bdt-select bdt-form-default\">\n\t\t\t\t<option value=\"1\">Simples nacional<\/option><option value=\"2\">Lucro presumido<\/option>\t\t\t<\/select>\n\t\t<\/div>\n\t\n\t\t\t\t\t\t<\/div>\n\t\t\t\t\t\t\t\t\t\t\t<div class=\"bdt-ep-advanced-calculator-field-wrap bdt-field-group bdt-width-1-1 bdt-first-column elementor-repeater-item-7edefdc\">\n\n\t\t\t\t\t\t\t\t\t\t\t\t<label for=\"edcd29c-2\" class=\"bdt-form-label bdt-display-block bdt-margin-small-bottom\">\n\t\t\t\tQual \u00e9 a sua atividade?\t\t\t<\/label>\n\t\t\t\t<div class=\"\">\n\t\t\t<select name=\"form_fields[edcd29c-2]\" id=\"edcd29c-2\" class=\"bdt-select bdt-form-default\">\n\t\t\t\t<option value=\"20\">Servi\u00e7os<\/option><option value=\"30\">Com\u00e9rcio<\/option><option value=\"40\">Servi\u00e7os + Com\u00e9rcio<\/option><option value=\"50\">Ind\u00fastria<\/option>\t\t\t<\/select>\n\t\t<\/div>\n\t\n\t\t\t\t\t\t<\/div>\n\t\t\t\t\t\t\t\t\t\t\t<div class=\"bdt-ep-advanced-calculator-field-wrap bdt-field-group bdt-width-1-1 bdt-first-column elementor-repeater-item-4ce18e5\">\n\n\t\t\t\t\t\t\t<label for=\"edcd29c-3\" class=\"bdt-form-label bdt-display-block bdt-margin-small-bottom\">Quantos s\u00f3cios\/funcion\u00e1rios t\u00eam na sua empresa?<\/label><div class=\"bdt-form-controls\"><input type=\"number\" value=\"\" id=\"edcd29c-3\" placeholder=\"\" class=\"bdt-input bdt-form-default \"><\/div>\n\t\t\t\t\t\t<\/div>\n\t\t\t\t\t\t\t\t\t\t\t<div class=\"bdt-ep-advanced-calculator-field-wrap bdt-field-group bdt-width-1-1 bdt-first-column elementor-repeater-item-1f8d0e5\">\n\n\t\t\t\t\t\t\t\t\t\t\t\t<label for=\"edcd29c-4\" class=\"bdt-form-label bdt-display-block bdt-margin-small-bottom\">\n\t\t\t\tQual o faturamento mensal?\t\t\t<\/label>\n\t\t\t\t<div class=\"\">\n\t\t\t<select name=\"form_fields[edcd29c-4]\" id=\"edcd29c-4\" class=\"bdt-select bdt-form-default\">\n\t\t\t\t<option value=\"0.5\">At\u00e9 R$25.000,00<\/option><option value=\"1\">de R$25.000 a R$50.000<\/option><option value=\"1.5\">de R$50.000 a R$100.000<\/option><option value=\"2\">de R$100.000 a R$150.000<\/option><option value=\"2.5\">de R$150.000 a R$200.000<\/option><option value=\"3\">de R$200.000 a R$1.000.000<\/option><option value=\"3.5\">mais de R$1.000.000<\/option>\t\t\t<\/select>\n\t\t<\/div>\n\t\n\t\t\t\t\t\t<\/div>\n\t\t\t\t\t\n\t\t\t\t\t\n\t\t\t\t\t<div class=\"bdt-ep-advanced-calculator-field-wrap bdt-field-group bdt-width-1-1 bdt-first-column\">\n\t\t\t\t\t\t<div class=\"elementor-field-type-submit bdt-margin-small-top bdt-flex\">\n\t\t\t\t\t\t\t<button class=\"elementor-button bdt-button bdt-button-primary bdt-ep-advanced-calculator-button\" type=\"submit\">\n\t\t\t\t\t\t\t\tCalcular\t\t\t\t\t\t\t<\/button>\n\t\t\t\t\t\t<\/div>\n\t\t\t\t\t<\/div>\n\n\t\t\t\t\t\n\n\t\t\t\t\t<div class=\"bdt-ep-advanced-calculator-field-wrap bdt-field-group bdt-width-1-1 bdt-first-column  bdt-ep-advanced-calculator-error bdt-hidden\">\n\t\t\t\t\t\t<div class=\"bdt-alert-warning\" bdt-alert>\n\t\t\t\t\t\t\t<a class=\"bdt-alert-close\" bdt-close><\/a>\n\t\t\t\t\t\t\t<p class=\"bdt-margin-remove\">\n\t\t\t\t\t\t\t\tErro, formato de dado inv\u00e1lido. Por favor corrija o formato do dado e envie de novo, obrigado!\t\t\t\t\t\t\t<\/p>\n\t\t\t\t\t\t<\/div>\n\t\t\t\t\t<\/div>\n\n\t\t\t\t\t\t\t<div class=\"bdt-ep-advanced-calculator-field-wrap bdt-field-group bdt-width-1-1 bdt-first-column\">\n\t\t\t<div class=\"bdt-margin-small-top bdt-ep-advanced-calculator-result\">\n\t\t\t\tSua mensalidade ser\u00e1 de R$  <span><\/span>\n\t\t\t<\/div>\n\t\t<\/div>\n\t\n\t\t\t\t<\/form>\n\t\t\t<\/div>\n\t\t<\/div>\n\t\t<\/div>\n\t\t\t\t<\/div>\n\t\t\t\t\t\t<\/div>\n\t\t\t\t\t<\/div>\n\t\t<\/div>\n\t\t\t\t\t\t\t\t<\/div>\n\t\t\t\t\t<\/div>\n\t\t<\/section>\n\t\t\t\t<section class=\"elementor-section elementor-top-section elementor-element elementor-element-a7b7dd1 elementor-section-boxed elementor-section-height-default elementor-section-height-default\" data-id=\"a7b7dd1\" data-element_type=\"section\">\n\t\t\t\t\t\t<div class=\"elementor-container elementor-column-gap-no\">\n\t\t\t\t\t\t\t<div class=\"elementor-row\">\n\t\t\t\t\t<div class=\"aux-parallax-section elementor-column elementor-col-100 elementor-top-column elementor-element elementor-element-fab5735\" data-id=\"fab5735\" data-element_type=\"column\">\n\t\t\t<div class=\"elementor-column-wrap elementor-element-populated\">\n\t\t\t\t\t\t\t<div class=\"elementor-widget-wrap\">\n\t\t\t\t\t\t<div class=\"elementor-element elementor-element-91dda42 elementor-widget elementor-widget-bdt-featured-box\" data-id=\"91dda42\" data-element_type=\"widget\" data-widget_type=\"bdt-featured-box.default\">\n\t\t\t\t<div class=\"elementor-widget-container\">\n\t\t\t\t\t<div class=\"bdt-ep-featured-box bdt-ep-featured-box-default\">\n\n\t\t\t\t\t<div class=\"bdt-ep-featured-box-image\">\n\t\t\t<div class=\"bdt-position-relative bdt-image-mask\">\n\t\t\t\t<img decoding=\"async\" src=\"https:\/\/sitesa.com.br\/projetos\/modelos-wp\/mod05-22\/wp-content\/uploads\/2022\/11\/finance-strat.jpg\" alt=\"ABERTURA E MIGRA\u00c7\u00c3O DE EMPRESAS\">\n\t\t\t\t\t\t\t\t\t\t\t<\/div>\n\t\t<\/div>\n\t\t\t\t\t\n\t\t\t<div class=\"bdt-ep-featured-box-content bdt-position-center-left\">\n\n\t\t\t\t\t\t\n\t\t\t\t\t<h3 class=\"bdt-ep-featured-box-title\">\n\t\t\t\t<span >\n\t\t\t\t\tABERTURA E MIGRA\u00c7\u00c3O DE EMPRESAS\t\t\t\t<\/span>\n\t\t\t<\/h3>\n\t\t\n\t\t\t\t\t<div class=\"bdt-ep-featured-box-text\">\n\t\t\t\tDeixe toda a parte burocr\u00e1tica conosco tanto na abertura quanto na migra\u00e7\u00e3o da empresa para nossa a contabilidade, n\u00f3s lhe enviamos a documenta\u00e7\u00e3o necess\u00e1ria para assinatura.<br><br>\n\nNossa equipe preparada est\u00e1 a postos para dar todo apoio e assessoria para que voc\u00ea atue de forma regular e segura, sem se preocupar com quest\u00f5es tribut\u00e1rias e burocr\u00e1ticas.\t\t\t<\/div>\n\t\t\n\t\t\t\t\t\t\t\t\n\t\t\t<\/div>\n\n\t\t<\/div>\n\n\t\t\t\t<\/div>\n\t\t\t\t<\/div>\n\t\t\t\t\t\t<\/div>\n\t\t\t\t\t<\/div>\n\t\t<\/div>\n\t\t\t\t\t\t\t\t<\/div>\n\t\t\t\t\t<\/div>\n\t\t<\/section>\n\t\t\t\t<section class=\"elementor-section elementor-top-section elementor-element elementor-element-1ed84d2 elementor-reverse-tablet elementor-reverse-mobile elementor-section-boxed elementor-section-height-default elementor-section-height-default\" data-id=\"1ed84d2\" data-element_type=\"section\">\n\t\t\t\t\t\t<div class=\"elementor-container elementor-column-gap-default\">\n\t\t\t\t\t\t\t<div class=\"elementor-row\">\n\t\t\t\t\t<div class=\"aux-parallax-section elementor-column elementor-col-50 elementor-top-column elementor-element elementor-element-9405c2d\" data-id=\"9405c2d\" data-element_type=\"column\">\n\t\t\t<div class=\"elementor-column-wrap elementor-element-populated\">\n\t\t\t\t\t\t\t<div class=\"elementor-widget-wrap\">\n\t\t\t\t\t\t<div class=\"elementor-element elementor-element-1d7d9e6 aux-appear-watch-animation aux-fade-in-right-1 elementor-widget elementor-widget-aux_modern_heading\" data-id=\"1d7d9e6\" data-element_type=\"widget\" data-widget_type=\"aux_modern_heading.default\">\n\t\t\t\t<div class=\"elementor-widget-container\">\n\t\t\t<section class=\"aux-widget-modern-heading\">\n            <div class=\"aux-widget-inner\"><h2 class=\"aux-modern-heading-primary\">Perguntas frequentes<\/h2><div class=\"aux-modern-heading-description\"><p>\u00c9 normal que voc\u00ea tenha muitas d\u00favidas, separamos a principais aqui para que voc\u00ea veja e tente sanar. Caso sua d\u00favida n\u00e3o esteja aqui, n\u00e3o pense duas vezes em entrar em contato conosco.<\/p><\/div><\/div>\n        <\/section>\t\t<\/div>\n\t\t\t\t<\/div>\n\t\t\t\t\t\t<\/div>\n\t\t\t\t\t<\/div>\n\t\t<\/div>\n\t\t\t\t<div class=\"aux-parallax-section elementor-column elementor-col-50 elementor-top-column elementor-element elementor-element-1b0478a\" data-id=\"1b0478a\" data-element_type=\"column\">\n\t\t\t<div class=\"elementor-column-wrap elementor-element-populated\">\n\t\t\t\t\t\t\t<div class=\"elementor-widget-wrap\">\n\t\t\t\t\t\t<div class=\"elementor-element elementor-element-c34c411 elementor-widget elementor-widget-bdt-accordion\" data-id=\"c34c411\" data-element_type=\"widget\" data-widget_type=\"bdt-accordion.default\">\n\t\t\t\t<div class=\"elementor-widget-container\">\n\t\t\t        <div class=\"bdt-ep-accordion-container\">\r\n            <div id=\"bdt-ep-accordion-c34c411\" class=\"bdt-ep-accordion bdt-accordion\" data-bdt-accordion=\"{&quot;collapsible&quot;:true,&quot;multiple&quot;:true,&quot;transition&quot;:&quot;ease-in-out&quot;}\" data-settings=\"{&quot;id&quot;:&quot;bdt-ep-accordion-c34c411&quot;,&quot;activeHash&quot;:&quot;no&quot;,&quot;activeScrollspy&quot;:null,&quot;hashTopOffset&quot;:false,&quot;hashScrollspyTime&quot;:false}\">\r\n                                    <div class=\"bdt-ep-accordion-item\">\r\n                        <div class=\"bdt-ep-accordion-title bdt-accordion-title bdt-flex bdt-flex-middle \" id=\"bdt-ep-accordion-o-que-est-incluso-na-mensalidade\" data-accordion-index=\"0\" data-title=\"o-que-est-incluso-na-mensalidade\" role=\"heading\">\r\n\r\n                                                            <span class=\"bdt-ep-accordion-icon bdt-flex-align-left\" aria-hidden=\"true\">\r\n\r\n                                                                            <span class=\"bdt-ep-accordion-icon-closed\">\r\n                                            <i aria-hidden=\"true\" class=\"fa-fw fas fa-caret-right\"><\/i>                                        <\/span>\r\n                                    \r\n                                                                            <span class=\"bdt-ep-accordion-icon-opened\">\r\n                                            <i aria-hidden=\"true\" class=\"fa-fw fas fa-caret-down\"><\/i>                                        <\/span>\r\n                                    \r\n                                <\/span>\r\n                            \r\n                            <span class=\"bdt-ep-title-text bdt-flex bdt-flex-middle\">\r\n\r\n                                                                O que est\u00e1 incluso na mensalidade?                            <\/span>\r\n\r\n                        <\/div>\r\n                        <div class=\"bdt-ep-accordion-content bdt-accordion-content\">\r\n                            <p><strong>Lorem Ipsum<\/strong>\u00a0is simply dummy text of the printing and typesetting industry. Lorem Ipsum has been the industry&#8217;s standard dummy text ever since the 1500s, when an unknown printer took a galley of type and scrambled it to make a type specimen book. It has survived not only five centuries, but also the leap into electronic typesetting, remaining essentially unchanged. It was popularised in the 1960s with the release of Letraset sheets containing Lorem Ipsum passages, and more recently with desktop publishing software like Aldus PageMaker including versions of Lorem Ipsum.<\/p>                        <\/div>\r\n                    <\/div>\r\n                                    <div class=\"bdt-ep-accordion-item\">\r\n                        <div class=\"bdt-ep-accordion-title bdt-accordion-title bdt-flex bdt-flex-middle \" id=\"bdt-ep-accordion-o-que-faz-o-escritrio-de-contabilidade-de-uma-empresa\" data-accordion-index=\"1\" data-title=\"o-que-faz-o-escrit-rio-de-contabilidade-de-uma-empresa\" role=\"heading\">\r\n\r\n                                                            <span class=\"bdt-ep-accordion-icon bdt-flex-align-left\" aria-hidden=\"true\">\r\n\r\n                                                                            <span class=\"bdt-ep-accordion-icon-closed\">\r\n                                            <i aria-hidden=\"true\" class=\"fa-fw fas fa-caret-right\"><\/i>                                        <\/span>\r\n                                    \r\n                                                                            <span class=\"bdt-ep-accordion-icon-opened\">\r\n                                            <i aria-hidden=\"true\" class=\"fa-fw fas fa-caret-down\"><\/i>                                        <\/span>\r\n                                    \r\n                                <\/span>\r\n                            \r\n                            <span class=\"bdt-ep-title-text bdt-flex bdt-flex-middle\">\r\n\r\n                                                                O que faz o escrit\u00f3rio de contabilidade de uma empresa?                            <\/span>\r\n\r\n                        <\/div>\r\n                        <div class=\"bdt-ep-accordion-content bdt-accordion-content\">\r\n                            <p><strong>Lorem Ipsum<\/strong>\u00a0is simply dummy text of the printing and typesetting industry. Lorem Ipsum has been the industry&#8217;s standard dummy text ever since the 1500s, when an unknown printer took a galley of type and scrambled it to make a type specimen book. It has survived not only five centuries, but also the leap into electronic typesetting, remaining essentially unchanged. It was popularised in the 1960s with the release of Letraset sheets containing Lorem Ipsum passages, and more recently with desktop publishing software like Aldus PageMaker including versions of Lorem Ipsum.<\/p>                        <\/div>\r\n                    <\/div>\r\n                                    <div class=\"bdt-ep-accordion-item\">\r\n                        <div class=\"bdt-ep-accordion-title bdt-accordion-title bdt-flex bdt-flex-middle \" id=\"bdt-ep-accordion-qual-o-valor-cobrado-para-abrir-uma-empresa\" data-accordion-index=\"2\" data-title=\"qual-o-valor-cobrado-para-abrir-uma-empresa\" role=\"heading\">\r\n\r\n                                                            <span class=\"bdt-ep-accordion-icon bdt-flex-align-left\" aria-hidden=\"true\">\r\n\r\n                                                                            <span class=\"bdt-ep-accordion-icon-closed\">\r\n                                            <i aria-hidden=\"true\" class=\"fa-fw fas fa-caret-right\"><\/i>                                        <\/span>\r\n                                    \r\n                                                                            <span class=\"bdt-ep-accordion-icon-opened\">\r\n                                            <i aria-hidden=\"true\" class=\"fa-fw fas fa-caret-down\"><\/i>                                        <\/span>\r\n                                    \r\n                                <\/span>\r\n                            \r\n                            <span class=\"bdt-ep-title-text bdt-flex bdt-flex-middle\">\r\n\r\n                                                                Qual o valor cobrado para abrir uma empresa?                            <\/span>\r\n\r\n                        <\/div>\r\n                        <div class=\"bdt-ep-accordion-content bdt-accordion-content\">\r\n                            <p><strong>Lorem Ipsum<\/strong>\u00a0is simply dummy text of the printing and typesetting industry. Lorem Ipsum has been the industry&#8217;s standard dummy text ever since the 1500s, when an unknown printer took a galley of type and scrambled it to make a type specimen book. It has survived not only five centuries, but also the leap into electronic typesetting, remaining essentially unchanged. It was popularised in the 1960s with the release of Letraset sheets containing Lorem Ipsum passages, and more recently with desktop publishing software like Aldus PageMaker including versions of Lorem Ipsum.<\/p>                        <\/div>\r\n                    <\/div>\r\n                                    <div class=\"bdt-ep-accordion-item\">\r\n                        <div class=\"bdt-ep-accordion-title bdt-accordion-title bdt-flex bdt-flex-middle \" id=\"bdt-ep-accordion-qual-o-valor-de-um-escritrio-de-contabilidade-comum-e-da-contbil-demonstrao\" data-accordion-index=\"3\" data-title=\"qual-o-valor-de-um-escrit-rio-de-contabilidade-comum-e-da-cont-bil-demonstra-o\" role=\"heading\">\r\n\r\n                                                            <span class=\"bdt-ep-accordion-icon bdt-flex-align-left\" aria-hidden=\"true\">\r\n\r\n                                                                            <span class=\"bdt-ep-accordion-icon-closed\">\r\n                                            <i aria-hidden=\"true\" class=\"fa-fw fas fa-caret-right\"><\/i>                                        <\/span>\r\n                                    \r\n                                                                            <span class=\"bdt-ep-accordion-icon-opened\">\r\n                                            <i aria-hidden=\"true\" class=\"fa-fw fas fa-caret-down\"><\/i>                                        <\/span>\r\n                                    \r\n                                <\/span>\r\n                            \r\n                            <span class=\"bdt-ep-title-text bdt-flex bdt-flex-middle\">\r\n\r\n                                                                Qual o valor de um escrit\u00f3rio de contabilidade comum e da Cont\u00e1bil Demonstra\u00e7\u00e3o?                            <\/span>\r\n\r\n                        <\/div>\r\n                        <div class=\"bdt-ep-accordion-content bdt-accordion-content\">\r\n                            <p><strong>Lorem Ipsum<\/strong>\u00a0is simply dummy text of the printing and typesetting industry. Lorem Ipsum has been the industry&#8217;s standard dummy text ever since the 1500s, when an unknown printer took a galley of type and scrambled it to make a type specimen book. It has survived not only five centuries, but also the leap into electronic typesetting, remaining essentially unchanged. It was popularised in the 1960s with the release of Letraset sheets containing Lorem Ipsum passages, and more recently with desktop publishing software like Aldus PageMaker including versions of Lorem Ipsum.<\/p>                        <\/div>\r\n                    <\/div>\r\n                                    <div class=\"bdt-ep-accordion-item\">\r\n                        <div class=\"bdt-ep-accordion-title bdt-accordion-title bdt-flex bdt-flex-middle \" id=\"bdt-ep-accordion-o-que-contabilidade-online\" data-accordion-index=\"4\" data-title=\"o-que-contabilidade-online\" role=\"heading\">\r\n\r\n                                                            <span class=\"bdt-ep-accordion-icon bdt-flex-align-left\" aria-hidden=\"true\">\r\n\r\n                                                                            <span class=\"bdt-ep-accordion-icon-closed\">\r\n                                            <i aria-hidden=\"true\" class=\"fa-fw fas fa-caret-right\"><\/i>                                        <\/span>\r\n                                    \r\n                                                                            <span class=\"bdt-ep-accordion-icon-opened\">\r\n                                            <i aria-hidden=\"true\" class=\"fa-fw fas fa-caret-down\"><\/i>                                        <\/span>\r\n                                    \r\n                                <\/span>\r\n                            \r\n                            <span class=\"bdt-ep-title-text bdt-flex bdt-flex-middle\">\r\n\r\n                                                                O que \u00e9 contabilidade online?                            <\/span>\r\n\r\n                        <\/div>\r\n                        <div class=\"bdt-ep-accordion-content bdt-accordion-content\">\r\n                            <p><strong>Lorem Ipsum<\/strong>\u00a0is simply dummy text of the printing and typesetting industry. Lorem Ipsum has been the industry&#8217;s standard dummy text ever since the 1500s, when an unknown printer took a galley of type and scrambled it to make a type specimen book. It has survived not only five centuries, but also the leap into electronic typesetting, remaining essentially unchanged. It was popularised in the 1960s with the release of Letraset sheets containing Lorem Ipsum passages, and more recently with desktop publishing software like Aldus PageMaker including versions of Lorem Ipsum.<\/p>                        <\/div>\r\n                    <\/div>\r\n                            <\/div>\r\n        <\/div>\r\n    \t\t<\/div>\n\t\t\t\t<\/div>\n\t\t\t\t\t\t<\/div>\n\t\t\t\t\t<\/div>\n\t\t<\/div>\n\t\t\t\t\t\t\t\t<\/div>\n\t\t\t\t\t<\/div>\n\t\t<\/section>\n\t\t\t\t<section class=\"elementor-section elementor-top-section elementor-element elementor-element-b8557b5 elementor-section-content-middle elementor-section-boxed elementor-section-height-default elementor-section-height-default\" data-id=\"b8557b5\" data-element_type=\"section\">\n\t\t\t\t\t\t<div class=\"elementor-container elementor-column-gap-default\">\n\t\t\t\t\t\t\t<div class=\"elementor-row\">\n\t\t\t\t\t<div class=\"aux-parallax-section elementor-column elementor-col-33 elementor-top-column elementor-element elementor-element-95fd8d0\" data-id=\"95fd8d0\" data-element_type=\"column\">\n\t\t\t<div class=\"elementor-column-wrap elementor-element-populated\">\n\t\t\t\t\t\t\t<div class=\"elementor-widget-wrap\">\n\t\t\t\t\t\t<div class=\"elementor-element elementor-element-075e973 elementor-widget elementor-widget-heading\" data-id=\"075e973\" data-element_type=\"widget\" data-widget_type=\"heading.default\">\n\t\t\t\t<div class=\"elementor-widget-container\">\n\t\t\t<h2 class=\"elementor-heading-title elementor-size-default\">Not\u00edcias e Cripto Cota\u00e7\u00f5es<\/h2>\t\t<\/div>\n\t\t\t\t<\/div>\n\t\t\t\t<div class=\"elementor-element elementor-element-380c337 elementor-widget elementor-widget-shortcode\" data-id=\"380c337\" data-element_type=\"widget\" data-widget_type=\"shortcode.default\">\n\t\t\t\t<div class=\"elementor-widget-container\">\n\t\t\t\t\t<div class=\"elementor-shortcode\">\n\n<!-- CJT Shortcode Block (1) - noticias-empresariais - START -->\n<span id='csmi-29277e5bb5a378eb4a1e3c03effcc3c7' class='csmi csmi-bid-1 csmi-noticias-empresariais'><link rel=\"stylesheet\" href=\"https:\/\/cdnjs.cloudflare.com\/ajax\/libs\/fancybox\/3.0.47\/jquery.fancybox.min.css\" \/>\n<script src=\"https:\/\/cdnjs.cloudflare.com\/ajax\/libs\/fancybox\/3.0.47\/jquery.fancybox.min.js\"><\/script>\n<div>27\/04\/2026 - <a data-fancybox data-src=\"#news12151\" href=\"javascript:;\" class=\"tool\" title=\"Especialistas veem IA como essencial para enxugar volume de processos\">Especialistas veem IA como essencial para enxugar ...<\/a><\/div> \n\t\t\t<div id=\"news12151\" style=\"display:none; position:relative; width:80%!important;  border-radius:5px; max-height:450px; overflow:auto; color:z-index:100000;\">\n\t\t\t\t<h2>Especialistas veem IA como essencial para enxugar volume de processos<\/h2><br \/><br \/>\n\t\t\t\t<p>A ado\u00e7\u00e3o de ferramentas de intelig\u00eancia artificial deixou de ser uma op\u00e7\u00e3o e se tornou essencial para garantir a sobreviv\u00eancia do sistema de Justi\u00e7a diante do imenso volume de a\u00e7\u00f5es em andamento no Brasil. Essa foi uma das principais considera\u00e7\u00f5es do IAJus 2026 (Encontro de Integra\u00e7\u00e3o em Intelig\u00eancia Artificial do Judici\u00e1rio), promovido pelo Conselho Nacional de Justi\u00e7a na sexta-feira (24\/4), em Bras\u00edlia.<div><br><\/div><div>O evento reuniu especialistas, magistrados e advogados para debater o compartilhamento de solu\u00e7\u00f5es tecnol\u00f3gicas entre os tribunais. Parte dos expositores defendeu a tese de que a inova\u00e7\u00e3o tecnol\u00f3gica \u00e9 a \u00fanica via poss\u00edvel para dar vaz\u00e3o aos mais de 80 milh\u00f5es de processos em tramita\u00e7\u00e3o no pa\u00eds, garantindo celeridade e efici\u00eancia na presta\u00e7\u00e3o jurisdicional.<\/div><div><br><\/div><div>R\u00f4mulo Serpa \/ CNJ<\/div><div>Especialistas veem IA como inevit\u00e1vel, mas ressaltam necessidade de controle humano<\/div><div><br><\/div><div>O desembargador Lu\u00eds Ot\u00e1vio Saboia Ribeiro, do Tribunal de Justi\u00e7a do Estado de Mato Grosso, destacou a despropor\u00e7\u00e3o entre a estrutura estatal e a demanda social. O magistrado apontou que, com apenas 18 mil ju\u00edzes em atua\u00e7\u00e3o para lidar com um volume de litigantes superior \u00e0 pr\u00f3pria popula\u00e7\u00e3o do pa\u00eds, o uso da tecnologia deixou de ser uma conveni\u00eancia e passou a representar a manuten\u00e7\u00e3o do funcionamento do sistema.<\/div><div><br><\/div><div>O ministro Alexandre Agra Belmonte, do Superior Tribunal de Justi\u00e7a, alertou que as cortes enfrentam acervos gigantescos e que a automa\u00e7\u00e3o \u00e9 crucial para otimizar os julgamentos e agrupar temas repetitivos. \u201cSe n\u00e3o houver essa interven\u00e7\u00e3o sobre as raz\u00f5es da litigiosidade, seja por meio da IA, seja por meio do processo civil, n\u00f3s vamos ficar simplesmente enxugando gelo\u201d, observou.<\/div><div><br><\/div><div><br><\/div><div>conjur_v3<\/div><div><br><\/div><div>A ministra Daniela Teixeira, do Superior Tribunal de Justi\u00e7a, endossou a urg\u00eancia da moderniza\u00e7\u00e3o. Ela relatou que seu gabinete precisa enfrentar milhares de novos casos diariamente. A magistrada indicou que, ao associar a triagem feita pela m\u00e1quina ao esfor\u00e7o de uma equipe de ju\u00edzes auxiliares, conseguiu reduzir o acervo de sua sess\u00e3o em mais de 25% em apenas seis meses, algo que seria humanamente imposs\u00edvel sem o amparo do sistema interno.<\/div><div><br><\/div><div>O diagn\u00f3stico sobre a crise de demanda tamb\u00e9m foi refor\u00e7ado pela ju\u00edza Luciana D\u00f3ria de Medeiros, auxiliar da Corregedoria Nacional de Justi\u00e7a. Ela ressaltou que a litigiosidade brasileira cresce em uma velocidade alarmante, o que exige a unifica\u00e7\u00e3o de ferramentas de automa\u00e7\u00e3o j\u00e1 existentes nos tribunais para reduzir o tempo morto de tramita\u00e7\u00e3o e entregar as respostas em um prazo razo\u00e1vel._  <\/div>  <\/p><br \/>\n\t\t\t\t<p><strong>Publicada em : <\/strong><em>27\/04\/2026<\/em>\n\t\t\t\t<\/p><br \/><p><strong>Fonte : <\/strong><em>Consultor Juridico<\/em><\/p>\n\t\t\t<\/div><div>27\/04\/2026 - <a data-fancybox data-src=\"#news12152\" href=\"javascript:;\" class=\"tool\" title=\"Acordo coletivo valida escala alternada entre 48h e 40h sem aval do governo\">Acordo coletivo valida escala alternada entre 48h ...<\/a><\/div> \n\t\t\t<div id=\"news12152\" style=\"display:none; position:relative; width:80%!important;  border-radius:5px; max-height:450px; overflow:auto; color:z-index:100000;\">\n\t\t\t\t<h2>Acordo coletivo valida escala alternada entre 48h e 40h sem aval do governo<\/h2><br \/><br \/>\n\t\t\t\t<p>A previs\u00e3o em norma coletiva legitima a ado\u00e7\u00e3o de regime de compensa\u00e7\u00e3o com semanas alternadas de 40 e 48 horas, a chamada \u201csemana espanhola\u201d, sem a necessidade de licen\u00e7a pr\u00e9via do Minist\u00e9rio do Trabalho, dada a preval\u00eancia do negociado sobre o legislado.<div><br><\/div><div>Essa foi a conclus\u00e3o da 3\u00aa Turma do Tribunal Regional do Trabalho da 3\u00aa Regi\u00e3o (MG) negou provimento a um recurso e manteve a rejei\u00e7\u00e3o do pedido de horas extras feito por um trabalhador contra uma empresa.<\/div><div><br><\/div><div>O autor da a\u00e7\u00e3o trabalhava na linha de produ\u00e7\u00e3o de uma f\u00e1brica de ferro fundido. Na a\u00e7\u00e3o, ele pediu o pagamento de horas extras sob o argumento de que a sua jornada seguia o regime conhecido como semana espanhola. Este modelo de compensa\u00e7\u00e3o consiste em uma escala na qual o empregado trabalha 48 horas em uma semana e 40 horas na semana seguinte, resultando em uma m\u00e9dia regular de 44 horas semanais e evitando o pagamento de horas excedentes.<\/div><div><br><\/div><div>O autor argumentou que a companhia n\u00e3o obteve a licen\u00e7a pr\u00e9via do governo para adotar esse sistema em uma atividade que seria considerada insalubre pelo contato com ru\u00eddo. Segundo ele, a falta de aval estatal invalidaria a escala, gerando o dever de pagar todo o tempo excedente.<\/div><div><br><\/div><div><br><\/div><div><br><\/div><div>Al\u00e9m disso, o oper\u00e1rio pediu diferen\u00e7as de adicional noturno, afirmando que a conven\u00e7\u00e3o da categoria n\u00e3o previa de forma expressa a compensa\u00e7\u00e3o da redu\u00e7\u00e3o ficta da hora noturna, e requereu adicional de insalubridade e equipara\u00e7\u00e3o salarial.<\/div><div><br><\/div><div>O ju\u00edzo de primeira inst\u00e2ncia julgou os pedidos improcedentes. Inconformado, o autor recorreu ao TRT-3, reiterando a invalidade da escala por falta de autoriza\u00e7\u00e3o estatal e a proced\u00eancia dos demais pedidos. A empresa contrap\u00f4s afirmando que a jornada estava prevista em Acordo Coletivo de Trabalho (ACT) e que o fornecimento regular de Equipamentos de Prote\u00e7\u00e3o Individual (EPIs) neutralizava qualquer risco \u00e0 sa\u00fade do trabalhador no ambiente de f\u00e1brica._  <\/div>  <\/p><br \/>\n\t\t\t\t<p><strong>Publicada em : <\/strong><em>27\/04\/2026<\/em>\n\t\t\t\t<\/p><br \/><p><strong>Fonte : <\/strong><em>Consultor Juridico<\/em><\/p>\n\t\t\t<\/div><div>24\/04\/2026 - <a data-fancybox data-src=\"#news12147\" href=\"javascript:;\" class=\"tool\" title=\"Escrit\u00f3rio Souza Neto e Tartarini Advogados anuncia dois novos s\u00f3cios\">Escrit\u00f3rio Souza Neto e Tartarini Advogados anunc...<\/a><\/div> \n\t\t\t<div id=\"news12147\" style=\"display:none; position:relative; width:80%!important;  border-radius:5px; max-height:450px; overflow:auto; color:z-index:100000;\">\n\t\t\t\t<h2>Escrit\u00f3rio Souza Neto e Tartarini Advogados anuncia dois novos s\u00f3cios<\/h2><br \/><br \/>\n\t\t\t\t<p>O escrit\u00f3rio Souza Neto e Tartarini Advogados tem a satisfa\u00e7\u00e3o de anunciar o ingresso de Gustavo Machado Tavares e Lilian Oliveira de Azevedo Almeida em seu quadro societ\u00e1rio.<div><br><\/div><div>Divulga\u00e7\u00e3oGustavo Machado Tavares<\/div><div>O advogado Gustavo Machado Tavares<\/div><div><br><\/div><div>Gustavo e Lilian possuem s\u00f3lida trajet\u00f3ria na advocacia e destacada atua\u00e7\u00e3o institucional.<\/div><div><br><\/div><div>Gustavo \u00e9 procurador do munic\u00edpio do Recife e advogado. \u00c9 mestrando em Direito pelo PPGD\/UNICAP, especialista em Direito Tribut\u00e1rio (Ibet), especialista em Direitos Humanos (UNICAP) e especialista em Novas Quest\u00f5es do Direito Penal e Processo Penal (Faculdade Damas). Membro da Comiss\u00e3o Especial da Advocacia P\u00fablica Municipal do Conselho Federal da OAB (gest\u00e3o 2025-2028). No \u00e2mbito associativo, exerceu relevantes fun\u00e7\u00f5es, entre elas a Presid\u00eancia da Associa\u00e7\u00e3o Nacional das Procuradoras e dos Procuradores Municipais \u2014 ANPM (2021-2023) e a Presid\u00eancia da Associa\u00e7\u00e3o dos Procuradores do Munic\u00edpio do Recife \u2014 APMR (2015-2017 e 2019-2021). Foi ainda conselheiro do Instituto dos Advogados de Pernambuco \u2014 IAP (2020-2022 e 2022-2024), Conselheiro Seccional da OAB-PE (2019-2021) e procurador-chefe adjunto da Procuradoria da Fazenda Municipal.<\/div><div><br><\/div><div>Divulga\u00e7\u00e3oLilian Oliveira de Azevedo Almeida<\/div><div>A advogada Lilian Oliveira de Azevedo Almeida<\/div><div><br><\/div><div>Lilian Azevedo \u00e9 procuradora do munic\u00edpio de Salvador e advogada, especialista em Direito Municipal e Processual. Foi presidenta (2023-2025) e vice-presidenta (2021-2023) da Associa\u00e7\u00e3o Nacional das Procuradoras e dos Procuradores Municipais \u2014 ANPM, subsecret\u00e1ria de Promo\u00e7\u00e3o Social e Combate \u00e0 Pobreza de Salvador (2017-2019) e coordenadora das Representa\u00e7\u00f5es da Procuradoria-Geral do Munic\u00edpio de Salvador (2019-2023). Atualmente \u00e9 procuradora adjunta de G\u00eanero e Ra\u00e7a da OAB-BA (tri\u00eanio 2024-2026), vice-diretora da Escola Superior de Advocacia da OAB-BA e membro da Comiss\u00e3o Especial da Advocacia P\u00fablica Municipal do Conselho Federal da OAB (gest\u00e3o 2025-2028). Integra ainda a Comiss\u00e3o de Diversidade Racial do Instituto Brasileiro de Direito Administrativo \u2014 IBDA e as Comiss\u00f5es do Terceiro Setor da OAB-BA e da OAB-SP, com destacada atua\u00e7\u00e3o em<\/div><div>pol\u00edticas p\u00fablicas municipais, terceiro setor e promo\u00e7\u00e3o da igualdade racial.<\/div><div><br><\/div><div><br><\/div><div><br><\/div><div>Suas chegadas representam o fortalecimento da atua\u00e7\u00e3o, refor\u00e7ando o compromisso da banca com a excel\u00eancia t\u00e9cnica, a \u00e9tica profissional e a defesa qualificada do interesse p\u00fablico e privado.<\/div><div><br><\/div><div>O Souza Neto e Tartarini Advogados d\u00e1 as boas-vindas aos novos s\u00f3cios, certo de que suas experi\u00eancias e trajet\u00f3rias contribuir\u00e3o significativamente para o desenvolvimento e a expans\u00e3o das atividades do escrit\u00f3rio._  <\/div>  <\/p><br \/>\n\t\t\t\t<p><strong>Publicada em : <\/strong><em>24\/04\/2026<\/em>\n\t\t\t\t<\/p><br \/><p><strong>Fonte : <\/strong><em>Consultor Juridico<\/em><\/p>\n\t\t\t<\/div><div>24\/04\/2026 - <a data-fancybox data-src=\"#news12148\" href=\"javascript:;\" class=\"tool\" title=\"Recurso especial criminal no STJ \u00e9 21% mais efetivo para defesas do que HC e RHC, indica estudo\">Recurso especial criminal no STJ \u00e9 21% mais efeti...<\/a><\/div> \n\t\t\t<div id=\"news12148\" style=\"display:none; position:relative; width:80%!important;  border-radius:5px; max-height:450px; overflow:auto; color:z-index:100000;\">\n\t\t\t\t<h2>Recurso especial criminal no STJ \u00e9 21% mais efetivo para defesas do que HC e RHC, indica estudo<\/h2><br \/><br \/>\n\t\t\t\t<p>Quando o recurso especial (REsp) em um caso criminal \u00e9 admitido ao Superior Tribunal de Justi\u00e7a, ele \u00e9 21% mais efetivo para a defesa do que o Habeas Corpus e o recurso em HC juntos.<div><br><\/div><div>Gustavo Lima\/STJSuperior Tribunal de Justi\u00e7a STJ pr\u00e9dio edif\u00edcio<\/div><div>Dados desmentem percep\u00e7\u00e3o de que turmas criminais do STJ d\u00e3o poucas decis\u00f5es favor\u00e1veis \u00e0s defesas em recurso especial<\/div><div><br><\/div><div>\u00c9 o que indicam os dados compilados pelo advogado e pesquisador David Metzker a partir de decis\u00f5es proferidas por ministros das turmas criminais do STJ.<\/div><div><br><\/div><div>Em 2025, o STJ registrou 104.723 decis\u00f5es terminativas em HC e RHC por esses ministros, sendo 16.444 concessivas da ordem ou provedoras do recurso. A taxa de efetividade \u00e9 de 15,7%.<\/div><div><br><\/div><div><br><\/div><div>Precisamos evitar que fac\u00e7\u00f5es tenham capital de giro, diz Gonet<\/div><div><br><\/div><div>J\u00e1 em recurso especial foram registradas 17.383 terminativas no ano, com 3.313 provimentos, que representam 19%.<\/div><div><br><\/div><div>A diferen\u00e7a de 3,3 pontos percentuais entre eles se traduz em um aumento relativo relevante: de 15,7% (HC e RHC) para 19% (REsp), a efetividade aumenta 21%.<\/div><div><br><\/div><div>Efetividade em casos criminais 2025<span style=\"white-space:pre\">  <\/span><\/div><div>Tipo de Processo<span style=\"white-space:pre\">  <\/span>Terminativas<span style=\"white-space:pre\">  <\/span>Concessivas<span style=\"white-space:pre\">  <\/span>%<\/div><div>HC<span style=\"white-space:pre\">  <\/span>82.660<span style=\"white-space:pre\">  <\/span>14.706<span style=\"white-space:pre\">  <\/span>17,7%<\/div><div>RHC<span style=\"white-space:pre\">  <\/span>22.063<span style=\"white-space:pre\">  <\/span>1.738<span style=\"white-space:pre\">  <\/span>7,8%<\/div><div>HC\/RHC<span style=\"white-space:pre\">  <\/span>104.723<span style=\"white-space:pre\">  <\/span>16.444<span style=\"white-space:pre\">  <\/span>15,7%<\/div><div>REsp<span style=\"white-space:pre\">  <\/span>17.383<span style=\"white-space:pre\">  <\/span>3.313<span style=\"white-space:pre\">  <\/span>19%<\/div><div>AREsp<span style=\"white-space:pre\">  <\/span>45.017<span style=\"white-space:pre\">  <\/span>3.322<span style=\"white-space:pre\">  <\/span>7,3%<\/div><div>powered by divee.ai<\/div><div>AI<\/div><div><br><\/div><div>O que voc\u00ea gos<\/div><div>\u27a4<\/div><div>Direito<\/div><div>Superior Tribunal de...<\/div><div>David Metzker<\/div><div><br><\/div><div>Percep\u00e7\u00e3o err\u00f4nea<\/div><div>Essa diferen\u00e7a \u00e9 importante porque confirma que \u00e9 err\u00f4nea a percep\u00e7\u00e3o cultivada de forma generalizada pela advocacia criminalista de que o STJ concede poucas decis\u00f5es favor\u00e1veis \u00e0s defesas em recurso especial.<\/div><div><br><\/div><div>Na pr\u00e1tica, n\u00e3o h\u00e1 qualquer tipo de embate entre o uso de HC\/RHC ou REsp, por se tratarem de instrumentos complementares, conforme explica Metzker.<\/div><div><br><\/div><div>Ele aponta que o HC continua como o principal canal de acesso \u00e0 jurisdi\u00e7\u00e3o criminal do STJ \u2014 a corte decidiu 82.660 vezes em Habeas Corpus em 2025, n\u00famero 4,7 vezes maior do que as terminativas em recurso especial (17.383).<\/div><div><br><\/div><div>\u00c9 um instrumento mais r\u00e1pido. \u00c9 impetrado diretamente no STJ, tendo como autoridade coatora o tribunal local que n\u00e3o atendeu ao pedido da defesa. Ele n\u00e3o demanda contrarraz\u00f5es e n\u00e3o permite produ\u00e7\u00e3o de provas.<\/div><div><br><\/div><div>J\u00e1 o recurso especial exige esgotamento das inst\u00e2ncias ordin\u00e1rias. Sua interposi\u00e7\u00e3o passa por exame de admissibilidade, cada vez mais criteriosa nos tribunais de apela\u00e7\u00e3o, com contrarraz\u00f5es do Minist\u00e9rio P\u00fablico, \u00e0 merc\u00ea de diversos \u00f3bices sumulares.<\/div><div><br><\/div><div>\u201cN\u00e3o se trata de instrumentos concorrentes, mas complementares: o HC garante capilaridade e resposta imediata, enquanto o REsp opera como via de corre\u00e7\u00e3o qualificada de ilegalidades\u201d, diz Metzker.<\/div><div><br><\/div><div>Efetividade<\/div><div>A an\u00e1lise da efetividade do HC engloba tamb\u00e9m o RHC, instrumento menos utilizado e tamb\u00e9m menos eficiente: foram 1.738 decis\u00f5es favor\u00e1veis \u00e0 defesa em 2025, que correspondem a 7,8% das 22.063 decis\u00f5es terminativas nesse tipo de recurso.<\/div><div><br><\/div><div><br><\/div><div>Eles s\u00e3o analisados em conjunto para efeitos de compara\u00e7\u00e3o com o recurso especial porque t\u00eam o mesmo escopo e s\u00e3o usados da mesma forma: para proteger a liberdade de locomo\u00e7\u00e3o do r\u00e9u. Ou seja, a ilegalidade apontada em um pode ser usada tamb\u00e9m no outro.<\/div><div><br><\/div><div>Historicamente, as defesas preferem o HC direto ao STJ porque o recurso ordin\u00e1rio tem tr\u00e2mite mais demorado, apesar de o RHC ser o meio mais adequado para impugnar uma denega\u00e7\u00e3o de ordem pelos tribunais.<\/div><div><br><\/div><div>Diferente \u00e9 a situa\u00e7\u00e3o do agravo em recurso especial (AREsp), recurso que visa contestar a decis\u00e3o do tribunal de segundo grau de n\u00e3o admitir o recurso ao STJ. A defesa precisa pugnar primeiro pela admiss\u00e3o do recurso, o que permitiria ir ao m\u00e9rito.<\/div><div><br><\/div><div>Os dados de 2025 levantados por Metzker mostram 45.017 decis\u00f5es terminativas em AREsp pelos ministros da 3\u00aa Se\u00e7\u00e3o, com 3.322 favor\u00e1veis \u00e0s defesas, taxa de 7,3% de provimento.<\/div><div><br><\/div><div>Efetividade do REsp criminal<\/div><div>Ministro<span style=\"white-space:pre\">  <\/span>Efetividade<\/div><div>Ribeiro Dantas<span style=\"white-space:pre\">  <\/span>29,5%<\/div><div>Reynaldo Soares da Fonseca<span style=\"white-space:pre\">  <\/span>25,7%<\/div><div>Ot\u00e1vio de Almeida Toledo<span style=\"white-space:pre\">  <\/span>25%<\/div><div>Rogerio Schietti<span style=\"white-space:pre\">  <\/span>23%<\/div><div>Og Fernandes<span style=\"white-space:pre\">  <\/span>21,5%<\/div><div>Daniela Teixeira<span style=\"white-space:pre\">  <\/span>19,5%<\/div><div>Saldanha Palheiro<span style=\"white-space:pre\">  <\/span>18,3%<\/div><div>Joel Ilan Paciornik<span style=\"white-space:pre\">  <\/span>17,1%<\/div><div>Sebasti\u00e3o Reis J\u00fanior<span style=\"white-space:pre\">  <\/span>16,9%<\/div><div>Carlos Cini Marchionatti<span style=\"white-space:pre\">  <\/span>14,4%<\/div><div>Messod Azulay<span style=\"white-space:pre\">  <\/span>13,6%<\/div><div>Marluce Caldas<span style=\"white-space:pre\">  <\/span>9,8%<\/div><div>Carlos Brand\u00e3o<span style=\"white-space:pre\">  <\/span>6,2%<\/div><div>Melhores usos<\/div><div>A complementariedade entre HC\/RHC e REsp \u00e9 exemplificada pela an\u00e1lise de Metzker sobre os melhores usos de um ou outro.<\/div><div><br><\/div><div>Os casos de Habeas Corpus que mais rendem concess\u00e3o da ordem s\u00e3o aqueles em que a liberdade do r\u00e9u est\u00e1 efetivamente amea\u00e7ada e os que envolvem nulidades prontamente afer\u00edveis, como invas\u00e3o de domic\u00edlio, reconhecimento pessoal ou quebra da cadeia de cust\u00f3dia.<\/div><div><br><\/div><div>J\u00e1 o recurso especial cabe melhor para os temas que envolvem uma an\u00e1lise mais apurada dos fatos e provas descritos no ac\u00f3rd\u00e3o recorrido, como casos de absolvi\u00e7\u00e3o ou desclassifica\u00e7\u00e3o.<\/div><div><br><\/div><div>Proporcionalmente (em rela\u00e7\u00e3o ao n\u00famero de decis\u00f5es terminativas), quem mais d\u00e1 provimento em REsp entre os ministros das turmas criminais \u00e9 Ribeiro Dantas, com taxa de 29,5%. Tamb\u00e9m decidem muito Reynaldo Soares da Fonseca (25,7%) e Rogerio Schietti (23%).<\/div><div><br><\/div><div><br><\/div><div>Eles est\u00e3o, tamb\u00e9m, entre os integrantes que mais concedem HC e RHC. Na outra ponta aparecem os ministros mais recentes da corte, empossados em agosto de 2025: Carlos Brand\u00e3o (6,2%) e Marluce Caldas (9,8%)._  <\/div>  <\/p><br \/>\n\t\t\t\t<p><strong>Publicada em : <\/strong><em>24\/04\/2026<\/em>\n\t\t\t\t<\/p><br \/><p><strong>Fonte : <\/strong><em>Consultor Juridico<\/em><\/p>\n\t\t\t<\/div><div>23\/04\/2026 - <a data-fancybox data-src=\"#news12142\" href=\"javascript:;\" class=\"tool\" title=\"Suprema Corte espanhola absolve Neymar de acusa\u00e7\u00f5es de corrup\u00e7\u00e3o e fraude\">Suprema Corte espanhola absolve Neymar de acusa\u00e7?...<\/a><\/div> \n\t\t\t<div id=\"news12142\" style=\"display:none; position:relative; width:80%!important;  border-radius:5px; max-height:450px; overflow:auto; color:z-index:100000;\">\n\t\t\t\t<h2>Suprema Corte espanhola absolve Neymar de acusa\u00e7\u00f5es de corrup\u00e7\u00e3o e fraude<\/h2><br \/><br \/>\n\t\t\t\t<p>O Tribunal Supremo \u2014 equivalente ao Supremo Tribunal Federal da Espanha \u2014 confirmou a absolvi\u00e7\u00e3o do jogador de futebol Neymar, dos seus representantes e de dirigentes do Barcelona das acusa\u00e7\u00f5es de fraude e corrup\u00e7\u00e3o entre particulares. A informa\u00e7\u00e3o \u00e9 do portal UOL.&nbsp;<div><br><\/div><div>\u00daltima Inst\u00e2ncia da Justi\u00e7a espanhola decisiu confirmar a absolvi\u00e7\u00e3o de Neymar, seu pai e dirigentes do Barcelona de acusa\u00e7\u00e3o de fraude<\/div><div>\u00daltima Inst\u00e2ncia da Justi\u00e7a espanhola decisiu confirmar a absolvi\u00e7\u00e3o de Neymar, seu pai e dirigentes do Barcelona de acusa\u00e7\u00e3o de fraude<\/div><div><br><\/div><div>A decis\u00e3o foi proferida nesta quarta-feira (22\/4) e encerra um processo que j\u00e1 durava uma d\u00e9cada na Justi\u00e7a espanhola. A origem da demanda remonta a \u00e9poca em que Neymar ainda atuava pelo Santos em 2009. Na \u00e9poca, a empresa DIS adquiriu 40% dos direitos econ\u00f4micos do jogador, pagando R$ 5 milh\u00f5es.&nbsp;<\/div><div><br><\/div><div>O acordo previa a participa\u00e7\u00e3o em uma futura transfer\u00eancia do jogador. O Barcelona firmou um acordo com o jogador para garantir a prefer\u00eancia na contrata\u00e7\u00e3o do craque brasileiro. O time catal\u00e3o decidiu antecipar a contrata\u00e7\u00e3o de Neymar e negociou diretamente com o Santos, formalizando a transfer\u00eancia por 17,1 milh\u00f5es de euros. Na ocasi\u00e3o, a empresa DIS recebeu 40% desse valor.<\/div><div><br><\/div><div>Posteriormente, a DIS acionou o Judici\u00e1rio para receber o que entendia que era seu. Com base nisso, apresentou acusa\u00e7\u00e3o por corrup\u00e7\u00e3o entre particulares e fraude.<\/div><div><br><\/div><div><br><\/div><div>Responsabiliza\u00e7\u00e3o das plataformas pode inspirar conven\u00e7\u00e3o internacional, diz Gilmar<\/div><div><br><\/div><div>Em meio a crise provocada pela transfer\u00eancia, o presidente do Barcelona, Sandro Rosell, decidiu renunciar ao cargo. Tanto Neymar como seu pai tiveram que prestar depoimento ao Judici\u00e1rio espanhol.&nbsp;<\/div><div><br><\/div><div>Em 2022, a primeira inst\u00e2ncia da Justi\u00e7a espanhola absolveu todos os envolvidos, j\u00e1 que n\u00e3o havia ind\u00edcios de fraude nem de simula\u00e7\u00e3o contratual._  <\/div>  <\/p><br \/>\n\t\t\t\t<p><strong>Publicada em : <\/strong><em>23\/04\/2026<\/em>\n\t\t\t\t<\/p><br \/><p><strong>Fonte : <\/strong><em>Consultor Juridico<\/em><\/p>\n\t\t\t<\/div><div>23\/04\/2026 - <a data-fancybox data-src=\"#news12143\" href=\"javascript:;\" class=\"tool\" title=\"Juiz pode requisitar dados para viabilizar repara\u00e7\u00e3o fluida aos consumidores\">Juiz pode requisitar dados para viabilizar repara?...<\/a><\/div> \n\t\t\t<div id=\"news12143\" style=\"display:none; position:relative; width:80%!important;  border-radius:5px; max-height:450px; overflow:auto; color:z-index:100000;\">\n\t\t\t\t<h2>Juiz pode requisitar dados para viabilizar repara\u00e7\u00e3o fluida aos consumidores<\/h2><br \/><br \/>\n\t\t\t\t<p>Na liquida\u00e7\u00e3o da senten\u00e7a coletiva, o juiz pode requisitar informa\u00e7\u00f5es de bancos de dados dispon\u00edveis para arbitrar o valor da indeniza\u00e7\u00e3o e viabilizar a repara\u00e7\u00e3o fluida prevista no artigo 100 do C\u00f3digo de Defesa do Consumidor.<div><br><\/div><div>Freepik<\/div><div>Juiz requisitou dados contra a varejista em fontes como o site Reclame Aqui! para viabilizar a repara\u00e7\u00e3o fluida<\/div><div><br><\/div><div>A conclus\u00e3o \u00e9 da 3\u00aa Turma do Superior Tribunal de Justi\u00e7a, que negou provimento ao recurso especial de uma grande rede varejista que foi condenada em a\u00e7\u00e3o civil p\u00fablica por condutas il\u00edcitas na venda de produtos pela internet.<\/div><div><br><\/div><div>A senten\u00e7a imp\u00f4s uma s\u00e9rie de obriga\u00e7\u00f5es e tamb\u00e9m condenou a r\u00e9 a pagar R$ 1 mil por cada ocorr\u00eancia de atraso na entrega de produtos aos consumidores, determinando que o valor seja recolhido ao Fundo de Reconstitui\u00e7\u00e3o de Bens Lesados.<\/div><div><br><\/div><div><br><\/div><div><br><\/div><div>Passado um ano do tr\u00e2nsito em julgado da decis\u00e3o, por\u00e9m, nenhum consumidor se apresentou para executar o t\u00edtulo judicial. Isso abriu a hip\u00f3tese de o Minist\u00e9rio P\u00fablico do Rio de Janeiro, autor da a\u00e7\u00e3o, buscar a repara\u00e7\u00e3o fluida (fluid recovery).<\/div><div><br><\/div><div>N\u00e3o sendo poss\u00edvel apurar com exatid\u00e3o o preju\u00edzo individual de cada consumidor, nem o n\u00famero exato de benefici\u00e1rios da senten\u00e7a, cabe ao juiz da liquida\u00e7\u00e3o mensurar esse montante para fixar o valor a ser pago.<\/div><div><br><\/div><div>Repara\u00e7\u00e3o fluida em andamento<\/div><div>A l\u00f3gica da repara\u00e7\u00e3o fluida, como prevista no CDC, \u00e9 impedir o enriquecimento sem causa do fornecedor que atentou contra a lei, prejudicando os consumidores.<\/div><div><br><\/div><div>No caso em quest\u00e3o, o magistrado pediu ao MP-RJ para apresentar todas as reclama\u00e7\u00f5es recebidas nos canais competentes (Procon, Reclame Aqui, Ouvidoria do MP) no prazo de cinco anos anteriores ao ajuizamento da demanda.<\/div><div><br><\/div><div>Ele tamb\u00e9m oficiou a rede varejista condenada para que fornecesse os dados relativos ao n\u00famero de contratos de compra feitos no per\u00edodo pelo seu site. Com esses dados, seria poss\u00edvel definir o valor para a indeniza\u00e7\u00e3o.<\/div><div><br><\/div><div>A empresa r\u00e9 se insurgiu por entender que o juiz estava criando par\u00e2metros para a liquida\u00e7\u00e3o. E defendeu que a repara\u00e7\u00e3o fluida n\u00e3o pode ser calculada com base em elementos estranhos \u00e0 senten\u00e7a, devendo se ater aos fatos nela descritos.<\/div><div><br><\/div><div>Dever de coopera\u00e7\u00e3o<\/div><div>Por unanimidade de votos, a 3\u00aa Turma do STJ negou provimento ao recurso especial. Relatora, a ministra Nancy Andrighi destacou que o pedido de informa\u00e7\u00f5es pelo juiz \u00e9 autorizado pelo princ\u00edpio da coopera\u00e7\u00e3o, insculpido no artigo 6\u00ba do C\u00f3digo de Processo Civil.<\/div><div><br><\/div><div>\u201cN\u00e3o se trata de introdu\u00e7\u00e3o de fatos novos ou estranhos \u00e0 senten\u00e7a, mas de convoca\u00e7\u00e3o das partes \u00e0 ado\u00e7\u00e3o de provid\u00eancias necess\u00e1rias ao cumprimento da obriga\u00e7\u00e3o estabelecida no pr\u00f3prio t\u00edtulo executivo judicial\u201d, disse a ministra.<\/div><div><br><\/div><div><br><\/div><div>Ela destacou que admitir que o executado se oponha \u00e0 execu\u00e7\u00e3o coletiva fundada no artigo 100 do CDC com o argumento exclusivo da inexist\u00eancia de prova individualizada dos preju\u00edzos significaria esvaziar a pr\u00f3pria raz\u00e3o de ser da repara\u00e7\u00e3o fluida.<\/div><div><br><\/div><div>O procedimento eleito na liquida\u00e7\u00e3o \u00e9 leg\u00edtimo inclusive porque preserva o contradit\u00f3rio, j\u00e1 que assegurou a possibilidade de impugna\u00e7\u00e3o dos dados utilizados no arbitramento por parte da rede varejista. A vota\u00e7\u00e3o foi un\u00e2nime._  <\/div>  <\/p><br \/>\n\t\t\t\t<p><strong>Publicada em : <\/strong><em>23\/04\/2026<\/em>\n\t\t\t\t<\/p><br \/><p><strong>Fonte : <\/strong><em>Consultor Juridico<\/em><\/p>\n\t\t\t<\/div><div>23\/04\/2026 - <a data-fancybox data-src=\"#news12144\" href=\"javascript:;\" class=\"tool\" title=\"Escola \u00e9 condenada por bullying racial sofrido por aluna de 10 anos\">Escola \u00e9 condenada por bullying racial sofrido po...<\/a><\/div> \n\t\t\t<div id=\"news12144\" style=\"display:none; position:relative; width:80%!important;  border-radius:5px; max-height:450px; overflow:auto; color:z-index:100000;\">\n\t\t\t\t<h2>Escola \u00e9 condenada por bullying racial sofrido por aluna de 10 anos<\/h2><br \/><br \/>\n\t\t\t\t<p>A discrimina\u00e7\u00e3o cometida por alunos contra colega de classe, sem que a escola adote medidas eficazes para prevenir e coibir a repeti\u00e7\u00e3o do epis\u00f3dio, revela falha do estabelecimento de ensino diante da pr\u00e1tica de bullying e lhe imp\u00f5e o dever de indenizar a v\u00edtima da viol\u00eancia, a t\u00edtulo de danos morais.<div><br><\/div><div>Freepikescola col\u00e9gio professor professora aluno aluna rede de ensino<\/div><div>Crian\u00e7a foi v\u00edtima do racismo cometido por colegas de classe mais de uma vez&nbsp;<\/div><div><br><\/div><div>Esse foi o entendimento da 34\u00aa C\u00e2mara de Direito Privado do Tribunal de Justi\u00e7a de S\u00e3o Paulo ao reformar decis\u00e3o de primeiro grau que havia julgado a a\u00e7\u00e3o improcedente. A autora da a\u00e7\u00e3o alega ter sofrido bullying racial na escola e dever\u00e1 ser indenizada em R$ 7 mil.<\/div><div><br><\/div><div>\u201cN\u00e3o se trata de uma simples \u2018brincadeira\u2019 ou \u2018mal-entendido\u2019 praticado pelos colegas de classe e sim de pr\u00e1tica de bullying e discrimina\u00e7\u00e3o, vez que a aluna foi submetida a situa\u00e7\u00e3o constrangedora e vexat\u00f3ria no interior da institui\u00e7\u00e3o de ensino, que tinha o dever de vigil\u00e2ncia\u201d, destacou o desembargador Issa Ahmed, relator do recurso.<\/div><div><br><\/div><div>A \u201ctenra idade\u201d da estudante e as omiss\u00f5es do col\u00e9gio evidenciam a culpa do r\u00e9u ao n\u00e3o vigiar de forma segura e ostensiva seus alunos durante o per\u00edodo escolar, segundo o magistrado. Consta dos autos que a autora, no primeiro trimestre de 2022, quando tinha dez anos, foi submetida a situa\u00e7\u00e3o constrangedora e vexat\u00f3ria em sala de aula.<\/div><div><br><\/div><div><br><\/div><div><br><\/div><div>Benefici\u00e1ria de bolsa de estudo parcial, ela foi chamada de \u201cpreta feia e suja\u201d, \u201cfeijoada\u201d e \u201cmenina feia e pobre\u201d, entre outras express\u00f5es discriminat\u00f3rias e pejorativas. Os alunos apontados como os respons\u00e1veis pelo bullying tamb\u00e9m compuseram uma m\u00fasica que denominaram de \u201cfunk da macacada\u201d.<\/div><div><br><\/div><div>Naquela ocasi\u00e3o, a m\u00e3e da garota denunciou os fatos em reuni\u00e3o de pais e mestres, sendo o caso registrado em caderno de ocorr\u00eancias. A escola iniciou um projeto de conscientiza\u00e7\u00e3o sobre a diversidade, mas o epis\u00f3dio se repetiu em abril e maio de 2023, ensejando a implementa\u00e7\u00e3o de projeto pedag\u00f3gico mais amplo contra o racismo.<\/div><div><br><\/div><div>Fundamenta\u00e7\u00e3o legal<\/div><div>O relator considerou incontroversa a falha na presta\u00e7\u00e3o de servi\u00e7os educacionais, nos termos dos artigos 17 e 18 do Estatuto da Crian\u00e7a e do Adolescente (ECA), porque a institui\u00e7\u00e3o de ensino foi ineficiente para assegurar \u00e0 autora incolumidade ps\u00edquica e moral no ambiente escolar.<\/div><div><br><\/div><div>Issa Ahmed tamb\u00e9m citou o artigo 5\u00ba da Lei 13.185\/2015, que instituiu o Programa de Combate \u00e0 Intimida\u00e7\u00e3o Sistem\u00e1tica. Diz a regra que \u201c\u00e9 dever do estabelecimento de ensino, dos clubes e das agremia\u00e7\u00f5es recreativas assegurar medidas de conscientiza\u00e7\u00e3o, preven\u00e7\u00e3o, diagnose e combate \u00e0 viol\u00eancia e \u00e0 intimida\u00e7\u00e3o sistem\u00e1tica (bullying)\u201d._  <\/div>  <\/p><br \/>\n\t\t\t\t<p><strong>Publicada em : <\/strong><em>23\/04\/2026<\/em>\n\t\t\t\t<\/p><br \/><p><strong>Fonte : <\/strong><em>Consultor Juridico<\/em><\/p>\n\t\t\t<\/div><div>22\/04\/2026 - <a data-fancybox data-src=\"#news12138\" href=\"javascript:;\" class=\"tool\" title=\"Justi\u00e7a especializada deve julgar inj\u00faria racial contra adolescente, decide STJ\">Justi\u00e7a especializada deve julgar inj\u00faria racial...<\/a><\/div> \n\t\t\t<div id=\"news12138\" style=\"display:none; position:relative; width:80%!important;  border-radius:5px; max-height:450px; overflow:auto; color:z-index:100000;\">\n\t\t\t\t<h2>Justi\u00e7a especializada deve julgar inj\u00faria racial contra adolescente, decide STJ<\/h2><br \/><br \/>\n\t\t\t\t<p>\u00c9 da compet\u00eancia da vara especializada em crimes contra crian\u00e7as e adolescentes \u2014 e n\u00e3o da Justi\u00e7a Criminal comum \u2014 o julgamento de crime de inj\u00faria racial supostamente praticado contra um adolescente, de acordo com a 6\u00aa Turma do Superior Tribunal de Justi\u00e7a.<div><br><\/div><div>Freepikcrian\u00e7a negra chorando na escola<\/div><div>STJ entende que vara especializada deve julgar inj\u00faria racial contra menor<\/div><div><br><\/div><div>O colegiado destacou que as varas especializadas integram o sistema de garantias de direitos da popula\u00e7\u00e3o infantojuvenil, o que n\u00e3o pode ser afastado por ato normativo de tribunal local.<\/div><div><br><\/div><div>Na origem do caso, o Tribunal de Justi\u00e7a de Minas Gerais entendeu que o crime de inj\u00faria racial n\u00e3o estava previsto na resolu\u00e7\u00e3o que regula a compet\u00eancia da vara especializada em crimes contra crian\u00e7as e adolescentes da comarca de Belo Horizonte, raz\u00e3o pela qual declarou a compet\u00eancia da Justi\u00e7a comum.<\/div><div><br><\/div><div>No recurso ao STJ, o Minist\u00e9rio P\u00fablico alegou que a legisla\u00e7\u00e3o federal assegura direitos espec\u00edficos a crian\u00e7as e adolescentes v\u00edtimas de viol\u00eancia e previu a cria\u00e7\u00e3o de varas especializadas justamente para conferir efetividade a essas garantias, sendo inadequada a interpreta\u00e7\u00e3o restritiva da resolu\u00e7\u00e3o que instituiu o \u00f3rg\u00e3o no \u00e2mbito do Judici\u00e1rio mineiro.<\/div><div><br><\/div><div><br><\/div><div><br><\/div><div>Todos os crimes<\/div><div>O relator do recurso, ministro Sebasti\u00e3o Reis J\u00fanior, afirmou que a Lei 13.431\/2017, que trata da cria\u00e7\u00e3o das varas especializadas, deve ser interpretada \u00e0 luz do princ\u00edpio da m\u00e1xima efetividade dos direitos fundamentais, corol\u00e1rio da dignidade da pessoa humana. Sob essa perspectiva, a compet\u00eancia da Justi\u00e7a especializada em crimes contra v\u00edtimas infantojuvenis deve abranger todos os delitos praticados contra esse p\u00fablico, de modo a garantir prote\u00e7\u00e3o integral e especializada.<\/div><div><br><\/div><div>\u201cA compet\u00eancia da vara especializada em crimes contra a crian\u00e7a e o adolescente deve ser interpretada de forma ampla, abrangendo todos os crimes praticados contra v\u00edtimas infantojuvenis, independentemente da tipifica\u00e7\u00e3o penal espec\u00edfica\u201d, declarou o magistrado.<\/div><div><br><\/div><div>De acordo com ele, a resolu\u00e7\u00e3o do TJ-MG, como norma local de organiza\u00e7\u00e3o judici\u00e1ria, n\u00e3o pode restringir o \u00e2mbito de prote\u00e7\u00e3o estabelecido pela legisla\u00e7\u00e3o federal, sob pena de viola\u00e7\u00e3o do princ\u00edpio da hierarquia normativa e dos compromissos internacionais assumidos pelo Estado brasileiro.<\/div><div><br><\/div><div>\u201cA exist\u00eancia de tal \u00f3rg\u00e3o jurisdicional especializado, dotado de estrutura t\u00e9cnica adequada e profissionais capacitados, constitui conquista civilizat\u00f3ria que n\u00e3o pode ser mitigada por interpreta\u00e7\u00e3o restritiva de ato normativo local\u201d, afirmou o relator._  <\/div>  <\/p><br \/>\n\t\t\t\t<p><strong>Publicada em : <\/strong><em>22\/04\/2026<\/em>\n\t\t\t\t<\/p><br \/><p><strong>Fonte : <\/strong><em>Consultor Juridico<\/em><\/p>\n\t\t\t<\/div><div>22\/04\/2026 - <a data-fancybox data-src=\"#news12139\" href=\"javascript:;\" class=\"tool\" title=\"RDD para viol\u00eancia dom\u00e9stica \u00e9 medida populista e ineficaz, dizem criminalistas\">RDD para viol\u00eancia dom\u00e9stica \u00e9 medida populista...<\/a><\/div> \n\t\t\t<div id=\"news12139\" style=\"display:none; position:relative; width:80%!important;  border-radius:5px; max-height:450px; overflow:auto; color:z-index:100000;\">\n\t\t\t\t<h2>RDD para viol\u00eancia dom\u00e9stica \u00e9 medida populista e ineficaz, dizem criminalistas<\/h2><br \/><br \/>\n\t\t\t\t<p>A C\u00e2mara aprovou, na \u00faltima quarta-feira (15\/4), um projeto de lei que prev\u00ea a aplica\u00e7\u00e3o do regime disciplinar diferenciado (RDD) para presos que tenham cometido viol\u00eancia dom\u00e9stica contra a mulher e voltem a amea\u00e7ar ou agredir a v\u00edtima ou seus familiares. O texto vai \u00e0 san\u00e7\u00e3o presidencial. A justificativa da proposta \u00e9 garantir uma resposta firme a casos do tipo e evitar a pr\u00e1tica de novos crimes contra as v\u00edtimas sobreviventes e seus parentes, mas criminalistas consultados pela revista eletr\u00f4nica Consultor Jur\u00eddico apontam que a medida \u00e9 inapropriada, populista e ineficaz.<div><br><\/div><div>FreepikDetento segurando grades da pris\u00e3o<\/div><div>Projeto de lei aprovado pelo Congresso prev\u00ea RDD para quem voltar a amea\u00e7ar ou agredir v\u00edtima de viol\u00eancia dom\u00e9stica<\/div><div><br><\/div><div>Caso sejam sancionadas, as novas regras poder\u00e3o ser aplicadas, por exemplo, quando um preso condenado por viol\u00eancia dom\u00e9stica estiver em sa\u00edda tempor\u00e1ria, regime semiaberto ou regime aberto e continuar amea\u00e7ando a v\u00edtima. A proposta tamb\u00e9m vale para situa\u00e7\u00f5es nas quais a mulher receba amea\u00e7as vindas de dentro do estabelecimento prisional.<\/div><div><br><\/div><div>Isolamento total<\/div><div>Pela legisla\u00e7\u00e3o atual, o RDD \u00e9 voltado a presos que praticam algum novo crime doloso dentro da pris\u00e3o (modalidade sancionat\u00f3ria) ou que sejam considerados membros de organiza\u00e7\u00f5es criminosas (modalidade cautelar).<\/div><div><br><\/div><div>O regime consiste no isolamento total do detento em cela individual por 22 horas do dia. A dura\u00e7\u00e3o m\u00e1xima padr\u00e3o \u00e9 de dois anos, mas, na pr\u00e1tica, a san\u00e7\u00e3o pode ser renovada e prorrogada, sem limite de aplica\u00e7\u00f5es.<\/div><div><br><\/div><div><br><\/div><div><br><\/div><div>Essa forma espec\u00edfica de cumprimento de pena existe h\u00e1 25 anos e sempre foi apontada como cruel e degradante, mas tornou-se mais severa e afastou-se ainda mais dos par\u00e2metros mundiais a partir da lei \u201canticrime\u201d, de 2019.<\/div><div><br><\/div><div>Conforme foi decidido pela Corte Interamericana de Direitos Humanos (Corte IDH) no \u00faltimo m\u00eas de janeiro, o Estado brasileiro deve garantir que a interpreta\u00e7\u00e3o das normas sobre o RDD cautelar esteja em conformidade com os direitos humanos e com diversos par\u00e2metros estabelecidos na senten\u00e7a.<\/div><div><br><\/div><div>Entre esses par\u00e2metros est\u00e3o: a dura\u00e7\u00e3o di\u00e1ria m\u00e1xima de 22 horas; o contato humano significativo, com intera\u00e7\u00e3o social que n\u00e3o se limite \u00e0s atividades cotidianas da pris\u00e3o; o car\u00e1ter tempor\u00e1rio, que impede a aplica\u00e7\u00e3o do regime de forma ilimitada ou indefinida; e o acesso a um recurso judicial adequado e eficaz em prazo razo\u00e1vel, para permitir uma revis\u00e3o per\u00edodica da medida.<\/div><div><br><\/div><div>Na ocasi\u00e3o, a Corte IDH tamb\u00e9m explicou que, dentro desses par\u00e2metros, regimes de seguran\u00e7a m\u00e1xima e medidas especiais de seguran\u00e7a como o RDD n\u00e3o contrariam, por si s\u00f3s, a Conven\u00e7\u00e3o Americana sobre Direitos Humanos.<\/div><div><br><\/div><div>Aplica\u00e7\u00e3o descabida<\/div><div>Para Salo de Carvalho, professor de Direito Penal da Universidade do Estado do Rio de Janeiro (Uerj) e da Universidade Federal do Rio de Janeiro (UFRJ), o projeto aprovado pela C\u00e2mara \u201c\u00e9 nitidamente um caso de populismo punitivo\u201d.<\/div><div><br><\/div><div>Ele observa que a viol\u00eancia dom\u00e9stica n\u00e3o se enquadra nas hip\u00f3teses legais previstas para a imposi\u00e7\u00e3o do RDD (falta grave ou pertencimento a organiza\u00e7\u00e3o criminosa).<\/div><div><br><\/div><div>Aury Lopes Jr., professor da Pontif\u00edcia Universidade Cat\u00f3lica do Rio Grande do Sul (PUC-RS), tamb\u00e9m qualifica a medida como \u201cpopulista e desproporcional\u201d.<\/div><div><br><\/div><div>Ele ressalta que o RDD \u00e9 excepcional e voltado principalmente a evitar que lideran\u00e7as perigosas do crime organizado continuem nas suas atividades il\u00edcitas. \u201cN\u00e3o tem absolutamente nenhum fundamento utilizar esse regime disciplinar para pessoas que n\u00e3o participam de organiza\u00e7\u00f5es criminosas\u201d, diz o advogado. \u201cN\u00e3o se combate viol\u00eancia dom\u00e9stica dessa forma.\u201d<\/div><div><br><\/div><div>Justificativa enganosa<\/div><div>Vanessa Chiari Gon\u00e7alves, professora de Direito Penal e Criminologia da Universidade Federal do Rio Grande do Sul (UFRGS), v\u00ea o projeto como parte de uma s\u00e9rie de normas inconstitucionais aprovadas dentro de uma tend\u00eancia punitivista presente no Legislativo h\u00e1 cerca de duas d\u00e9cadas. \u201cEm um ano eleitoral, a quest\u00e3o se agrava pela disputa da pauta da seguran\u00e7a p\u00fablica, aproximando direita e esquerda.\u201d<\/div><div><br><\/div><div>Al\u00e9m de classificar o RDD como \u201cinconvencional\u201d, ela considera que seria muito mais efetivo decretar a pris\u00e3o preventiva do agressor dom\u00e9stico que amea\u00e7a a v\u00edtima e submet\u00ea-lo a acompanhamento psicol\u00f3gico e grupo reflexivo de g\u00eanero dentro do c\u00e1rcere. \u201cO RDD s\u00f3 ir\u00e1 deix\u00e1-lo mais isolado e agressivo\u201d, acrescenta.<\/div><div><br><\/div><div>J\u00e1 Mariana Py Muniz, coordenadora do N\u00facleo de Execu\u00e7\u00e3o Penal da Defensoria P\u00fablica do Rio Grande do Sul e ex-assessora t\u00e9cnica do Departamento de Monitoramento e Fiscaliza\u00e7\u00e3o do Sistema Carcer\u00e1rio do Conselho Nacional de Justi\u00e7a, entende que o RDD n\u00e3o \u00e9 compat\u00edvel com casos de viol\u00eancia dom\u00e9stica, nem co\u00edbe essa pr\u00e1tica.<\/div><div><br><\/div><div>A defensora p\u00fablica avalia que o aumento das restri\u00e7\u00f5es de direitos dos agressores presos n\u00e3o reduz os delitos. De acordo com ela, esse efeito n\u00e3o foi verificado, por exemplo, a partir da Lei 14.994\/2024, que proibiu visitas \u00edntimas a condenados por crimes contra a mulher.<\/div><div><br><\/div><div>Na vis\u00e3o de Muniz, a viol\u00eancia contra a mulher exige a\u00e7\u00f5es preventivas e educativas dos \u00f3rg\u00e3os estatais, voltadas \u00e0 transforma\u00e7\u00e3o da cultura da sociedade. Isso \u00e9 mais eficaz do que o \u201cmero e puro recrudescimento\u201d das regras do sistema prisional, que n\u00e3o chega \u00e0 raiz do problema.<\/div><div><br><\/div><div>Assim, ela concorda que a proposta aprovada vem na onda do populismo punitivo do Congresso, que \u201cassola sobremaneira as unidades prisionais do pa\u00eds inteiro\u201d e \u201cvai na contram\u00e3o da declara\u00e7\u00e3o do estado de coisas inconstitucional do sistema prisional\u201d feita pelo Supremo Tribunal Federal._  <\/div>  <\/p><br \/>\n\t\t\t\t<p><strong>Publicada em : <\/strong><em>22\/04\/2026<\/em>\n\t\t\t\t<\/p><br \/><p><strong>Fonte : <\/strong><em>Consultor Juridico<\/em><\/p>\n\t\t\t<\/div><div>17\/04\/2026 - <a data-fancybox data-src=\"#news12134\" href=\"javascript:;\" class=\"tool\" title=\"Novo livro de Solano de Camargo analisa a IA na pr\u00e1tica jur\u00eddica\">Novo livro de Solano de Camargo analisa a IA na pr...<\/a><\/div> \n\t\t\t<div id=\"news12134\" style=\"display:none; position:relative; width:80%!important;  border-radius:5px; max-height:450px; overflow:auto; color:z-index:100000;\">\n\t\t\t\t<h2>Novo livro de Solano de Camargo analisa a IA na pr\u00e1tica jur\u00eddica<\/h2><br \/><br \/>\n\t\t\t\t<p>A Intelig\u00eancia Artificial (IA) n\u00e3o substitui o advogado, mas redefine quem lidera a pr\u00e1tica jur\u00eddica, defende Solano de Camargo, advogado e professor da USP, em seu novo livro \u201cIntelig\u00eancia Artificial na Advocacia: Impactos Reais sobre Produtividade, Estrat\u00e9gia e Responsabilidade\u201d, que ser\u00e1 lan\u00e7ado no pr\u00f3ximo dia 24 (sexta-feira), a partir das 16h30, na Aasp (Alameda Santos, 2.159, 15\u00ba andar, S\u00e3o Paulo).<div><br><\/div><div>Divulga\u00e7\u00e3oLan\u00e7amento ser\u00e1 no dia 24 de abril, \u00e0s 16h30, na AASP - unidade Avenida Paulista<\/div><div>Lan\u00e7amento ser\u00e1 no pr\u00f3ximo dia 24, \u00e0s 16h30, na sede da Aasp<\/div><div><br><\/div><div>Ao propor uma leitura cr\u00edtica sobre o impacto real da IA no exerc\u00edcio profissional da advocacia, Camargo chama a aten\u00e7\u00e3o para o fato de que os advogados devem reunir compet\u00eancias m\u00ednimas de letramento digital para transitarem neste ecossistema, n\u00e3o sendo necess\u00e1rio, contudo, que sejam programadores. \u201cSignifica apenas ter a capacidade de compreender o modo como a tecnologia opera, reconhecendo seus limites e identificando onde ela de fato contribui para o trabalho jur\u00eddico. Trata-se de formar uma equipe capaz de dialogar com as ferramentas digitais de maneira consciente, cr\u00edtica e estrat\u00e9gica\u201d, afirma o autor.<\/div><div><br><\/div><div>Ao contr\u00e1rio de abordagens que tratam a IA como solu\u00e7\u00e3o milagrosa ou amea\u00e7a absoluta, Camargo explica que modelos generativos criam conte\u00fado, mas n\u00e3o formulam estrat\u00e9gias, e que a responsabilidade jur\u00eddica permanece integralmente humana. O diferencial competitivo, segundo ele, estar\u00e1 nos profissionais capazes de arquitetar sistemas, desenhar fluxos de trabalho e estabelecer governan\u00e7a clara sobre dados, decis\u00f5es e riscos. Nessa perspectiva, Camargo dialoga com todos os p\u00fablicos da advocacia, seja o jovem advogado, o s\u00eanior, os c\u00e9ticos ou os entusiastas das novas tecnologias.<\/div><div><br><\/div><div>O livro apresenta dados e casos reais desenvolvidos em ambiente profissional, demonstrando ganhos concretos de efici\u00eancia, custos e melhoria de produtividade com emprego dos sistemas de IA \u2013 sempre com supervis\u00e3o humana estruturada. Em um dos exemplos, cita um projeto desenvolvido pela LBCA \u2014 o agente de negocia\u00e7\u00e3o humanizada, bem diferente de um rob\u00f4 r\u00edspido ou de um humano preso a um script. Na verdade, \u00e9 o desenho de um rob\u00f4 que consegue reproduzir um comportamento de bom negociador, depois de devidamente treinado, levando em conta a pol\u00edtica de negocia\u00e7\u00e3o do cliente. Este agente humanizado elevou a taxa de sucesso neste tipo de negocia\u00e7\u00e3o de 48% para 67%, e o tempo m\u00e9dio caiu de 12 para 4,5 dias.&nbsp; &nbsp;O autor demonstra que a IA n\u00e3o \u00e9 apenas uma ferramenta e n\u00e3o deve ser um telemarketing automatizado.<\/div><div><br><\/div><div>No livro, Camargo tamb\u00e9m faz um alerta:&nbsp; ao escalar a produtividade e baixar os custos que vem com a IA, o escrit\u00f3rio n\u00e3o pode comprometer sua rentabilidade. De acordo com o autor, se o trabalho que a m\u00e1quina realiza \u00e9 o mesmo que o advogado j\u00e1 faz, ter\u00e1 o peso de uma simples commodity. O caminho deve ser inverso, de solu\u00e7\u00e3o estrat\u00e9gica associada \u00e0 intera\u00e7\u00e3o humana qualificada e contexto decis\u00f3rio.&nbsp;<\/div><div><br><\/div><div>O livro explica que, no curto per\u00edodo de 2023 a 2026 e definido como \u201cd\u00e9cada comprimida\u201d, a advocacia passou por fases tecnol\u00f3gicas no uso da IA detalhando cada fase. Para ampliar o debate, ao final de cada t\u00f3pico, o autor incluiu um \u201cBox Pr\u00e1tico\u201d, que faz provoca\u00e7\u00f5es ao leitor sobre o tema tratado, apresenta dados complementares, cases e exemplos pr\u00e1ticos. A obra conta com pref\u00e1cio de Leonardo Sica, Presidente da OAB-SP, e Posf\u00e1cio do Jurista e Professor Fl\u00e1vio Tartuce.&nbsp;<\/div><div><br><\/div><div>O lan\u00e7amento do livro na AASP (Al. Santos) ser\u00e1 integrado a um debate sobre \u201cOs Impactos da Intelig\u00eancia Artificial na Advocacia\u201d, que ter\u00e1 participa\u00e7\u00e3o de Paula Lima Hyppolito Oliveira (Presidente da AASP);Leonardo Sica (Presidente da OAB\/SP);Eleonora Coelho (Conselheira do CAM-CCBC \u2013 Centro de Arbitragem e Media\u00e7\u00e3o da C\u00e2mara de Com\u00e9rcio Brasil-Canad\u00e1);Fabiana Siviero (Diretora Jur\u00eddica da 99);Alexandre Zavaglia (Presidente da Comiss\u00e3o de Tecnologia e Inova\u00e7\u00e3o da OAB\/SP);R\u00e9gis de Gasperi (Diretor Jur\u00eddico da Microsoft) e Solano de Camargo.<\/div><div><br><\/div><div>O autor<\/div><div>Solano de Camargo \u00e9 Professor de Direito Internacional da Faculdade de Direito da Universidade de S\u00e3o Paulo (USP), P\u00f3s-doutorado em Direito Internacional pela Faculdade de Direito de Coimbra (UC); Doutor e Mestre em Direito Internacional Privado pela Universidade de S\u00e3o Paulo (USP), onde se graduou. Tamb\u00e9m obteve gradua\u00e7\u00e3o em Direito Franc\u00eas e Master 1 pela Faculdade de Direito da Universidade Jean Moulin (Lyon3), na Fran\u00e7a. \u00c9 presidente da Comiss\u00e3o de Privacidade, Prote\u00e7\u00e3o de Dados e IA da OAB-SP, onde \u00e9 conselheiro seccional. \u00c9 autor de diversos artigos e obras jur\u00eddicos, entre elas o Manual de Engenharia de Prompts no Direito (Ed. Thomson Reuters). \u00c9 s\u00f3cio-fundador da Lee, Brock, Camargo Advogados (LBCA)._  <\/div>  <\/p><br \/>\n\t\t\t\t<p><strong>Publicada em : <\/strong><em>17\/04\/2026<\/em>\n\t\t\t\t<\/p><br \/><p><strong>Fonte : <\/strong><em>Consultor Juridico<\/em><\/p>\n\t\t\t<\/div>\n\n\n<\/span>\n<!-- CJT Shortcode Block (1) - noticias-empresariais - END -->\n\n<\/div>\n\t\t\t\t<\/div>\n\t\t\t\t<\/div>\n\t\t\t\t\t\t<\/div>\n\t\t\t\t\t<\/div>\n\t\t<\/div>\n\t\t\t\t<div class=\"aux-parallax-section elementor-column elementor-col-33 elementor-top-column elementor-element elementor-element-ef91206 aux-appear-watch-animation aux-fade-in-right-1\" data-id=\"ef91206\" data-element_type=\"column\">\n\t\t\t<div class=\"elementor-column-wrap elementor-element-populated\">\n\t\t\t\t\t\t\t<div class=\"elementor-widget-wrap\">\n\t\t\t\t\t\t<div class=\"elementor-element elementor-element-72163d9 elementor-widget elementor-widget-bdt-crypto-currency-card\" data-id=\"72163d9\" data-element_type=\"widget\" data-widget_type=\"bdt-crypto-currency-card.default\">\n\t\t\t\t<div class=\"elementor-widget-container\">\n\t\t\t\t\t<div class=\"bdt-ep-crypto-currency-card\">\n\t\t\t<div data-bdt-grid>\n\n\t\t\t\t\n\t\t\t\t\t<div class=\"bdt-width-1-1 bdt-width-1-2@s\">\n\t\t\t\t\t\t<div class=\"bdt-ep-currency\">\n\n\t\t\t\t\t\t\t\t\t\t\t\t\t\t\t<div class=\"bdt-ep-currency-image\">\n\t\t\t\t\t\t\t\t\t<img decoding=\"async\" alt=\"bdt-ep-currency-image\" src=\"https:\/\/coin-images.coingecko.com\/coins\/images\/1\/large\/bitcoin.png?1696501400\" \/>\n\t\t\t\t\t\t\t\t<\/div>\n\t\t\t\t\t\t\t\n\t\t\t\t\t\t\t\t\t\t\t\t\t\t\t<div class=\"bdt-ep-currency-name\">\n\t\t\t\t\t\t\t\t\t<span>Bitcoin<\/span>\n\t\t\t\t\t\t\t\t<\/div>\n\t\t\t\t\t\t\t\n\t\t\t\t\t\t\t\t\t\t\t\t\t\t\t<div class=\"bdt-ep-currency-short-name\">\n\t\t\t\t\t\t\t\t\t<span>btc \/ brl<\/span>\n\t\t\t\t\t\t\t\t<\/div>\n\t\t\t\t\t\t\t\n\t\t\t\t\t\t<\/div>\n\t\t\t\t\t<\/div>\n\n\t\t\t\t\t<div class=\"bdt-width-1-1 bdt-width-1-2@s\">\n\t\t\t\t\t\t<div class=\"bdt-ep-current-price\">\n\n\t\t\t\t\t\t\t\t\t\t\t\t\t\t\t<div class=\"bdt-price\">\n\t\t\t\t\t\t\t\t\t&#082;&#036;382910.00\t\t\t\t\t\t\t\t<\/div>\n\t\t\t\t\t\t\t\n\t\t\t\t\t\t\t\t\t\t\t\t\t\t\t<div class=\"bdt-percentage\">(-7036.78%)<\/div>\n\t\t\t\t\t\t\t\n\t\t\t\t\t\t<\/div>\n\t\t\t\t\t<\/div>\n\n\t\t\t\t\t<div class=\"bdt-width-1-1 bdt-margin-small-top bdt-ep-ccc-atributes\">\n\n\t\t\t\t\t\t\t\t\t\t\t\t\t<div class=\"bdt-ep-ccc-atribute\">\n\t\t\t\t\t\t\t\t<span class=\"bdt-ep-item-text\">Market Cap Rank: <\/span>\n\t\t\t\t\t\t\t\t<span>#1<\/span>\n\t\t\t\t\t\t\t<\/div>\n\t\t\t\t\t\t\n\t\t\t\t\t\t\t\t\t\t\t\t\t<div class=\"bdt-ep-ccc-atribute\">\n\t\t\t\t\t\t\t\t<span class=\"bdt-ep-item-text\">Market Cap: <\/span>\n\t\t\t\t\t\t\t\t<span>&#082;&#036;7664256170609<\/span>\n\t\t\t\t\t\t\t<\/div>\n\t\t\t\t\t\t\n\t\t\t\t\t\t\t\t\t\t\t\t\t<div class=\"bdt-ep-ccc-atribute\">\n\t\t\t\t\t\t\t\t<span class=\"bdt-ep-item-text\">24H Volume: <\/span>\n\t\t\t\t\t\t\t\t<span>&#082;&#036;201721983565<\/span>\n\t\t\t\t\t\t\t<\/div>\n\t\t\t\t\t\t\n\t\t\t\t\t\t\t\t\t\t\t\t\t<div class=\"bdt-ep-ccc-atribute\">\n\t\t\t\t\t\t\t\t<span class=\"bdt-ep-item-text\">24H High\/Low: <\/span>\n\t\t\t\t\t\t\t\t<span>&#082;&#036;395641\/&#082;&#036;382667<\/span>\n\t\t\t\t\t\t\t<\/div>\n\t\t\t\t\t\t\n\t\t\t\t\t<\/div>\n\n\t\t\t\t\n\t\t\t<\/div>\n\t\t<\/div>\n\n\t\t<\/div>\n\t\t\t\t<\/div>\n\t\t\t\t\t\t<\/div>\n\t\t\t\t\t<\/div>\n\t\t<\/div>\n\t\t\t\t<div class=\"aux-parallax-section elementor-column elementor-col-33 elementor-top-column elementor-element elementor-element-00008fb aux-appear-watch-animation aux-fade-in-right-1\" data-id=\"00008fb\" data-element_type=\"column\">\n\t\t\t<div class=\"elementor-column-wrap elementor-element-populated\">\n\t\t\t\t\t\t\t<div class=\"elementor-widget-wrap\">\n\t\t\t\t\t\t<div class=\"elementor-element elementor-element-8e16caf elementor-widget elementor-widget-bdt-crypto-currency-card\" data-id=\"8e16caf\" data-element_type=\"widget\" data-widget_type=\"bdt-crypto-currency-card.default\">\n\t\t\t\t<div class=\"elementor-widget-container\">\n\t\t\t\t\t<div class=\"bdt-ep-crypto-currency-card\">\n\t\t\t<div data-bdt-grid>\n\n\t\t\t\t\n\t\t\t\t\t<div class=\"bdt-width-1-1 bdt-width-1-2@s\">\n\t\t\t\t\t\t<div class=\"bdt-ep-currency\">\n\n\t\t\t\t\t\t\t\t\t\t\t\t\t\t\t<div class=\"bdt-ep-currency-image\">\n\t\t\t\t\t\t\t\t\t<img decoding=\"async\" alt=\"bdt-ep-currency-image\" src=\"https:\/\/coin-images.coingecko.com\/coins\/images\/279\/large\/ethereum.png?1696501628\" \/>\n\t\t\t\t\t\t\t\t<\/div>\n\t\t\t\t\t\t\t\n\t\t\t\t\t\t\t\t\t\t\t\t\t\t\t<div class=\"bdt-ep-currency-name\">\n\t\t\t\t\t\t\t\t\t<span>Ethereum<\/span>\n\t\t\t\t\t\t\t\t<\/div>\n\t\t\t\t\t\t\t\n\t\t\t\t\t\t\t\t\t\t\t\t\t\t\t<div class=\"bdt-ep-currency-short-name\">\n\t\t\t\t\t\t\t\t\t<span>eth \/ brl<\/span>\n\t\t\t\t\t\t\t\t<\/div>\n\t\t\t\t\t\t\t\n\t\t\t\t\t\t<\/div>\n\t\t\t\t\t<\/div>\n\n\t\t\t\t\t<div class=\"bdt-width-1-1 bdt-width-1-2@s\">\n\t\t\t\t\t\t<div class=\"bdt-ep-current-price\">\n\n\t\t\t\t\t\t\t\t\t\t\t\t\t\t\t<div class=\"bdt-price\">\n\t\t\t\t\t\t\t\t\t&#082;&#036;11344.63\t\t\t\t\t\t\t\t<\/div>\n\t\t\t\t\t\t\t\n\t\t\t\t\t\t\t\t\t\t\t\t\t\t\t<div class=\"bdt-percentage\">(-376.43%)<\/div>\n\t\t\t\t\t\t\t\n\t\t\t\t\t\t<\/div>\n\t\t\t\t\t<\/div>\n\n\t\t\t\t\t<div class=\"bdt-width-1-1 bdt-margin-small-top bdt-ep-ccc-atributes\">\n\n\t\t\t\t\t\t\t\t\t\t\t\t\t<div class=\"bdt-ep-ccc-atribute\">\n\t\t\t\t\t\t\t\t<span class=\"bdt-ep-item-text\">Market Cap Rank: <\/span>\n\t\t\t\t\t\t\t\t<span>#2<\/span>\n\t\t\t\t\t\t\t<\/div>\n\t\t\t\t\t\t\n\t\t\t\t\t\t\t\t\t\t\t\t\t<div class=\"bdt-ep-ccc-atribute\">\n\t\t\t\t\t\t\t\t<span class=\"bdt-ep-item-text\">Market Cap: <\/span>\n\t\t\t\t\t\t\t\t<span>&#082;&#036;1368052631950<\/span>\n\t\t\t\t\t\t\t<\/div>\n\t\t\t\t\t\t\n\t\t\t\t\t\t\t\t\t\t\t\t\t<div class=\"bdt-ep-ccc-atribute\">\n\t\t\t\t\t\t\t\t<span class=\"bdt-ep-item-text\">24H Volume: <\/span>\n\t\t\t\t\t\t\t\t<span>&#082;&#036;88158463535<\/span>\n\t\t\t\t\t\t\t<\/div>\n\t\t\t\t\t\t\n\t\t\t\t\t\t\t\t\t\t\t\t\t<div class=\"bdt-ep-ccc-atribute\">\n\t\t\t\t\t\t\t\t<span class=\"bdt-ep-item-text\">24H High\/Low: <\/span>\n\t\t\t\t\t\t\t\t<span>&#082;&#036;11964.66\/&#082;&#036;11332.56<\/span>\n\t\t\t\t\t\t\t<\/div>\n\t\t\t\t\t\t\n\t\t\t\t\t<\/div>\n\n\t\t\t\t\n\t\t\t<\/div>\n\t\t<\/div>\n\n\t\t<\/div>\n\t\t\t\t<\/div>\n\t\t\t\t\t\t<\/div>\n\t\t\t\t\t<\/div>\n\t\t<\/div>\n\t\t\t\t\t\t\t\t<\/div>\n\t\t\t\t\t<\/div>\n\t\t<\/section>\n\t\t\t\t<section class=\"elementor-section elementor-top-section elementor-element elementor-element-1a39eab elementor-section-boxed elementor-section-height-default elementor-section-height-default\" data-id=\"1a39eab\" data-element_type=\"section\">\n\t\t\t\t\t\t<div class=\"elementor-container elementor-column-gap-default\">\n\t\t\t\t\t\t\t<div class=\"elementor-row\">\n\t\t\t\t\t<div class=\"aux-parallax-section elementor-column elementor-col-100 elementor-top-column elementor-element elementor-element-6df44c7\" data-id=\"6df44c7\" data-element_type=\"column\">\n\t\t\t<div class=\"elementor-column-wrap elementor-element-populated\">\n\t\t\t\t\t\t\t<div class=\"elementor-widget-wrap\">\n\t\t\t\t\t\t<div class=\"elementor-element elementor-element-0f183af aux-appear-watch-animation aux-fade-in-up-1 elementor-widget elementor-widget-aux_modern_heading\" data-id=\"0f183af\" data-element_type=\"widget\" data-widget_type=\"aux_modern_heading.default\">\n\t\t\t\t<div class=\"elementor-widget-container\">\n\t\t\t<section class=\"aux-widget-modern-heading\">\n            <div class=\"aux-widget-inner\"><h2 class=\"aux-modern-heading-primary\">A palavra do cliente<\/h2><div class=\"aux-modern-heading-description\"><p>Nossos clientes s\u00e3o o term\u00f4metro do nosso sucesso, trabalhamos arduamente para oferecer solu\u00e7\u00f5es que atendam as demandas da melhor maneira a fim de facilitar o seu dia a dia.<\/p><\/div><\/div>\n        <\/section>\t\t<\/div>\n\t\t\t\t<\/div>\n\t\t\t\t<div class=\"aux-scroll-anim elementor-element elementor-element-829818a elementor-widget__width-auto elementor-hidden-phone aux-shpe-type-circle elementor-widget elementor-widget-aux_simple_shape\" data-move-in=\"fadeBottom\" data-move-out=\"moveVertical\" data-axis-x=\"200\" data-axis-y=\"50\" data-rotate=\"90\" data-scale=\"1\" data-vp-top=\"0.5\" data-vp-bot=\"0.5\" data-el-top=\"0.2\" data-scroll-animation-off=\"1024\" data-id=\"829818a\" data-element_type=\"widget\" data-widget_type=\"aux_simple_shape.default\">\n\t\t\t\t<div class=\"elementor-widget-container\">\n\t\t\t    <div class=\"aux-widget-container aux-simple-shape-container\">\n        <div class=\"aux-widget-container-inner\">\n            <div class=\"aux-the-shape\"><\/div>\n        <\/div>\n    <\/div>\n    \t\t<\/div>\n\t\t\t\t<\/div>\n\t\t\t\t<div class=\"aux-scroll-anim elementor-element elementor-element-d9568fa elementor-widget__width-auto aux-shpe-type-circle elementor-widget elementor-widget-aux_simple_shape\" data-move-in=\"fadeTop\" data-move-out=\"moveVertical\" data-axis-x=\"200\" data-axis-y=\"-20\" data-rotate=\"90\" data-scale=\"1\" data-vp-top=\"0.5\" data-vp-bot=\"0.5\" data-el-top=\"0.2\" data-scroll-animation-off=\"1024\" data-id=\"d9568fa\" data-element_type=\"widget\" data-widget_type=\"aux_simple_shape.default\">\n\t\t\t\t<div class=\"elementor-widget-container\">\n\t\t\t    <div class=\"aux-widget-container aux-simple-shape-container\">\n        <div class=\"aux-widget-container-inner\">\n            <div class=\"aux-the-shape\"><\/div>\n        <\/div>\n    <\/div>\n    \t\t<\/div>\n\t\t\t\t<\/div>\n\t\t\t\t<div class=\"aux-scroll-anim elementor-element elementor-element-667235e elementor-widget__width-auto aux-shpe-type-circle elementor-widget elementor-widget-aux_simple_shape\" data-move-in=\"fade\" data-move-out=\"moveHorizontal\" data-axis-x=\"50\" data-axis-y=\"-20\" data-rotate=\"90\" data-scale=\"1\" data-vp-top=\"0.5\" data-vp-bot=\"0.5\" data-el-top=\"0.2\" data-scroll-animation-off=\"1024\" data-id=\"667235e\" data-element_type=\"widget\" data-widget_type=\"aux_simple_shape.default\">\n\t\t\t\t<div class=\"elementor-widget-container\">\n\t\t\t    <div class=\"aux-widget-container aux-simple-shape-container\">\n        <div class=\"aux-widget-container-inner\">\n            <div class=\"aux-the-shape\"><\/div>\n        <\/div>\n    <\/div>\n    \t\t<\/div>\n\t\t\t\t<\/div>\n\t\t\t\t<div class=\"aux-scroll-anim elementor-element elementor-element-9ce005e elementor-widget__width-auto elementor-widget elementor-widget-aux_simple_svg\" data-move-in=\"fade\" data-move-out=\"moveVertical\" data-axis-x=\"100\" data-axis-y=\"80\" data-rotate=\"90\" data-scale=\"1\" data-vp-top=\"0.5\" data-vp-bot=\"0.5\" data-el-top=\"0.2\" data-scroll-animation-off=\"1024\" data-id=\"9ce005e\" data-element_type=\"widget\" data-widget_type=\"aux_simple_svg.default\">\n\t\t\t\t<div class=\"elementor-widget-container\">\n\t\t\t    <div class=\"aux-widget-container aux-simple-svg-container\">\n        <div class=\"aux-widget-container-inner\">\n            <div class=\"aux-the-svg\"><svg xmlns=\"http:\/\/www.w3.org\/2000\/svg\" width=\"570.685\" height=\"587.775\"><path d=\"M498.796 264.777a35.017 35.017 0 011.804 35.033l-84.052 164.162a35.017 35.017 0 01-29.26 19.006l-184.144 10.054a35.017 35.017 0 01-31.275-15.889l-99.945-153.86a35.017 35.017 0 01-1.802-35.031l84.046-164.159a35.017 35.017 0 0129.26-19.006l184.15-10.058a35.017 35.017 0 0131.273 15.887z\" fill=\"var(--e-global-color-b79d8b6)\" \/><\/svg><\/div>\n        <\/div>\n    <\/div>\n    \t\t<\/div>\n\t\t\t\t<\/div>\n\t\t\t\t<section class=\"elementor-section elementor-inner-section elementor-element elementor-element-e744ec4 elementor-section-boxed elementor-section-height-default elementor-section-height-default\" data-id=\"e744ec4\" data-element_type=\"section\">\n\t\t\t\t\t\t<div class=\"elementor-container elementor-column-gap-default\">\n\t\t\t\t\t\t\t<div class=\"elementor-row\">\n\t\t\t\t\t<div class=\"aux-parallax-section elementor-column elementor-col-33 elementor-inner-column elementor-element elementor-element-728c558 aux-appear-watch-animation aux-fade-in-right-2\" data-id=\"728c558\" data-element_type=\"column\">\n\t\t\t<div class=\"elementor-column-wrap elementor-element-populated\">\n\t\t\t\t\t\t\t<div class=\"elementor-widget-wrap\">\n\t\t\t\t\t\t<div class=\"elementor-element elementor-element-20b5d38 elementor-widget elementor-widget-aux_testimonial\" data-id=\"20b5d38\" data-element_type=\"widget\" data-widget_type=\"aux_testimonial.default\">\n\t\t\t\t<div class=\"elementor-widget-container\">\n\t\t\t<section class=\"widget-container aux-widget-testimonial-container aux-parent-aud1c1e9eb\">    <div class=\"  aux-widget-testimonial aux-testimonial-def-img \">\n                <div class=\"aux-testimonial-content\">\n            <div class=\"entry-content\">\n                                O trabalho da Cont\u00e1bil Demonstra\u00e7\u00e3o \u00e9 excelente e recomendo \u00e0 todos os meus parceiros. Trabalhamos juntos h\u00e1 muito anos e continuaremos por muito tempo.            <\/div>\n        <\/div>\n                <div class=\"aux-testimonial-infobox\">\n                        <div class=\"aux-testimonial-image\">\n                    <img loading=\"lazy\" decoding=\"async\" width=\"85\" height=\"85\" src=\"https:\/\/sitesa.com.br\/projetos\/modelos-wp\/mod05-22\/wp-content\/uploads\/2020\/01\/businesswoman-smiling-and-talking-on-her-4C3HEDM.jpg\" class=\"attachment-full size-full\" alt=\"\" \/>            <\/div>\n                        <div class=\"aux-testimonial-info\">\n                                <h4 class=\"col-title\">Elena Winata<\/h4>\n                                <h5 class=\"col-subtitle\">S\u00f3cia Diretora<\/h5>\n                            <\/div>\n        <\/div>\n            <\/div>\n\n<\/section><!-- widget-container -->\t\t<\/div>\n\t\t\t\t<\/div>\n\t\t\t\t\t\t<\/div>\n\t\t\t\t\t<\/div>\n\t\t<\/div>\n\t\t\t\t<div class=\"aux-parallax-section elementor-column elementor-col-33 elementor-inner-column elementor-element elementor-element-4879cdb aux-appear-watch-animation aux-fade-in-right-2\" data-id=\"4879cdb\" data-element_type=\"column\">\n\t\t\t<div class=\"elementor-column-wrap elementor-element-populated\">\n\t\t\t\t\t\t\t<div class=\"elementor-widget-wrap\">\n\t\t\t\t\t\t<div class=\"elementor-element elementor-element-4741b62 elementor-widget elementor-widget-aux_testimonial\" data-id=\"4741b62\" data-element_type=\"widget\" data-widget_type=\"aux_testimonial.default\">\n\t\t\t\t<div class=\"elementor-widget-container\">\n\t\t\t<section class=\"widget-container aux-widget-testimonial-container aux-parent-au25117ed8\">    <div class=\"  aux-widget-testimonial aux-testimonial-def-img \">\n                <div class=\"aux-testimonial-content\">\n            <div class=\"entry-content\">\n                                Nossa parceria j\u00e1 dura mais de 10 anos e estamos muito satisfeitos com todo servi\u00e7o prestado. Gostamos muito de todo atendimento prestado. Muito profissionais.            <\/div>\n        <\/div>\n                <div class=\"aux-testimonial-infobox\">\n                        <div class=\"aux-testimonial-image\">\n                    <img loading=\"lazy\" decoding=\"async\" width=\"85\" height=\"85\" src=\"https:\/\/sitesa.com.br\/projetos\/modelos-wp\/mod05-22\/wp-content\/uploads\/2020\/01\/ali-pazani-WwmxwnnSsnI-unsplash.jpg\" class=\"attachment-full size-full\" alt=\"\" \/>            <\/div>\n                        <div class=\"aux-testimonial-info\">\n                                <h4 class=\"col-title\">P\u00e2mela Santana<\/h4>\n                                <h5 class=\"col-subtitle\">Analista<\/h5>\n                            <\/div>\n        <\/div>\n            <\/div>\n\n<\/section><!-- widget-container -->\t\t<\/div>\n\t\t\t\t<\/div>\n\t\t\t\t\t\t<\/div>\n\t\t\t\t\t<\/div>\n\t\t<\/div>\n\t\t\t\t<div class=\"aux-parallax-section elementor-column elementor-col-33 elementor-inner-column elementor-element elementor-element-507f76f aux-appear-watch-animation aux-fade-in-right-2\" data-id=\"507f76f\" data-element_type=\"column\">\n\t\t\t<div class=\"elementor-column-wrap elementor-element-populated\">\n\t\t\t\t\t\t\t<div class=\"elementor-widget-wrap\">\n\t\t\t\t\t\t<div class=\"elementor-element elementor-element-8eacb17 elementor-widget elementor-widget-aux_testimonial\" data-id=\"8eacb17\" data-element_type=\"widget\" data-widget_type=\"aux_testimonial.default\">\n\t\t\t\t<div class=\"elementor-widget-container\">\n\t\t\t<section class=\"widget-container aux-widget-testimonial-container aux-parent-au7cd1c036\">    <div class=\"  aux-widget-testimonial aux-testimonial-def-img \">\n                <div class=\"aux-testimonial-content\">\n            <div class=\"entry-content\">\n                                O profissionalismo da Cont\u00e1bil Demonstra\u00e7\u00e3o nos surpreendeu! J\u00e1 trabalhamos com outras contabilidades e hoje n\u00e3o trocamos por mais ningu\u00e9m.            <\/div>\n        <\/div>\n                <div class=\"aux-testimonial-infobox\">\n                        <div class=\"aux-testimonial-image\">\n                    <img loading=\"lazy\" decoding=\"async\" width=\"85\" height=\"85\" src=\"https:\/\/sitesa.com.br\/projetos\/modelos-wp\/mod05-22\/wp-content\/uploads\/2020\/01\/portrait-of-young-businessman-successful-Y3L9NJH.jpg\" class=\"attachment-full size-full\" alt=\"\" \/>            <\/div>\n                        <div class=\"aux-testimonial-info\">\n                                <h4 class=\"col-title\">Kelvin Mariano<\/h4>\n                                <h5 class=\"col-subtitle\">Diretor Geral<\/h5>\n                            <\/div>\n        <\/div>\n            <\/div>\n\n<\/section><!-- widget-container -->\t\t<\/div>\n\t\t\t\t<\/div>\n\t\t\t\t\t\t<\/div>\n\t\t\t\t\t<\/div>\n\t\t<\/div>\n\t\t\t\t\t\t\t\t<\/div>\n\t\t\t\t\t<\/div>\n\t\t<\/section>\n\t\t\t\t\t\t<\/div>\n\t\t\t\t\t<\/div>\n\t\t<\/div>\n\t\t\t\t\t\t\t\t<\/div>\n\t\t\t\t\t<\/div>\n\t\t<\/section>\n\t\t\t\t\t\t\t\t\t<\/div>\n\t\t\t<\/div>\n\t\t\t\t\t<\/div>\n\t\t","protected":false},"excerpt":{"rendered":"<p>A parceria que voc\u00ea precisa para sua empresa decolar! Solu\u00e7\u00f5es corporativas, din\u00e2micas e modernas como o mercado exige. SOLU\u00c7\u00d5ES Com nossa equipe especializada, moderna e com anos de experi\u00eancia de mercado, estamos prontos para lhe atender. CONTABILIDADE Assessoria cont\u00e1bil para empresas de micro, pequeno, m\u00e9dio e grande portes, com apresenta\u00e7\u00e3o mensal de relat\u00f3rios oficiais, devidamente [&hellip;]<\/p>\n","protected":false},"author":1,"featured_media":0,"parent":0,"menu_order":0,"comment_status":"closed","ping_status":"closed","template":"templates\/page-builder-content.php","meta":{"footnotes":""},"class_list":["post-55","page","type-page","status-publish","hentry"],"_links":{"self":[{"href":"https:\/\/sitesa.com.br\/projetos\/modelos-wp\/mod05-22\/index.php\/wp-json\/wp\/v2\/pages\/55","targetHints":{"allow":["GET"]}}],"collection":[{"href":"https:\/\/sitesa.com.br\/projetos\/modelos-wp\/mod05-22\/index.php\/wp-json\/wp\/v2\/pages"}],"about":[{"href":"https:\/\/sitesa.com.br\/projetos\/modelos-wp\/mod05-22\/index.php\/wp-json\/wp\/v2\/types\/page"}],"author":[{"embeddable":true,"href":"https:\/\/sitesa.com.br\/projetos\/modelos-wp\/mod05-22\/index.php\/wp-json\/wp\/v2\/users\/1"}],"replies":[{"embeddable":true,"href":"https:\/\/sitesa.com.br\/projetos\/modelos-wp\/mod05-22\/index.php\/wp-json\/wp\/v2\/comments?post=55"}],"version-history":[{"count":231,"href":"https:\/\/sitesa.com.br\/projetos\/modelos-wp\/mod05-22\/index.php\/wp-json\/wp\/v2\/pages\/55\/revisions"}],"predecessor-version":[{"id":415,"href":"https:\/\/sitesa.com.br\/projetos\/modelos-wp\/mod05-22\/index.php\/wp-json\/wp\/v2\/pages\/55\/revisions\/415"}],"wp:attachment":[{"href":"https:\/\/sitesa.com.br\/projetos\/modelos-wp\/mod05-22\/index.php\/wp-json\/wp\/v2\/media?parent=55"}],"curies":[{"name":"wp","href":"https:\/\/api.w.org\/{rel}","templated":true}]}}